{"id":2433,"date":"2015-05-02T15:27:50","date_gmt":"2015-05-02T15:27:50","guid":{"rendered":"https:\/\/demo.qantumthemes.xyz\/onair2\/demo4\/radio-shows\/"},"modified":"2024-04-08T11:46:25","modified_gmt":"2024-04-08T11:46:25","slug":"programacion","status":"publish","type":"page","link":"https:\/\/fmnuestrasvoces.com.ar\/fmnv\/programacion\/","title":{"rendered":"Programaci\u00f3n"},"content":{"rendered":"\t\t<div data-elementor-type=\"wp-page\" data-elementor-id=\"2433\" class=\"elementor elementor-2433\" data-elementor-post-type=\"page\">\n\t\t\t\t\t\t<section class=\"elementor-section elementor-top-section elementor-element elementor-element-acf356d elementor-section-boxed elementor-section-height-default elementor-section-height-default\" data-id=\"acf356d\" data-element_type=\"section\" data-settings=\"{&quot;background_background&quot;:&quot;classic&quot;}\">\n\t\t\t\t\t\t<div class=\"elementor-container elementor-column-gap-default\">\n\t\t\t\t\t<div class=\"elementor-column elementor-col-100 elementor-top-column elementor-element elementor-element-46b4c5b\" data-id=\"46b4c5b\" data-element_type=\"column\">\n\t\t\t<div class=\"elementor-widget-wrap elementor-element-populated\">\n\t\t\t\t\t\t<div class=\"elementor-element elementor-element-1d4cf1e elementor-widget elementor-widget-onair-elementor-qt-caption\" data-id=\"1d4cf1e\" data-element_type=\"widget\" data-widget_type=\"onair-elementor-qt-caption.default\">\n\t\t\t\t<div class=\"elementor-widget-container\">\n\t\t\t\t\t\t\t\t<h3 class=\"onair-caption qt-caption-med qt-capfont \"><span>PROGRAMACI\u00d3N<\/span><\/h3>\n\t\t\t\t\t\t\t<\/div>\n\t\t\t\t<\/div>\n\t\t\t\t<div class=\"elementor-element elementor-element-02617f0 elementor-widget elementor-widget-onair-elementor-schedule\" data-id=\"02617f0\" data-element_type=\"widget\" data-widget_type=\"onair-elementor-schedule.default\">\n\t\t\t\t<div class=\"elementor-widget-container\">\n\t\t\t\t\t<!-- SCHEDULE ================================================== -->\n<div class=\"qt-show-schedule qt-shows-schedule-refresh\">\n\t<ul id=\"qwShowSelector\" class=\"tabs hide-on-med-and-down qt-show-schedule-menu \">\n\t\t\t\t\t\t\t <li class=\"tab\">\n\t\t\t\t\t\t <a href=\"#lunes\" id=\"optionSchedulelunes\" class=\"\">\n\t\t\t\t\t\t \tLunes\t\t\t\t\t\t <\/a>\n\t\t\t\t\t <\/li>\n\t\t\t\t\t \t\t\t\t\t <li class=\"tab\">\n\t\t\t\t\t\t <a href=\"#martes\" id=\"optionSchedulemartes\" class=\"\">\n\t\t\t\t\t\t \tMartes\t\t\t\t\t\t <\/a>\n\t\t\t\t\t <\/li>\n\t\t\t\t\t \t\t\t\t\t <li class=\"tab\">\n\t\t\t\t\t\t <a href=\"#miercoles\" id=\"optionSchedulemiercoles\" class=\" active maincolor\">\n\t\t\t\t\t\t \tMi\u00e9rcoles\t\t\t\t\t\t <\/a>\n\t\t\t\t\t <\/li>\n\t\t\t\t\t \t\t\t\t\t <li class=\"tab\">\n\t\t\t\t\t\t <a href=\"#jueves\" id=\"optionSchedulejueves\" class=\"\">\n\t\t\t\t\t\t \tJueves\t\t\t\t\t\t <\/a>\n\t\t\t\t\t <\/li>\n\t\t\t\t\t \t\t\t\t\t <li class=\"tab\">\n\t\t\t\t\t\t <a href=\"#viernes\" id=\"optionScheduleviernes\" class=\"\">\n\t\t\t\t\t\t \tViernes\t\t\t\t\t\t <\/a>\n\t\t\t\t\t <\/li>\n\t\t\t\t\t \t\t\t\t\t <li class=\"tab\">\n\t\t\t\t\t\t <a href=\"#saturday-2\" id=\"optionSchedulesaturday-2\" class=\"\">\n\t\t\t\t\t\t \tS\u00e1bado\t\t\t\t\t\t <\/a>\n\t\t\t\t\t <\/li>\n\t\t\t\t\t \t\t\t\t\t <li class=\"tab\">\n\t\t\t\t\t\t <a href=\"#domingo\" id=\"optionScheduledomingo\" class=\"\">\n\t\t\t\t\t\t \tDomingo\t\t\t\t\t\t <\/a>\n\t\t\t\t\t <\/li>\n\t\t\t\t\t \t<\/ul>\n\n\n\n\n\n\t\t<h4 class=\"hide-on-large-only \">Escoge un d\u00eda<\/h4>\n\t<select class=\"qt-spacer-s hide-on-large-only\" id=\"qwShowDropdown\">\n\t\t\t\t\t\t\t\t \t<option value=\"optionSchedulelunes\" >Lunes<\/option>\n\t\t\t\t\t \t\t\t\t\t\t \t<option value=\"optionSchedulemartes\" >Martes<\/option>\n\t\t\t\t\t \t\t\t\t\t\t \t<option value=\"optionSchedulemiercoles\"  selected=\"selected\" >Mi\u00e9rcoles<\/option>\n\t\t\t\t\t \t\t\t\t\t\t \t<option value=\"optionSchedulejueves\" >Jueves<\/option>\n\t\t\t\t\t \t\t\t\t\t\t \t<option value=\"optionScheduleviernes\" >Viernes<\/option>\n\t\t\t\t\t \t\t\t\t\t\t \t<option value=\"optionSchedulesaturday-2\" >S\u00e1bado<\/option>\n\t\t\t\t\t \t\t\t\t\t\t \t<option value=\"optionScheduledomingo\" >Domingo<\/option>\n\t\t\t\t\t \t\t <\/select>\n\t<hr class=\"qt-spacer-s\">\n\n\t\t\t\t<div id=\"lunes\" class=\"qt-show-schedule-day qt-isactive-\">\n\t\t\t\t<!-- SCHEDULE DAY ================================================== -->\n<div class=\"qt-show-schedule-day row qt-active-\">\n\t\t\t\t\t\t\t\t<!-- SCHEDULE SHOW ========================= -->\n\t\t\t\t\t\t\t<div class=\"col s12 m4 l4\">\n\t\t\t\t\t\t\t\t<div class=\"qt-part-archive-item qt-part-show-schedule-day-item \">\n\t\t\t\t\t\t\t\t\t<div class=\"qt-item-header\">\n\t\t\t\t\t\t\t\t\t\t<div class=\"qt-header-mid qt-vc\">\n\t\t\t\t\t\t\t\t\t\t\t<div class=\"qt-vi\">\n\t\t\t\t\t\t\t\t\t\t\t\t<h4 class=\"qt-item-title qt-title qt-capfont\">\n\t\t\t\t\t\t\t\t\t\t\t\t\t<a href=\"https:\/\/fmnuestrasvoces.com.ar\/fmnv\/shows\/ahoradicen\/\" class=\"qt-ellipsis  qt-t\">Ahora Dicen<\/a>\n\t\t\t\t\t\t\t\t\t\t\t\t<\/h4>\n\t\t\t\t\t\t\t\t\t\t\t\t<p class=\"qt-item-det\">\n\t\t\t\t\t\t\t\t\t\t\t\t\t<span class=\"qt-time\">07:00<\/span><span class=\"qt-day qt-capfont\">Lunes<\/span>\n\t\t\t\t\t\t\t\t\t\t\t\t<\/p>\n\t\t\t\t\t\t\t\t\t\t\t<\/div>\n\t\t\t\t\t\t\t\t\t\t<\/div>\n\t\t\t\t\t\t\t\t\t\t<span class=\"qt-info bottom right\"><i class=\"dripicons-information\"><\/i><\/span>\n\n\t\t\t\t\t\t\t\t\t\t\t\t\t\t\t\t\t\t\t\t\t<div class=\"qt-header-bg\" data-bgimage=\"https:\/\/i0.wp.com\/fmnuestrasvoces.com.ar\/fmnv\/wp-content\/uploads\/2015\/03\/AhoradicenCOLOR.jpg?fit=1024%2C539&#038;ssl=1\">\n\t\t\t\t\t\t\t\t\t\t\t\t<img fetchpriority=\"high\" decoding=\"async\" width=\"690\" height=\"302\" src=\"https:\/\/i0.wp.com\/fmnuestrasvoces.com.ar\/fmnv\/wp-content\/uploads\/2015\/03\/AhoradicenCOLOR.jpg?resize=690%2C302&amp;ssl=1\" class=\"attachment-qantumthemes-medium size-qantumthemes-medium wp-post-image\" alt=\"\" srcset=\"https:\/\/i0.wp.com\/fmnuestrasvoces.com.ar\/fmnv\/wp-content\/uploads\/2015\/03\/AhoradicenCOLOR.jpg?resize=1600%2C700&amp;ssl=1 1600w, https:\/\/i0.wp.com\/fmnuestrasvoces.com.ar\/fmnv\/wp-content\/uploads\/2015\/03\/AhoradicenCOLOR.jpg?resize=1170%2C512&amp;ssl=1 1170w, https:\/\/i0.wp.com\/fmnuestrasvoces.com.ar\/fmnv\/wp-content\/uploads\/2015\/03\/AhoradicenCOLOR.jpg?resize=690%2C302&amp;ssl=1 690w, https:\/\/i0.wp.com\/fmnuestrasvoces.com.ar\/fmnv\/wp-content\/uploads\/2015\/03\/AhoradicenCOLOR.jpg?resize=100%2C44&amp;ssl=1 100w, https:\/\/i0.wp.com\/fmnuestrasvoces.com.ar\/fmnv\/wp-content\/uploads\/2015\/03\/AhoradicenCOLOR.jpg?zoom=2&amp;resize=690%2C302&amp;ssl=1 1380w\" sizes=\"(max-width: 690px) 100vw, 690px\" \/>\t\t\t\t\t\t\t\t\t\t\t<\/div>\n\t\t\t\t\t\t\t\t\t\t \t\t\t\t\t\t\t\t\t<\/div>\n\t\t\t\t\t\t\t\t\t<div class=\"qt-overinfo qt-paper\">\n\t\t\t\t\t\t\t\t\t\t<p class=\"qt-item-det qt-accent\">\n\t\t\t\t\t\t\t\t\t\t\t<span class=\"qt-time\">07:00<\/span><span class=\"qt-day qt-capfont\">Lunes<\/span>\n\t\t\t\t\t\t\t\t\t\t<\/p>\n\t\t\t\t\t\t\t\t\t\t<div class=\"qt-more\">\n\t\t\t\t\t\t\t\t\t\t\t<p class=\"qt-ellipsis-2\">Madruga para que nadie te madrugue #AhoraDicen La primera ma\u00f1ana de Futurock.fm conducen Flor Halfon y Nico Fiorentino.<\/p>\n\t\t\t\t\t\t\t\t\t\t\t<a href=\"https:\/\/fmnuestrasvoces.com.ar\/fmnv\/shows\/ahoradicen\/\">Ver M\u00e1s<\/a>\n\t\t\t\t\t\t\t\t\t\t<\/div>\n\t\t\t\t\t\t\t\t\t<\/div>\n\t\t\t\t\t\t\t\t<\/div>\n\t\t\t\t\t\t\t<\/div>\n\t\t\t\t\t\t\t<!-- SCHEDULE SHOW END ========================= -->\n\t\t\t\t\t\t\t\t\t\t\t\t\t<!-- SCHEDULE SHOW ========================= -->\n\t\t\t\t\t\t\t<div class=\"col s12 m4 l4\">\n\t\t\t\t\t\t\t\t<div class=\"qt-part-archive-item qt-part-show-schedule-day-item \">\n\t\t\t\t\t\t\t\t\t<div class=\"qt-item-header\">\n\t\t\t\t\t\t\t\t\t\t<div class=\"qt-header-mid qt-vc\">\n\t\t\t\t\t\t\t\t\t\t\t<div class=\"qt-vi\">\n\t\t\t\t\t\t\t\t\t\t\t\t<h4 class=\"qt-item-title qt-title qt-capfont\">\n\t\t\t\t\t\t\t\t\t\t\t\t\t<a href=\"https:\/\/fmnuestrasvoces.com.ar\/fmnv\/shows\/tripulantes\/\" class=\"qt-ellipsis  qt-t\">Tripulantes de la Ma\u00f1ana<\/a>\n\t\t\t\t\t\t\t\t\t\t\t\t<\/h4>\n\t\t\t\t\t\t\t\t\t\t\t\t<p class=\"qt-item-det\">\n\t\t\t\t\t\t\t\t\t\t\t\t\t<span class=\"qt-time\">08:00<\/span><span class=\"qt-day qt-capfont\">Lunes<\/span>\n\t\t\t\t\t\t\t\t\t\t\t\t<\/p>\n\t\t\t\t\t\t\t\t\t\t\t<\/div>\n\t\t\t\t\t\t\t\t\t\t<\/div>\n\t\t\t\t\t\t\t\t\t\t<span class=\"qt-info bottom right\"><i class=\"dripicons-information\"><\/i><\/span>\n\n\t\t\t\t\t\t\t\t\t\t\t\t\t\t\t\t\t\t\t\t\t<div class=\"qt-header-bg\" data-bgimage=\"https:\/\/i0.wp.com\/fmnuestrasvoces.com.ar\/fmnv\/wp-content\/uploads\/2015\/03\/TripulantesCOLOR.jpg?fit=1024%2C539&#038;ssl=1\">\n\t\t\t\t\t\t\t\t\t\t\t\t<img decoding=\"async\" width=\"690\" height=\"302\" src=\"https:\/\/i0.wp.com\/fmnuestrasvoces.com.ar\/fmnv\/wp-content\/uploads\/2015\/03\/TripulantesCOLOR.jpg?resize=690%2C302&amp;ssl=1\" class=\"attachment-qantumthemes-medium size-qantumthemes-medium wp-post-image\" alt=\"\" srcset=\"https:\/\/i0.wp.com\/fmnuestrasvoces.com.ar\/fmnv\/wp-content\/uploads\/2015\/03\/TripulantesCOLOR.jpg?resize=1600%2C700&amp;ssl=1 1600w, https:\/\/i0.wp.com\/fmnuestrasvoces.com.ar\/fmnv\/wp-content\/uploads\/2015\/03\/TripulantesCOLOR.jpg?resize=1170%2C512&amp;ssl=1 1170w, https:\/\/i0.wp.com\/fmnuestrasvoces.com.ar\/fmnv\/wp-content\/uploads\/2015\/03\/TripulantesCOLOR.jpg?resize=690%2C302&amp;ssl=1 690w, https:\/\/i0.wp.com\/fmnuestrasvoces.com.ar\/fmnv\/wp-content\/uploads\/2015\/03\/TripulantesCOLOR.jpg?resize=100%2C44&amp;ssl=1 100w, https:\/\/i0.wp.com\/fmnuestrasvoces.com.ar\/fmnv\/wp-content\/uploads\/2015\/03\/TripulantesCOLOR.jpg?zoom=2&amp;resize=690%2C302&amp;ssl=1 1380w\" sizes=\"(max-width: 690px) 100vw, 690px\" \/>\t\t\t\t\t\t\t\t\t\t\t<\/div>\n\t\t\t\t\t\t\t\t\t\t \t\t\t\t\t\t\t\t\t<\/div>\n\t\t\t\t\t\t\t\t\t<div class=\"qt-overinfo qt-paper\">\n\t\t\t\t\t\t\t\t\t\t<p class=\"qt-item-det qt-accent\">\n\t\t\t\t\t\t\t\t\t\t\t<span class=\"qt-time\">08:00<\/span><span class=\"qt-day qt-capfont\">Lunes<\/span>\n\t\t\t\t\t\t\t\t\t\t<\/p>\n\t\t\t\t\t\t\t\t\t\t<div class=\"qt-more\">\n\t\t\t\t\t\t\t\t\t\t\t<p class=\"qt-ellipsis-2\">Todo lo que necesitas saber sobre el sector docente, educaci\u00f3n, pol\u00edtica, cultura y el \u00e1mbito social de nuestra provincia.\r\n\r\nMantenete al tanto de la actualidad con Roc\u00edo Solier, Alejandro Nonini y Nelson Coronel.<\/p>\n\t\t\t\t\t\t\t\t\t\t\t<a href=\"https:\/\/fmnuestrasvoces.com.ar\/fmnv\/shows\/tripulantes\/\">Ver M\u00e1s<\/a>\n\t\t\t\t\t\t\t\t\t\t<\/div>\n\t\t\t\t\t\t\t\t\t<\/div>\n\t\t\t\t\t\t\t\t<\/div>\n\t\t\t\t\t\t\t<\/div>\n\t\t\t\t\t\t\t<!-- SCHEDULE SHOW END ========================= -->\n\t\t\t\t\t\t\t\t\t\t\t\t\t<!-- SCHEDULE SHOW ========================= -->\n\t\t\t\t\t\t\t<div class=\"col s12 m4 l4\">\n\t\t\t\t\t\t\t\t<div class=\"qt-part-archive-item qt-part-show-schedule-day-item \">\n\t\t\t\t\t\t\t\t\t<div class=\"qt-item-header\">\n\t\t\t\t\t\t\t\t\t\t<div class=\"qt-header-mid qt-vc\">\n\t\t\t\t\t\t\t\t\t\t\t<div class=\"qt-vi\">\n\t\t\t\t\t\t\t\t\t\t\t\t<h4 class=\"qt-item-title qt-title qt-capfont\">\n\t\t\t\t\t\t\t\t\t\t\t\t\t<a href=\"https:\/\/fmnuestrasvoces.com.ar\/fmnv\/shows\/informativofarco1\/\" class=\"qt-ellipsis  qt-t\">Informativo FARCO<\/a>\n\t\t\t\t\t\t\t\t\t\t\t\t<\/h4>\n\t\t\t\t\t\t\t\t\t\t\t\t<p class=\"qt-item-det\">\n\t\t\t\t\t\t\t\t\t\t\t\t\t<span class=\"qt-time\">10:30<\/span><span class=\"qt-day qt-capfont\">Lunes<\/span>\n\t\t\t\t\t\t\t\t\t\t\t\t<\/p>\n\t\t\t\t\t\t\t\t\t\t\t<\/div>\n\t\t\t\t\t\t\t\t\t\t<\/div>\n\t\t\t\t\t\t\t\t\t\t<span class=\"qt-info bottom right\"><i class=\"dripicons-information\"><\/i><\/span>\n\n\t\t\t\t\t\t\t\t\t\t\t\t\t\t\t\t\t\t\t\t\t<div class=\"qt-header-bg\" data-bgimage=\"https:\/\/i0.wp.com\/fmnuestrasvoces.com.ar\/fmnv\/wp-content\/uploads\/2024\/04\/farcoCOLOR-1.jpg?fit=1024%2C539&#038;ssl=1\">\n\t\t\t\t\t\t\t\t\t\t\t\t<img decoding=\"async\" width=\"690\" height=\"302\" src=\"https:\/\/i0.wp.com\/fmnuestrasvoces.com.ar\/fmnv\/wp-content\/uploads\/2024\/04\/farcoCOLOR-1.jpg?resize=690%2C302&amp;ssl=1\" class=\"attachment-qantumthemes-medium size-qantumthemes-medium wp-post-image\" alt=\"\" srcset=\"https:\/\/i0.wp.com\/fmnuestrasvoces.com.ar\/fmnv\/wp-content\/uploads\/2024\/04\/farcoCOLOR-1.jpg?resize=1600%2C700&amp;ssl=1 1600w, https:\/\/i0.wp.com\/fmnuestrasvoces.com.ar\/fmnv\/wp-content\/uploads\/2024\/04\/farcoCOLOR-1.jpg?resize=1170%2C512&amp;ssl=1 1170w, https:\/\/i0.wp.com\/fmnuestrasvoces.com.ar\/fmnv\/wp-content\/uploads\/2024\/04\/farcoCOLOR-1.jpg?resize=690%2C302&amp;ssl=1 690w, https:\/\/i0.wp.com\/fmnuestrasvoces.com.ar\/fmnv\/wp-content\/uploads\/2024\/04\/farcoCOLOR-1.jpg?resize=100%2C44&amp;ssl=1 100w, https:\/\/i0.wp.com\/fmnuestrasvoces.com.ar\/fmnv\/wp-content\/uploads\/2024\/04\/farcoCOLOR-1.jpg?zoom=2&amp;resize=690%2C302&amp;ssl=1 1380w\" sizes=\"(max-width: 690px) 100vw, 690px\" \/>\t\t\t\t\t\t\t\t\t\t\t<\/div>\n\t\t\t\t\t\t\t\t\t\t \t\t\t\t\t\t\t\t\t<\/div>\n\t\t\t\t\t\t\t\t\t<div class=\"qt-overinfo qt-paper\">\n\t\t\t\t\t\t\t\t\t\t<p class=\"qt-item-det qt-accent\">\n\t\t\t\t\t\t\t\t\t\t\t<span class=\"qt-time\">10:30<\/span><span class=\"qt-day qt-capfont\">Lunes<\/span>\n\t\t\t\t\t\t\t\t\t\t<\/p>\n\t\t\t\t\t\t\t\t\t\t<div class=\"qt-more\">\n\t\t\t\t\t\t\t\t\t\t\t<p class=\"qt-ellipsis-2\">Las noticias contadas por el equipo de corresponsales de las radios comunitarias, con la voz de sus protagonistas\r\n\r\nDuraci\u00f3n: 15 min\r\nConducci\u00f3n: Pepe Frutos\r\nOperaci\u00f3n T\u00e9cnica: Cristian Torres\r\nProducci\u00f3n: Red de corresponsales de FARCO\r\n\r\nEl Informativo FARCO se emite por primera vez, ininterrumpidamente, desde el 7 de febrero de 2005 a trav\u00e9s de la se\u00f1al digital de FARCO, en m\u00e1s de 170 radios de todo el pa\u00eds. y coordinado desde el Centro de Producci\u00f3n de Rosario.<\/p>\n\t\t\t\t\t\t\t\t\t\t\t<a href=\"https:\/\/fmnuestrasvoces.com.ar\/fmnv\/shows\/informativofarco1\/\">Ver M\u00e1s<\/a>\n\t\t\t\t\t\t\t\t\t\t<\/div>\n\t\t\t\t\t\t\t\t\t<\/div>\n\t\t\t\t\t\t\t\t<\/div>\n\t\t\t\t\t\t\t<\/div>\n\t\t\t\t\t\t\t<!-- SCHEDULE SHOW END ========================= -->\n\t\t\t\t\t\t\t\t\t\t\t\t\t<!-- SCHEDULE SHOW ========================= -->\n\t\t\t\t\t\t\t<div class=\"col s12 m4 l4\">\n\t\t\t\t\t\t\t\t<div class=\"qt-part-archive-item qt-part-show-schedule-day-item \">\n\t\t\t\t\t\t\t\t\t<div class=\"qt-item-header\">\n\t\t\t\t\t\t\t\t\t\t<div class=\"qt-header-mid qt-vc\">\n\t\t\t\t\t\t\t\t\t\t\t<div class=\"qt-vi\">\n\t\t\t\t\t\t\t\t\t\t\t\t<h4 class=\"qt-item-title qt-title qt-capfont\">\n\t\t\t\t\t\t\t\t\t\t\t\t\t<a href=\"https:\/\/fmnuestrasvoces.com.ar\/fmnv\/shows\/segurolayhabana\/\" class=\"qt-ellipsis  qt-t\">Segurola y Habana<\/a>\n\t\t\t\t\t\t\t\t\t\t\t\t<\/h4>\n\t\t\t\t\t\t\t\t\t\t\t\t<p class=\"qt-item-det\">\n\t\t\t\t\t\t\t\t\t\t\t\t\t<span class=\"qt-time\">11:00<\/span><span class=\"qt-day qt-capfont\">Lunes<\/span>\n\t\t\t\t\t\t\t\t\t\t\t\t<\/p>\n\t\t\t\t\t\t\t\t\t\t\t<\/div>\n\t\t\t\t\t\t\t\t\t\t<\/div>\n\t\t\t\t\t\t\t\t\t\t<span class=\"qt-info bottom right\"><i class=\"dripicons-information\"><\/i><\/span>\n\n\t\t\t\t\t\t\t\t\t\t\t\t\t\t\t\t\t\t\t\t\t<div class=\"qt-header-bg\" data-bgimage=\"https:\/\/i0.wp.com\/fmnuestrasvoces.com.ar\/fmnv\/wp-content\/uploads\/2015\/03\/SegurolayhabanaCOLOR.jpg?fit=1024%2C539&#038;ssl=1\">\n\t\t\t\t\t\t\t\t\t\t\t\t<img loading=\"lazy\" decoding=\"async\" width=\"690\" height=\"302\" src=\"https:\/\/i0.wp.com\/fmnuestrasvoces.com.ar\/fmnv\/wp-content\/uploads\/2015\/03\/SegurolayhabanaCOLOR.jpg?resize=690%2C302&amp;ssl=1\" class=\"attachment-qantumthemes-medium size-qantumthemes-medium wp-post-image\" alt=\"\" srcset=\"https:\/\/i0.wp.com\/fmnuestrasvoces.com.ar\/fmnv\/wp-content\/uploads\/2015\/03\/SegurolayhabanaCOLOR.jpg?resize=1600%2C700&amp;ssl=1 1600w, https:\/\/i0.wp.com\/fmnuestrasvoces.com.ar\/fmnv\/wp-content\/uploads\/2015\/03\/SegurolayhabanaCOLOR.jpg?resize=1170%2C512&amp;ssl=1 1170w, https:\/\/i0.wp.com\/fmnuestrasvoces.com.ar\/fmnv\/wp-content\/uploads\/2015\/03\/SegurolayhabanaCOLOR.jpg?resize=690%2C302&amp;ssl=1 690w, https:\/\/i0.wp.com\/fmnuestrasvoces.com.ar\/fmnv\/wp-content\/uploads\/2015\/03\/SegurolayhabanaCOLOR.jpg?resize=100%2C44&amp;ssl=1 100w, https:\/\/i0.wp.com\/fmnuestrasvoces.com.ar\/fmnv\/wp-content\/uploads\/2015\/03\/SegurolayhabanaCOLOR.jpg?zoom=2&amp;resize=690%2C302&amp;ssl=1 1380w\" sizes=\"(max-width: 690px) 100vw, 690px\" \/>\t\t\t\t\t\t\t\t\t\t\t<\/div>\n\t\t\t\t\t\t\t\t\t\t \t\t\t\t\t\t\t\t\t<\/div>\n\t\t\t\t\t\t\t\t\t<div class=\"qt-overinfo qt-paper\">\n\t\t\t\t\t\t\t\t\t\t<p class=\"qt-item-det qt-accent\">\n\t\t\t\t\t\t\t\t\t\t\t<span class=\"qt-time\">11:00<\/span><span class=\"qt-day qt-capfont\">Lunes<\/span>\n\t\t\t\t\t\t\t\t\t\t<\/p>\n\t\t\t\t\t\t\t\t\t\t<div class=\"qt-more\">\n\t\t\t\t\t\t\t\t\t\t\t<p class=\"qt-ellipsis-2\">Nos das una verdad y te devolvemos mil preguntas. En Segurola Y Habana analizamos la realidad con humor y tocando los temas que importan de la mano de los expertos, nuestros columnistas: Iv\u00e1n Schargrodsky, Alfredo Zaiat, Santiago Lev\u00edn, Quique Viale, Lucas Fauno, Tom\u00e1s Quintin Palma, Agostina Mileo, Juan Manuel Karg, Aldana Contrera, Lu Miranda y Santi Luc\u00eda. No faltar\u00e1 el buen cine y la buena m\u00fasica.\r\n\r\nJulia Mengolini, Fito Mendonca Paz, Pitu Salvatierra y gran equipo est\u00e1n de Lunes a Viernes de 13 a 16 hs.<\/p>\n\t\t\t\t\t\t\t\t\t\t\t<a href=\"https:\/\/fmnuestrasvoces.com.ar\/fmnv\/shows\/segurolayhabana\/\">Ver M\u00e1s<\/a>\n\t\t\t\t\t\t\t\t\t\t<\/div>\n\t\t\t\t\t\t\t\t\t<\/div>\n\t\t\t\t\t\t\t\t<\/div>\n\t\t\t\t\t\t\t<\/div>\n\t\t\t\t\t\t\t<!-- SCHEDULE SHOW END ========================= -->\n\t\t\t\t\t\t\t\t\t\t\t\t\t<!-- SCHEDULE SHOW ========================= -->\n\t\t\t\t\t\t\t<div class=\"col s12 m4 l4\">\n\t\t\t\t\t\t\t\t<div class=\"qt-part-archive-item qt-part-show-schedule-day-item \">\n\t\t\t\t\t\t\t\t\t<div class=\"qt-item-header\">\n\t\t\t\t\t\t\t\t\t\t<div class=\"qt-header-mid qt-vc\">\n\t\t\t\t\t\t\t\t\t\t\t<div class=\"qt-vi\">\n\t\t\t\t\t\t\t\t\t\t\t\t<h4 class=\"qt-item-title qt-title qt-capfont\">\n\t\t\t\t\t\t\t\t\t\t\t\t\t<a href=\"https:\/\/fmnuestrasvoces.com.ar\/fmnv\/shows\/informativofarco2\/\" class=\"qt-ellipsis  qt-t\">Informativo FARCO<\/a>\n\t\t\t\t\t\t\t\t\t\t\t\t<\/h4>\n\t\t\t\t\t\t\t\t\t\t\t\t<p class=\"qt-item-det\">\n\t\t\t\t\t\t\t\t\t\t\t\t\t<span class=\"qt-time\">13:00<\/span><span class=\"qt-day qt-capfont\">Lunes<\/span>\n\t\t\t\t\t\t\t\t\t\t\t\t<\/p>\n\t\t\t\t\t\t\t\t\t\t\t<\/div>\n\t\t\t\t\t\t\t\t\t\t<\/div>\n\t\t\t\t\t\t\t\t\t\t<span class=\"qt-info bottom right\"><i class=\"dripicons-information\"><\/i><\/span>\n\n\t\t\t\t\t\t\t\t\t\t\t\t\t\t\t\t\t\t\t\t\t<div class=\"qt-header-bg\" data-bgimage=\"https:\/\/i0.wp.com\/fmnuestrasvoces.com.ar\/fmnv\/wp-content\/uploads\/2024\/04\/farcoCOLOR.jpg?fit=1024%2C539&#038;ssl=1\">\n\t\t\t\t\t\t\t\t\t\t\t\t<img loading=\"lazy\" decoding=\"async\" width=\"690\" height=\"302\" src=\"https:\/\/i0.wp.com\/fmnuestrasvoces.com.ar\/fmnv\/wp-content\/uploads\/2024\/04\/farcoCOLOR.jpg?resize=690%2C302&amp;ssl=1\" class=\"attachment-qantumthemes-medium size-qantumthemes-medium wp-post-image\" alt=\"\" srcset=\"https:\/\/i0.wp.com\/fmnuestrasvoces.com.ar\/fmnv\/wp-content\/uploads\/2024\/04\/farcoCOLOR.jpg?resize=1600%2C700&amp;ssl=1 1600w, https:\/\/i0.wp.com\/fmnuestrasvoces.com.ar\/fmnv\/wp-content\/uploads\/2024\/04\/farcoCOLOR.jpg?resize=1170%2C512&amp;ssl=1 1170w, https:\/\/i0.wp.com\/fmnuestrasvoces.com.ar\/fmnv\/wp-content\/uploads\/2024\/04\/farcoCOLOR.jpg?resize=690%2C302&amp;ssl=1 690w, https:\/\/i0.wp.com\/fmnuestrasvoces.com.ar\/fmnv\/wp-content\/uploads\/2024\/04\/farcoCOLOR.jpg?resize=100%2C44&amp;ssl=1 100w, https:\/\/i0.wp.com\/fmnuestrasvoces.com.ar\/fmnv\/wp-content\/uploads\/2024\/04\/farcoCOLOR.jpg?zoom=2&amp;resize=690%2C302&amp;ssl=1 1380w\" sizes=\"(max-width: 690px) 100vw, 690px\" \/>\t\t\t\t\t\t\t\t\t\t\t<\/div>\n\t\t\t\t\t\t\t\t\t\t \t\t\t\t\t\t\t\t\t<\/div>\n\t\t\t\t\t\t\t\t\t<div class=\"qt-overinfo qt-paper\">\n\t\t\t\t\t\t\t\t\t\t<p class=\"qt-item-det qt-accent\">\n\t\t\t\t\t\t\t\t\t\t\t<span class=\"qt-time\">13:00<\/span><span class=\"qt-day qt-capfont\">Lunes<\/span>\n\t\t\t\t\t\t\t\t\t\t<\/p>\n\t\t\t\t\t\t\t\t\t\t<div class=\"qt-more\">\n\t\t\t\t\t\t\t\t\t\t\t<p class=\"qt-ellipsis-2\">Las noticias contadas por el equipo de corresponsales de las radios comunitarias, con la voz de sus protagonistas\r\n\r\nDuraci\u00f3n: 15 min\r\nConducci\u00f3n: Pepe Frutos\r\nOperaci\u00f3n T\u00e9cnica: Cristian Torres\r\nProducci\u00f3n: Red de corresponsales de FARCO\r\n\r\nEl Informativo FARCO se emite por primera vez, ininterrumpidamente, desde el 7 de febrero de 2005 a trav\u00e9s de la se\u00f1al digital de FARCO, en m\u00e1s de 170 radios de todo el pa\u00eds. y coordinado desde el Centro de Producci\u00f3n de Rosario.<\/p>\n\t\t\t\t\t\t\t\t\t\t\t<a href=\"https:\/\/fmnuestrasvoces.com.ar\/fmnv\/shows\/informativofarco2\/\">Ver M\u00e1s<\/a>\n\t\t\t\t\t\t\t\t\t\t<\/div>\n\t\t\t\t\t\t\t\t\t<\/div>\n\t\t\t\t\t\t\t\t<\/div>\n\t\t\t\t\t\t\t<\/div>\n\t\t\t\t\t\t\t<!-- SCHEDULE SHOW END ========================= -->\n\t\t\t\t\t\t\t\t\t\t\t\t\t<!-- SCHEDULE SHOW ========================= -->\n\t\t\t\t\t\t\t<div class=\"col s12 m4 l4\">\n\t\t\t\t\t\t\t\t<div class=\"qt-part-archive-item qt-part-show-schedule-day-item \">\n\t\t\t\t\t\t\t\t\t<div class=\"qt-item-header\">\n\t\t\t\t\t\t\t\t\t\t<div class=\"qt-header-mid qt-vc\">\n\t\t\t\t\t\t\t\t\t\t\t<div class=\"qt-vi\">\n\t\t\t\t\t\t\t\t\t\t\t\t<h4 class=\"qt-item-title qt-title qt-capfont\">\n\t\t\t\t\t\t\t\t\t\t\t\t\t<a href=\"https:\/\/fmnuestrasvoces.com.ar\/fmnv\/shows\/lahoraanimada\/\" class=\"qt-ellipsis  qt-t\">La hora animada<\/a>\n\t\t\t\t\t\t\t\t\t\t\t\t<\/h4>\n\t\t\t\t\t\t\t\t\t\t\t\t<p class=\"qt-item-det\">\n\t\t\t\t\t\t\t\t\t\t\t\t\t<span class=\"qt-time\">13:30<\/span><span class=\"qt-day qt-capfont\">Lunes<\/span>\n\t\t\t\t\t\t\t\t\t\t\t\t<\/p>\n\t\t\t\t\t\t\t\t\t\t\t<\/div>\n\t\t\t\t\t\t\t\t\t\t<\/div>\n\t\t\t\t\t\t\t\t\t\t<span class=\"qt-info bottom right\"><i class=\"dripicons-information\"><\/i><\/span>\n\n\t\t\t\t\t\t\t\t\t\t\t\t\t\t\t\t\t\t\t\t\t<div class=\"qt-header-bg\" data-bgimage=\"https:\/\/i0.wp.com\/fmnuestrasvoces.com.ar\/fmnv\/wp-content\/uploads\/2015\/03\/LahoraanimadaCOLOR.jpg?fit=1024%2C539&#038;ssl=1\">\n\t\t\t\t\t\t\t\t\t\t\t\t<img loading=\"lazy\" decoding=\"async\" width=\"690\" height=\"302\" src=\"https:\/\/i0.wp.com\/fmnuestrasvoces.com.ar\/fmnv\/wp-content\/uploads\/2015\/03\/LahoraanimadaCOLOR.jpg?resize=690%2C302&amp;ssl=1\" class=\"attachment-qantumthemes-medium size-qantumthemes-medium wp-post-image\" alt=\"\" srcset=\"https:\/\/i0.wp.com\/fmnuestrasvoces.com.ar\/fmnv\/wp-content\/uploads\/2015\/03\/LahoraanimadaCOLOR.jpg?resize=1600%2C700&amp;ssl=1 1600w, https:\/\/i0.wp.com\/fmnuestrasvoces.com.ar\/fmnv\/wp-content\/uploads\/2015\/03\/LahoraanimadaCOLOR.jpg?resize=1170%2C512&amp;ssl=1 1170w, https:\/\/i0.wp.com\/fmnuestrasvoces.com.ar\/fmnv\/wp-content\/uploads\/2015\/03\/LahoraanimadaCOLOR.jpg?resize=690%2C302&amp;ssl=1 690w, https:\/\/i0.wp.com\/fmnuestrasvoces.com.ar\/fmnv\/wp-content\/uploads\/2015\/03\/LahoraanimadaCOLOR.jpg?resize=100%2C44&amp;ssl=1 100w, https:\/\/i0.wp.com\/fmnuestrasvoces.com.ar\/fmnv\/wp-content\/uploads\/2015\/03\/LahoraanimadaCOLOR.jpg?zoom=2&amp;resize=690%2C302&amp;ssl=1 1380w\" sizes=\"(max-width: 690px) 100vw, 690px\" \/>\t\t\t\t\t\t\t\t\t\t\t<\/div>\n\t\t\t\t\t\t\t\t\t\t \t\t\t\t\t\t\t\t\t<\/div>\n\t\t\t\t\t\t\t\t\t<div class=\"qt-overinfo qt-paper\">\n\t\t\t\t\t\t\t\t\t\t<p class=\"qt-item-det qt-accent\">\n\t\t\t\t\t\t\t\t\t\t\t<span class=\"qt-time\">13:30<\/span><span class=\"qt-day qt-capfont\">Lunes<\/span>\n\t\t\t\t\t\t\t\t\t\t<\/p>\n\t\t\t\t\t\t\t\t\t\t<div class=\"qt-more\">\n\t\t\t\t\t\t\t\t\t\t\t<p class=\"qt-ellipsis-2\">Una hora de viaje musical en tu mediod\u00eda, de la mano de Mat\u00edas Messoulam y Barbi Recanati.<\/p>\n\t\t\t\t\t\t\t\t\t\t\t<a href=\"https:\/\/fmnuestrasvoces.com.ar\/fmnv\/shows\/lahoraanimada\/\">Ver M\u00e1s<\/a>\n\t\t\t\t\t\t\t\t\t\t<\/div>\n\t\t\t\t\t\t\t\t\t<\/div>\n\t\t\t\t\t\t\t\t<\/div>\n\t\t\t\t\t\t\t<\/div>\n\t\t\t\t\t\t\t<!-- SCHEDULE SHOW END ========================= -->\n\t\t\t\t\t\t\t\t\t\t\t\t\t<!-- SCHEDULE SHOW ========================= -->\n\t\t\t\t\t\t\t<div class=\"col s12 m4 l4\">\n\t\t\t\t\t\t\t\t<div class=\"qt-part-archive-item qt-part-show-schedule-day-item \">\n\t\t\t\t\t\t\t\t\t<div class=\"qt-item-header\">\n\t\t\t\t\t\t\t\t\t\t<div class=\"qt-header-mid qt-vc\">\n\t\t\t\t\t\t\t\t\t\t\t<div class=\"qt-vi\">\n\t\t\t\t\t\t\t\t\t\t\t\t<h4 class=\"qt-item-title qt-title qt-capfont\">\n\t\t\t\t\t\t\t\t\t\t\t\t\t<a href=\"https:\/\/fmnuestrasvoces.com.ar\/fmnv\/shows\/cronicaanunciada\/\" class=\"qt-ellipsis  qt-t\">Cr\u00f3nica Anunciada<\/a>\n\t\t\t\t\t\t\t\t\t\t\t\t<\/h4>\n\t\t\t\t\t\t\t\t\t\t\t\t<p class=\"qt-item-det\">\n\t\t\t\t\t\t\t\t\t\t\t\t\t<span class=\"qt-time\">14:00<\/span><span class=\"qt-day qt-capfont\">Lunes<\/span>\n\t\t\t\t\t\t\t\t\t\t\t\t<\/p>\n\t\t\t\t\t\t\t\t\t\t\t<\/div>\n\t\t\t\t\t\t\t\t\t\t<\/div>\n\t\t\t\t\t\t\t\t\t\t<span class=\"qt-info bottom right\"><i class=\"dripicons-information\"><\/i><\/span>\n\n\t\t\t\t\t\t\t\t\t\t\t\t\t\t\t\t\t\t\t\t\t<div class=\"qt-header-bg\" data-bgimage=\"https:\/\/i0.wp.com\/fmnuestrasvoces.com.ar\/fmnv\/wp-content\/uploads\/2024\/04\/PanoramasurCOLOR.jpg?fit=1024%2C539&#038;ssl=1\">\n\t\t\t\t\t\t\t\t\t\t\t\t<img loading=\"lazy\" decoding=\"async\" width=\"690\" height=\"302\" src=\"https:\/\/i0.wp.com\/fmnuestrasvoces.com.ar\/fmnv\/wp-content\/uploads\/2024\/04\/PanoramasurCOLOR.jpg?resize=690%2C302&amp;ssl=1\" class=\"attachment-qantumthemes-medium size-qantumthemes-medium wp-post-image\" alt=\"\" srcset=\"https:\/\/i0.wp.com\/fmnuestrasvoces.com.ar\/fmnv\/wp-content\/uploads\/2024\/04\/PanoramasurCOLOR.jpg?resize=1600%2C700&amp;ssl=1 1600w, https:\/\/i0.wp.com\/fmnuestrasvoces.com.ar\/fmnv\/wp-content\/uploads\/2024\/04\/PanoramasurCOLOR.jpg?resize=1170%2C512&amp;ssl=1 1170w, https:\/\/i0.wp.com\/fmnuestrasvoces.com.ar\/fmnv\/wp-content\/uploads\/2024\/04\/PanoramasurCOLOR.jpg?resize=690%2C302&amp;ssl=1 690w, https:\/\/i0.wp.com\/fmnuestrasvoces.com.ar\/fmnv\/wp-content\/uploads\/2024\/04\/PanoramasurCOLOR.jpg?resize=100%2C44&amp;ssl=1 100w, https:\/\/i0.wp.com\/fmnuestrasvoces.com.ar\/fmnv\/wp-content\/uploads\/2024\/04\/PanoramasurCOLOR.jpg?zoom=2&amp;resize=690%2C302&amp;ssl=1 1380w\" sizes=\"(max-width: 690px) 100vw, 690px\" \/>\t\t\t\t\t\t\t\t\t\t\t<\/div>\n\t\t\t\t\t\t\t\t\t\t \t\t\t\t\t\t\t\t\t<\/div>\n\t\t\t\t\t\t\t\t\t<div class=\"qt-overinfo qt-paper\">\n\t\t\t\t\t\t\t\t\t\t<p class=\"qt-item-det qt-accent\">\n\t\t\t\t\t\t\t\t\t\t\t<span class=\"qt-time\">14:00<\/span><span class=\"qt-day qt-capfont\">Lunes<\/span>\n\t\t\t\t\t\t\t\t\t\t<\/p>\n\t\t\t\t\t\t\t\t\t\t<div class=\"qt-more\">\n\t\t\t\t\t\t\t\t\t\t\t<p class=\"qt-ellipsis-2\">Te contamos la cr\u00f3nica anunciada de todos los d\u00edas con Juan Amor\u00edn, Poli Sabat\u00e9s y Sebasti\u00e1n Caz\u00f3n.<\/p>\n\t\t\t\t\t\t\t\t\t\t\t<a href=\"https:\/\/fmnuestrasvoces.com.ar\/fmnv\/shows\/cronicaanunciada\/\">Ver M\u00e1s<\/a>\n\t\t\t\t\t\t\t\t\t\t<\/div>\n\t\t\t\t\t\t\t\t\t<\/div>\n\t\t\t\t\t\t\t\t<\/div>\n\t\t\t\t\t\t\t<\/div>\n\t\t\t\t\t\t\t<!-- SCHEDULE SHOW END ========================= -->\n\t\t\t\t\t\t\t\t\t\t\t\t\t<!-- SCHEDULE SHOW ========================= -->\n\t\t\t\t\t\t\t<div class=\"col s12 m4 l4\">\n\t\t\t\t\t\t\t\t<div class=\"qt-part-archive-item qt-part-show-schedule-day-item \">\n\t\t\t\t\t\t\t\t\t<div class=\"qt-item-header\">\n\t\t\t\t\t\t\t\t\t\t<div class=\"qt-header-mid qt-vc\">\n\t\t\t\t\t\t\t\t\t\t\t<div class=\"qt-vi\">\n\t\t\t\t\t\t\t\t\t\t\t\t<h4 class=\"qt-item-title qt-title qt-capfont\">\n\t\t\t\t\t\t\t\t\t\t\t\t\t<a href=\"https:\/\/fmnuestrasvoces.com.ar\/fmnv\/shows\/furiabebe\/\" class=\"qt-ellipsis  qt-t\">Furia Beb\u00e9<\/a>\n\t\t\t\t\t\t\t\t\t\t\t\t<\/h4>\n\t\t\t\t\t\t\t\t\t\t\t\t<p class=\"qt-item-det\">\n\t\t\t\t\t\t\t\t\t\t\t\t\t<span class=\"qt-time\">16:00<\/span><span class=\"qt-day qt-capfont\">Lunes<\/span>\n\t\t\t\t\t\t\t\t\t\t\t\t<\/p>\n\t\t\t\t\t\t\t\t\t\t\t<\/div>\n\t\t\t\t\t\t\t\t\t\t<\/div>\n\t\t\t\t\t\t\t\t\t\t<span class=\"qt-info bottom right\"><i class=\"dripicons-information\"><\/i><\/span>\n\n\t\t\t\t\t\t\t\t\t\t\t\t\t\t\t\t\t\t\t\t\t<div class=\"qt-header-bg\" data-bgimage=\"https:\/\/i0.wp.com\/fmnuestrasvoces.com.ar\/fmnv\/wp-content\/uploads\/2015\/03\/FuriaBebeCOLOR.jpg?fit=1024%2C539&#038;ssl=1\">\n\t\t\t\t\t\t\t\t\t\t\t\t<img loading=\"lazy\" decoding=\"async\" width=\"690\" height=\"302\" src=\"https:\/\/i0.wp.com\/fmnuestrasvoces.com.ar\/fmnv\/wp-content\/uploads\/2015\/03\/FuriaBebeCOLOR.jpg?resize=690%2C302&amp;ssl=1\" class=\"attachment-qantumthemes-medium size-qantumthemes-medium wp-post-image\" alt=\"\" srcset=\"https:\/\/i0.wp.com\/fmnuestrasvoces.com.ar\/fmnv\/wp-content\/uploads\/2015\/03\/FuriaBebeCOLOR.jpg?resize=1600%2C700&amp;ssl=1 1600w, https:\/\/i0.wp.com\/fmnuestrasvoces.com.ar\/fmnv\/wp-content\/uploads\/2015\/03\/FuriaBebeCOLOR.jpg?resize=1170%2C512&amp;ssl=1 1170w, https:\/\/i0.wp.com\/fmnuestrasvoces.com.ar\/fmnv\/wp-content\/uploads\/2015\/03\/FuriaBebeCOLOR.jpg?resize=690%2C302&amp;ssl=1 690w, https:\/\/i0.wp.com\/fmnuestrasvoces.com.ar\/fmnv\/wp-content\/uploads\/2015\/03\/FuriaBebeCOLOR.jpg?resize=100%2C44&amp;ssl=1 100w, https:\/\/i0.wp.com\/fmnuestrasvoces.com.ar\/fmnv\/wp-content\/uploads\/2015\/03\/FuriaBebeCOLOR.jpg?zoom=2&amp;resize=690%2C302&amp;ssl=1 1380w\" sizes=\"(max-width: 690px) 100vw, 690px\" \/>\t\t\t\t\t\t\t\t\t\t\t<\/div>\n\t\t\t\t\t\t\t\t\t\t \t\t\t\t\t\t\t\t\t<\/div>\n\t\t\t\t\t\t\t\t\t<div class=\"qt-overinfo qt-paper\">\n\t\t\t\t\t\t\t\t\t\t<p class=\"qt-item-det qt-accent\">\n\t\t\t\t\t\t\t\t\t\t\t<span class=\"qt-time\">16:00<\/span><span class=\"qt-day qt-capfont\">Lunes<\/span>\n\t\t\t\t\t\t\t\t\t\t<\/p>\n\t\t\t\t\t\t\t\t\t\t<div class=\"qt-more\">\n\t\t\t\t\t\t\t\t\t\t\t<p class=\"qt-ellipsis-2\">Malena Pichot, Danila Saiegh y Vanesa Strauch son Furia Beb\u00e9. Humor, humor y humor. Y otras cosas tambi\u00e9n.<\/p>\n\t\t\t\t\t\t\t\t\t\t\t<a href=\"https:\/\/fmnuestrasvoces.com.ar\/fmnv\/shows\/furiabebe\/\">Ver M\u00e1s<\/a>\n\t\t\t\t\t\t\t\t\t\t<\/div>\n\t\t\t\t\t\t\t\t\t<\/div>\n\t\t\t\t\t\t\t\t<\/div>\n\t\t\t\t\t\t\t<\/div>\n\t\t\t\t\t\t\t<!-- SCHEDULE SHOW END ========================= -->\n\t\t\t\t\t\t\t\t\t\t\t\t\t<!-- SCHEDULE SHOW ========================= -->\n\t\t\t\t\t\t\t<div class=\"col s12 m4 l4\">\n\t\t\t\t\t\t\t\t<div class=\"qt-part-archive-item qt-part-show-schedule-day-item \">\n\t\t\t\t\t\t\t\t\t<div class=\"qt-item-header\">\n\t\t\t\t\t\t\t\t\t\t<div class=\"qt-header-mid qt-vc\">\n\t\t\t\t\t\t\t\t\t\t\t<div class=\"qt-vi\">\n\t\t\t\t\t\t\t\t\t\t\t\t<h4 class=\"qt-item-title qt-title qt-capfont\">\n\t\t\t\t\t\t\t\t\t\t\t\t\t<a href=\"https:\/\/fmnuestrasvoces.com.ar\/fmnv\/shows\/tripulantesrepe\/\" class=\"qt-ellipsis  qt-t\">Tripulantes de la Ma\u00f1ana<\/a>\n\t\t\t\t\t\t\t\t\t\t\t\t<\/h4>\n\t\t\t\t\t\t\t\t\t\t\t\t<p class=\"qt-item-det\">\n\t\t\t\t\t\t\t\t\t\t\t\t\t<span class=\"qt-time\">18:00<\/span><span class=\"qt-day qt-capfont\">Lunes<\/span>\n\t\t\t\t\t\t\t\t\t\t\t\t<\/p>\n\t\t\t\t\t\t\t\t\t\t\t<\/div>\n\t\t\t\t\t\t\t\t\t\t<\/div>\n\t\t\t\t\t\t\t\t\t\t<span class=\"qt-info bottom right\"><i class=\"dripicons-information\"><\/i><\/span>\n\n\t\t\t\t\t\t\t\t\t\t\t\t\t\t\t\t\t\t\t\t\t<div class=\"qt-header-bg\" data-bgimage=\"https:\/\/i0.wp.com\/fmnuestrasvoces.com.ar\/fmnv\/wp-content\/uploads\/2015\/03\/TripulantesCOLOR.jpg?fit=1024%2C539&#038;ssl=1\">\n\t\t\t\t\t\t\t\t\t\t\t\t<img decoding=\"async\" width=\"690\" height=\"302\" src=\"https:\/\/i0.wp.com\/fmnuestrasvoces.com.ar\/fmnv\/wp-content\/uploads\/2015\/03\/TripulantesCOLOR.jpg?resize=690%2C302&amp;ssl=1\" class=\"attachment-qantumthemes-medium size-qantumthemes-medium wp-post-image\" alt=\"\" srcset=\"https:\/\/i0.wp.com\/fmnuestrasvoces.com.ar\/fmnv\/wp-content\/uploads\/2015\/03\/TripulantesCOLOR.jpg?resize=1600%2C700&amp;ssl=1 1600w, https:\/\/i0.wp.com\/fmnuestrasvoces.com.ar\/fmnv\/wp-content\/uploads\/2015\/03\/TripulantesCOLOR.jpg?resize=1170%2C512&amp;ssl=1 1170w, https:\/\/i0.wp.com\/fmnuestrasvoces.com.ar\/fmnv\/wp-content\/uploads\/2015\/03\/TripulantesCOLOR.jpg?resize=690%2C302&amp;ssl=1 690w, https:\/\/i0.wp.com\/fmnuestrasvoces.com.ar\/fmnv\/wp-content\/uploads\/2015\/03\/TripulantesCOLOR.jpg?resize=100%2C44&amp;ssl=1 100w, https:\/\/i0.wp.com\/fmnuestrasvoces.com.ar\/fmnv\/wp-content\/uploads\/2015\/03\/TripulantesCOLOR.jpg?zoom=2&amp;resize=690%2C302&amp;ssl=1 1380w\" sizes=\"(max-width: 690px) 100vw, 690px\" \/>\t\t\t\t\t\t\t\t\t\t\t<\/div>\n\t\t\t\t\t\t\t\t\t\t \t\t\t\t\t\t\t\t\t<\/div>\n\t\t\t\t\t\t\t\t\t<div class=\"qt-overinfo qt-paper\">\n\t\t\t\t\t\t\t\t\t\t<p class=\"qt-item-det qt-accent\">\n\t\t\t\t\t\t\t\t\t\t\t<span class=\"qt-time\">18:00<\/span><span class=\"qt-day qt-capfont\">Lunes<\/span>\n\t\t\t\t\t\t\t\t\t\t<\/p>\n\t\t\t\t\t\t\t\t\t\t<div class=\"qt-more\">\n\t\t\t\t\t\t\t\t\t\t\t<p class=\"qt-ellipsis-2\">Todo lo que necesitas saber sobre el sector docente, educaci\u00f3n, pol\u00edtica, cultura y el \u00e1mbito social de nuestra provincia.\r\n\r\nMantenete al tanto de la actualidad con Roc\u00edo Solier, Alejandro Nonini y Nelson Coronel.<\/p>\n\t\t\t\t\t\t\t\t\t\t\t<a href=\"https:\/\/fmnuestrasvoces.com.ar\/fmnv\/shows\/tripulantesrepe\/\">Ver M\u00e1s<\/a>\n\t\t\t\t\t\t\t\t\t\t<\/div>\n\t\t\t\t\t\t\t\t\t<\/div>\n\t\t\t\t\t\t\t\t<\/div>\n\t\t\t\t\t\t\t<\/div>\n\t\t\t\t\t\t\t<!-- SCHEDULE SHOW END ========================= -->\n\t\t\t\t\t\t\t\t\t\t\t\t\t<!-- SCHEDULE SHOW ========================= -->\n\t\t\t\t\t\t\t<div class=\"col s12 m4 l4\">\n\t\t\t\t\t\t\t\t<div class=\"qt-part-archive-item qt-part-show-schedule-day-item \">\n\t\t\t\t\t\t\t\t\t<div class=\"qt-item-header\">\n\t\t\t\t\t\t\t\t\t\t<div class=\"qt-header-mid qt-vc\">\n\t\t\t\t\t\t\t\t\t\t\t<div class=\"qt-vi\">\n\t\t\t\t\t\t\t\t\t\t\t\t<h4 class=\"qt-item-title qt-title qt-capfont\">\n\t\t\t\t\t\t\t\t\t\t\t\t\t<a href=\"https:\/\/fmnuestrasvoces.com.ar\/fmnv\/shows\/inthemix\/\" class=\"qt-ellipsis  qt-t\">In the Mix<\/a>\n\t\t\t\t\t\t\t\t\t\t\t\t<\/h4>\n\t\t\t\t\t\t\t\t\t\t\t\t<p class=\"qt-item-det\">\n\t\t\t\t\t\t\t\t\t\t\t\t\t<span class=\"qt-time\">00:00<\/span><span class=\"qt-day qt-capfont\">Lunes<\/span>\n\t\t\t\t\t\t\t\t\t\t\t\t<\/p>\n\t\t\t\t\t\t\t\t\t\t\t<\/div>\n\t\t\t\t\t\t\t\t\t\t<\/div>\n\t\t\t\t\t\t\t\t\t\t<span class=\"qt-info bottom right\"><i class=\"dripicons-information\"><\/i><\/span>\n\n\t\t\t\t\t\t\t\t\t\t\t\t\t\t\t\t\t\t\t\t\t<div class=\"qt-header-bg\" data-bgimage=\"https:\/\/i0.wp.com\/fmnuestrasvoces.com.ar\/fmnv\/wp-content\/uploads\/2024\/04\/in-the-mix-1.jpg?fit=1024%2C539&#038;ssl=1\">\n\t\t\t\t\t\t\t\t\t\t\t\t<img loading=\"lazy\" decoding=\"async\" width=\"690\" height=\"302\" src=\"https:\/\/i0.wp.com\/fmnuestrasvoces.com.ar\/fmnv\/wp-content\/uploads\/2024\/04\/in-the-mix-1.jpg?resize=690%2C302&amp;ssl=1\" class=\"attachment-qantumthemes-medium size-qantumthemes-medium wp-post-image\" alt=\"\" srcset=\"https:\/\/i0.wp.com\/fmnuestrasvoces.com.ar\/fmnv\/wp-content\/uploads\/2024\/04\/in-the-mix-1.jpg?resize=1600%2C700&amp;ssl=1 1600w, https:\/\/i0.wp.com\/fmnuestrasvoces.com.ar\/fmnv\/wp-content\/uploads\/2024\/04\/in-the-mix-1.jpg?resize=1170%2C512&amp;ssl=1 1170w, https:\/\/i0.wp.com\/fmnuestrasvoces.com.ar\/fmnv\/wp-content\/uploads\/2024\/04\/in-the-mix-1.jpg?resize=690%2C302&amp;ssl=1 690w, https:\/\/i0.wp.com\/fmnuestrasvoces.com.ar\/fmnv\/wp-content\/uploads\/2024\/04\/in-the-mix-1.jpg?resize=100%2C44&amp;ssl=1 100w, https:\/\/i0.wp.com\/fmnuestrasvoces.com.ar\/fmnv\/wp-content\/uploads\/2024\/04\/in-the-mix-1.jpg?zoom=2&amp;resize=690%2C302&amp;ssl=1 1380w\" sizes=\"(max-width: 690px) 100vw, 690px\" \/>\t\t\t\t\t\t\t\t\t\t\t<\/div>\n\t\t\t\t\t\t\t\t\t\t \t\t\t\t\t\t\t\t\t<\/div>\n\t\t\t\t\t\t\t\t\t<div class=\"qt-overinfo qt-paper\">\n\t\t\t\t\t\t\t\t\t\t<p class=\"qt-item-det qt-accent\">\n\t\t\t\t\t\t\t\t\t\t\t<span class=\"qt-time\">00:00<\/span><span class=\"qt-day qt-capfont\">Lunes<\/span>\n\t\t\t\t\t\t\t\t\t\t<\/p>\n\t\t\t\t\t\t\t\t\t\t<div class=\"qt-more\">\n\t\t\t\t\t\t\t\t\t\t\t<p class=\"qt-ellipsis-2\">La mejor selecci\u00f3n de m\u00fasica enganchada de todos los tiempos por DJs nacionales e internacionales.<\/p>\n\t\t\t\t\t\t\t\t\t\t\t<a href=\"https:\/\/fmnuestrasvoces.com.ar\/fmnv\/shows\/inthemix\/\">Ver M\u00e1s<\/a>\n\t\t\t\t\t\t\t\t\t\t<\/div>\n\t\t\t\t\t\t\t\t\t<\/div>\n\t\t\t\t\t\t\t\t<\/div>\n\t\t\t\t\t\t\t<\/div>\n\t\t\t\t\t\t\t<!-- SCHEDULE SHOW END ========================= -->\n\t\t\t\t\t\t<\/div>\n<!-- SCHEDULE DAY END ================================================== -->\t\t\t<\/div>\n\t\t\t\t\t<div id=\"martes\" class=\"qt-show-schedule-day qt-isactive-\">\n\t\t\t\t<!-- SCHEDULE DAY ================================================== -->\n<div class=\"qt-show-schedule-day row qt-active-\">\n\t\t\t\t\t\t\t\t<!-- SCHEDULE SHOW ========================= -->\n\t\t\t\t\t\t\t<div class=\"col s12 m4 l4\">\n\t\t\t\t\t\t\t\t<div class=\"qt-part-archive-item qt-part-show-schedule-day-item \">\n\t\t\t\t\t\t\t\t\t<div class=\"qt-item-header\">\n\t\t\t\t\t\t\t\t\t\t<div class=\"qt-header-mid qt-vc\">\n\t\t\t\t\t\t\t\t\t\t\t<div class=\"qt-vi\">\n\t\t\t\t\t\t\t\t\t\t\t\t<h4 class=\"qt-item-title qt-title qt-capfont\">\n\t\t\t\t\t\t\t\t\t\t\t\t\t<a href=\"https:\/\/fmnuestrasvoces.com.ar\/fmnv\/shows\/ahoradicen\/\" class=\"qt-ellipsis  qt-t\">Ahora Dicen<\/a>\n\t\t\t\t\t\t\t\t\t\t\t\t<\/h4>\n\t\t\t\t\t\t\t\t\t\t\t\t<p class=\"qt-item-det\">\n\t\t\t\t\t\t\t\t\t\t\t\t\t<span class=\"qt-time\">07:00<\/span><span class=\"qt-day qt-capfont\">Martes<\/span>\n\t\t\t\t\t\t\t\t\t\t\t\t<\/p>\n\t\t\t\t\t\t\t\t\t\t\t<\/div>\n\t\t\t\t\t\t\t\t\t\t<\/div>\n\t\t\t\t\t\t\t\t\t\t<span class=\"qt-info bottom right\"><i class=\"dripicons-information\"><\/i><\/span>\n\n\t\t\t\t\t\t\t\t\t\t\t\t\t\t\t\t\t\t\t\t\t<div class=\"qt-header-bg\" data-bgimage=\"https:\/\/i0.wp.com\/fmnuestrasvoces.com.ar\/fmnv\/wp-content\/uploads\/2015\/03\/AhoradicenCOLOR.jpg?fit=1024%2C539&#038;ssl=1\">\n\t\t\t\t\t\t\t\t\t\t\t\t<img fetchpriority=\"high\" decoding=\"async\" width=\"690\" height=\"302\" src=\"https:\/\/i0.wp.com\/fmnuestrasvoces.com.ar\/fmnv\/wp-content\/uploads\/2015\/03\/AhoradicenCOLOR.jpg?resize=690%2C302&amp;ssl=1\" class=\"attachment-qantumthemes-medium size-qantumthemes-medium wp-post-image\" alt=\"\" srcset=\"https:\/\/i0.wp.com\/fmnuestrasvoces.com.ar\/fmnv\/wp-content\/uploads\/2015\/03\/AhoradicenCOLOR.jpg?resize=1600%2C700&amp;ssl=1 1600w, https:\/\/i0.wp.com\/fmnuestrasvoces.com.ar\/fmnv\/wp-content\/uploads\/2015\/03\/AhoradicenCOLOR.jpg?resize=1170%2C512&amp;ssl=1 1170w, https:\/\/i0.wp.com\/fmnuestrasvoces.com.ar\/fmnv\/wp-content\/uploads\/2015\/03\/AhoradicenCOLOR.jpg?resize=690%2C302&amp;ssl=1 690w, https:\/\/i0.wp.com\/fmnuestrasvoces.com.ar\/fmnv\/wp-content\/uploads\/2015\/03\/AhoradicenCOLOR.jpg?resize=100%2C44&amp;ssl=1 100w, https:\/\/i0.wp.com\/fmnuestrasvoces.com.ar\/fmnv\/wp-content\/uploads\/2015\/03\/AhoradicenCOLOR.jpg?zoom=2&amp;resize=690%2C302&amp;ssl=1 1380w\" sizes=\"(max-width: 690px) 100vw, 690px\" \/>\t\t\t\t\t\t\t\t\t\t\t<\/div>\n\t\t\t\t\t\t\t\t\t\t \t\t\t\t\t\t\t\t\t<\/div>\n\t\t\t\t\t\t\t\t\t<div class=\"qt-overinfo qt-paper\">\n\t\t\t\t\t\t\t\t\t\t<p class=\"qt-item-det qt-accent\">\n\t\t\t\t\t\t\t\t\t\t\t<span class=\"qt-time\">07:00<\/span><span class=\"qt-day qt-capfont\">Martes<\/span>\n\t\t\t\t\t\t\t\t\t\t<\/p>\n\t\t\t\t\t\t\t\t\t\t<div class=\"qt-more\">\n\t\t\t\t\t\t\t\t\t\t\t<p class=\"qt-ellipsis-2\">Madruga para que nadie te madrugue #AhoraDicen La primera ma\u00f1ana de Futurock.fm conducen Flor Halfon y Nico Fiorentino.<\/p>\n\t\t\t\t\t\t\t\t\t\t\t<a href=\"https:\/\/fmnuestrasvoces.com.ar\/fmnv\/shows\/ahoradicen\/\">Ver M\u00e1s<\/a>\n\t\t\t\t\t\t\t\t\t\t<\/div>\n\t\t\t\t\t\t\t\t\t<\/div>\n\t\t\t\t\t\t\t\t<\/div>\n\t\t\t\t\t\t\t<\/div>\n\t\t\t\t\t\t\t<!-- SCHEDULE SHOW END ========================= -->\n\t\t\t\t\t\t\t\t\t\t\t\t\t<!-- SCHEDULE SHOW ========================= -->\n\t\t\t\t\t\t\t<div class=\"col s12 m4 l4\">\n\t\t\t\t\t\t\t\t<div class=\"qt-part-archive-item qt-part-show-schedule-day-item \">\n\t\t\t\t\t\t\t\t\t<div class=\"qt-item-header\">\n\t\t\t\t\t\t\t\t\t\t<div class=\"qt-header-mid qt-vc\">\n\t\t\t\t\t\t\t\t\t\t\t<div class=\"qt-vi\">\n\t\t\t\t\t\t\t\t\t\t\t\t<h4 class=\"qt-item-title qt-title qt-capfont\">\n\t\t\t\t\t\t\t\t\t\t\t\t\t<a href=\"https:\/\/fmnuestrasvoces.com.ar\/fmnv\/shows\/tripulantes\/\" class=\"qt-ellipsis  qt-t\">Tripulantes de la Ma\u00f1ana<\/a>\n\t\t\t\t\t\t\t\t\t\t\t\t<\/h4>\n\t\t\t\t\t\t\t\t\t\t\t\t<p class=\"qt-item-det\">\n\t\t\t\t\t\t\t\t\t\t\t\t\t<span class=\"qt-time\">08:00<\/span><span class=\"qt-day qt-capfont\">Martes<\/span>\n\t\t\t\t\t\t\t\t\t\t\t\t<\/p>\n\t\t\t\t\t\t\t\t\t\t\t<\/div>\n\t\t\t\t\t\t\t\t\t\t<\/div>\n\t\t\t\t\t\t\t\t\t\t<span class=\"qt-info bottom right\"><i class=\"dripicons-information\"><\/i><\/span>\n\n\t\t\t\t\t\t\t\t\t\t\t\t\t\t\t\t\t\t\t\t\t<div class=\"qt-header-bg\" data-bgimage=\"https:\/\/i0.wp.com\/fmnuestrasvoces.com.ar\/fmnv\/wp-content\/uploads\/2015\/03\/TripulantesCOLOR.jpg?fit=1024%2C539&#038;ssl=1\">\n\t\t\t\t\t\t\t\t\t\t\t\t<img decoding=\"async\" width=\"690\" height=\"302\" src=\"https:\/\/i0.wp.com\/fmnuestrasvoces.com.ar\/fmnv\/wp-content\/uploads\/2015\/03\/TripulantesCOLOR.jpg?resize=690%2C302&amp;ssl=1\" class=\"attachment-qantumthemes-medium size-qantumthemes-medium wp-post-image\" alt=\"\" srcset=\"https:\/\/i0.wp.com\/fmnuestrasvoces.com.ar\/fmnv\/wp-content\/uploads\/2015\/03\/TripulantesCOLOR.jpg?resize=1600%2C700&amp;ssl=1 1600w, https:\/\/i0.wp.com\/fmnuestrasvoces.com.ar\/fmnv\/wp-content\/uploads\/2015\/03\/TripulantesCOLOR.jpg?resize=1170%2C512&amp;ssl=1 1170w, https:\/\/i0.wp.com\/fmnuestrasvoces.com.ar\/fmnv\/wp-content\/uploads\/2015\/03\/TripulantesCOLOR.jpg?resize=690%2C302&amp;ssl=1 690w, https:\/\/i0.wp.com\/fmnuestrasvoces.com.ar\/fmnv\/wp-content\/uploads\/2015\/03\/TripulantesCOLOR.jpg?resize=100%2C44&amp;ssl=1 100w, https:\/\/i0.wp.com\/fmnuestrasvoces.com.ar\/fmnv\/wp-content\/uploads\/2015\/03\/TripulantesCOLOR.jpg?zoom=2&amp;resize=690%2C302&amp;ssl=1 1380w\" sizes=\"(max-width: 690px) 100vw, 690px\" \/>\t\t\t\t\t\t\t\t\t\t\t<\/div>\n\t\t\t\t\t\t\t\t\t\t \t\t\t\t\t\t\t\t\t<\/div>\n\t\t\t\t\t\t\t\t\t<div class=\"qt-overinfo qt-paper\">\n\t\t\t\t\t\t\t\t\t\t<p class=\"qt-item-det qt-accent\">\n\t\t\t\t\t\t\t\t\t\t\t<span class=\"qt-time\">08:00<\/span><span class=\"qt-day qt-capfont\">Martes<\/span>\n\t\t\t\t\t\t\t\t\t\t<\/p>\n\t\t\t\t\t\t\t\t\t\t<div class=\"qt-more\">\n\t\t\t\t\t\t\t\t\t\t\t<p class=\"qt-ellipsis-2\">Todo lo que necesitas saber sobre el sector docente, educaci\u00f3n, pol\u00edtica, cultura y el \u00e1mbito social de nuestra provincia.\r\n\r\nMantenete al tanto de la actualidad con Roc\u00edo Solier, Alejandro Nonini y Nelson Coronel.<\/p>\n\t\t\t\t\t\t\t\t\t\t\t<a href=\"https:\/\/fmnuestrasvoces.com.ar\/fmnv\/shows\/tripulantes\/\">Ver M\u00e1s<\/a>\n\t\t\t\t\t\t\t\t\t\t<\/div>\n\t\t\t\t\t\t\t\t\t<\/div>\n\t\t\t\t\t\t\t\t<\/div>\n\t\t\t\t\t\t\t<\/div>\n\t\t\t\t\t\t\t<!-- SCHEDULE SHOW END ========================= -->\n\t\t\t\t\t\t\t\t\t\t\t\t\t<!-- SCHEDULE SHOW ========================= -->\n\t\t\t\t\t\t\t<div class=\"col s12 m4 l4\">\n\t\t\t\t\t\t\t\t<div class=\"qt-part-archive-item qt-part-show-schedule-day-item \">\n\t\t\t\t\t\t\t\t\t<div class=\"qt-item-header\">\n\t\t\t\t\t\t\t\t\t\t<div class=\"qt-header-mid qt-vc\">\n\t\t\t\t\t\t\t\t\t\t\t<div class=\"qt-vi\">\n\t\t\t\t\t\t\t\t\t\t\t\t<h4 class=\"qt-item-title qt-title qt-capfont\">\n\t\t\t\t\t\t\t\t\t\t\t\t\t<a href=\"https:\/\/fmnuestrasvoces.com.ar\/fmnv\/shows\/informativofarco1\/\" class=\"qt-ellipsis  qt-t\">Informativo FARCO<\/a>\n\t\t\t\t\t\t\t\t\t\t\t\t<\/h4>\n\t\t\t\t\t\t\t\t\t\t\t\t<p class=\"qt-item-det\">\n\t\t\t\t\t\t\t\t\t\t\t\t\t<span class=\"qt-time\">10:30<\/span><span class=\"qt-day qt-capfont\">Martes<\/span>\n\t\t\t\t\t\t\t\t\t\t\t\t<\/p>\n\t\t\t\t\t\t\t\t\t\t\t<\/div>\n\t\t\t\t\t\t\t\t\t\t<\/div>\n\t\t\t\t\t\t\t\t\t\t<span class=\"qt-info bottom right\"><i class=\"dripicons-information\"><\/i><\/span>\n\n\t\t\t\t\t\t\t\t\t\t\t\t\t\t\t\t\t\t\t\t\t<div class=\"qt-header-bg\" data-bgimage=\"https:\/\/i0.wp.com\/fmnuestrasvoces.com.ar\/fmnv\/wp-content\/uploads\/2024\/04\/farcoCOLOR-1.jpg?fit=1024%2C539&#038;ssl=1\">\n\t\t\t\t\t\t\t\t\t\t\t\t<img decoding=\"async\" width=\"690\" height=\"302\" src=\"https:\/\/i0.wp.com\/fmnuestrasvoces.com.ar\/fmnv\/wp-content\/uploads\/2024\/04\/farcoCOLOR-1.jpg?resize=690%2C302&amp;ssl=1\" class=\"attachment-qantumthemes-medium size-qantumthemes-medium wp-post-image\" alt=\"\" srcset=\"https:\/\/i0.wp.com\/fmnuestrasvoces.com.ar\/fmnv\/wp-content\/uploads\/2024\/04\/farcoCOLOR-1.jpg?resize=1600%2C700&amp;ssl=1 1600w, https:\/\/i0.wp.com\/fmnuestrasvoces.com.ar\/fmnv\/wp-content\/uploads\/2024\/04\/farcoCOLOR-1.jpg?resize=1170%2C512&amp;ssl=1 1170w, https:\/\/i0.wp.com\/fmnuestrasvoces.com.ar\/fmnv\/wp-content\/uploads\/2024\/04\/farcoCOLOR-1.jpg?resize=690%2C302&amp;ssl=1 690w, https:\/\/i0.wp.com\/fmnuestrasvoces.com.ar\/fmnv\/wp-content\/uploads\/2024\/04\/farcoCOLOR-1.jpg?resize=100%2C44&amp;ssl=1 100w, https:\/\/i0.wp.com\/fmnuestrasvoces.com.ar\/fmnv\/wp-content\/uploads\/2024\/04\/farcoCOLOR-1.jpg?zoom=2&amp;resize=690%2C302&amp;ssl=1 1380w\" sizes=\"(max-width: 690px) 100vw, 690px\" \/>\t\t\t\t\t\t\t\t\t\t\t<\/div>\n\t\t\t\t\t\t\t\t\t\t \t\t\t\t\t\t\t\t\t<\/div>\n\t\t\t\t\t\t\t\t\t<div class=\"qt-overinfo qt-paper\">\n\t\t\t\t\t\t\t\t\t\t<p class=\"qt-item-det qt-accent\">\n\t\t\t\t\t\t\t\t\t\t\t<span class=\"qt-time\">10:30<\/span><span class=\"qt-day qt-capfont\">Martes<\/span>\n\t\t\t\t\t\t\t\t\t\t<\/p>\n\t\t\t\t\t\t\t\t\t\t<div class=\"qt-more\">\n\t\t\t\t\t\t\t\t\t\t\t<p class=\"qt-ellipsis-2\">Las noticias contadas por el equipo de corresponsales de las radios comunitarias, con la voz de sus protagonistas\r\n\r\nDuraci\u00f3n: 15 min\r\nConducci\u00f3n: Pepe Frutos\r\nOperaci\u00f3n T\u00e9cnica: Cristian Torres\r\nProducci\u00f3n: Red de corresponsales de FARCO\r\n\r\nEl Informativo FARCO se emite por primera vez, ininterrumpidamente, desde el 7 de febrero de 2005 a trav\u00e9s de la se\u00f1al digital de FARCO, en m\u00e1s de 170 radios de todo el pa\u00eds. y coordinado desde el Centro de Producci\u00f3n de Rosario.<\/p>\n\t\t\t\t\t\t\t\t\t\t\t<a href=\"https:\/\/fmnuestrasvoces.com.ar\/fmnv\/shows\/informativofarco1\/\">Ver M\u00e1s<\/a>\n\t\t\t\t\t\t\t\t\t\t<\/div>\n\t\t\t\t\t\t\t\t\t<\/div>\n\t\t\t\t\t\t\t\t<\/div>\n\t\t\t\t\t\t\t<\/div>\n\t\t\t\t\t\t\t<!-- SCHEDULE SHOW END ========================= -->\n\t\t\t\t\t\t\t\t\t\t\t\t\t<!-- SCHEDULE SHOW ========================= -->\n\t\t\t\t\t\t\t<div class=\"col s12 m4 l4\">\n\t\t\t\t\t\t\t\t<div class=\"qt-part-archive-item qt-part-show-schedule-day-item \">\n\t\t\t\t\t\t\t\t\t<div class=\"qt-item-header\">\n\t\t\t\t\t\t\t\t\t\t<div class=\"qt-header-mid qt-vc\">\n\t\t\t\t\t\t\t\t\t\t\t<div class=\"qt-vi\">\n\t\t\t\t\t\t\t\t\t\t\t\t<h4 class=\"qt-item-title qt-title qt-capfont\">\n\t\t\t\t\t\t\t\t\t\t\t\t\t<a href=\"https:\/\/fmnuestrasvoces.com.ar\/fmnv\/shows\/segurolayhabana\/\" class=\"qt-ellipsis  qt-t\">Segurola y Habana<\/a>\n\t\t\t\t\t\t\t\t\t\t\t\t<\/h4>\n\t\t\t\t\t\t\t\t\t\t\t\t<p class=\"qt-item-det\">\n\t\t\t\t\t\t\t\t\t\t\t\t\t<span class=\"qt-time\">11:00<\/span><span class=\"qt-day qt-capfont\">Martes<\/span>\n\t\t\t\t\t\t\t\t\t\t\t\t<\/p>\n\t\t\t\t\t\t\t\t\t\t\t<\/div>\n\t\t\t\t\t\t\t\t\t\t<\/div>\n\t\t\t\t\t\t\t\t\t\t<span class=\"qt-info bottom right\"><i class=\"dripicons-information\"><\/i><\/span>\n\n\t\t\t\t\t\t\t\t\t\t\t\t\t\t\t\t\t\t\t\t\t<div class=\"qt-header-bg\" data-bgimage=\"https:\/\/i0.wp.com\/fmnuestrasvoces.com.ar\/fmnv\/wp-content\/uploads\/2015\/03\/SegurolayhabanaCOLOR.jpg?fit=1024%2C539&#038;ssl=1\">\n\t\t\t\t\t\t\t\t\t\t\t\t<img loading=\"lazy\" decoding=\"async\" width=\"690\" height=\"302\" src=\"https:\/\/i0.wp.com\/fmnuestrasvoces.com.ar\/fmnv\/wp-content\/uploads\/2015\/03\/SegurolayhabanaCOLOR.jpg?resize=690%2C302&amp;ssl=1\" class=\"attachment-qantumthemes-medium size-qantumthemes-medium wp-post-image\" alt=\"\" srcset=\"https:\/\/i0.wp.com\/fmnuestrasvoces.com.ar\/fmnv\/wp-content\/uploads\/2015\/03\/SegurolayhabanaCOLOR.jpg?resize=1600%2C700&amp;ssl=1 1600w, https:\/\/i0.wp.com\/fmnuestrasvoces.com.ar\/fmnv\/wp-content\/uploads\/2015\/03\/SegurolayhabanaCOLOR.jpg?resize=1170%2C512&amp;ssl=1 1170w, https:\/\/i0.wp.com\/fmnuestrasvoces.com.ar\/fmnv\/wp-content\/uploads\/2015\/03\/SegurolayhabanaCOLOR.jpg?resize=690%2C302&amp;ssl=1 690w, https:\/\/i0.wp.com\/fmnuestrasvoces.com.ar\/fmnv\/wp-content\/uploads\/2015\/03\/SegurolayhabanaCOLOR.jpg?resize=100%2C44&amp;ssl=1 100w, https:\/\/i0.wp.com\/fmnuestrasvoces.com.ar\/fmnv\/wp-content\/uploads\/2015\/03\/SegurolayhabanaCOLOR.jpg?zoom=2&amp;resize=690%2C302&amp;ssl=1 1380w\" sizes=\"(max-width: 690px) 100vw, 690px\" \/>\t\t\t\t\t\t\t\t\t\t\t<\/div>\n\t\t\t\t\t\t\t\t\t\t \t\t\t\t\t\t\t\t\t<\/div>\n\t\t\t\t\t\t\t\t\t<div class=\"qt-overinfo qt-paper\">\n\t\t\t\t\t\t\t\t\t\t<p class=\"qt-item-det qt-accent\">\n\t\t\t\t\t\t\t\t\t\t\t<span class=\"qt-time\">11:00<\/span><span class=\"qt-day qt-capfont\">Martes<\/span>\n\t\t\t\t\t\t\t\t\t\t<\/p>\n\t\t\t\t\t\t\t\t\t\t<div class=\"qt-more\">\n\t\t\t\t\t\t\t\t\t\t\t<p class=\"qt-ellipsis-2\">Nos das una verdad y te devolvemos mil preguntas. En Segurola Y Habana analizamos la realidad con humor y tocando los temas que importan de la mano de los expertos, nuestros columnistas: Iv\u00e1n Schargrodsky, Alfredo Zaiat, Santiago Lev\u00edn, Quique Viale, Lucas Fauno, Tom\u00e1s Quintin Palma, Agostina Mileo, Juan Manuel Karg, Aldana Contrera, Lu Miranda y Santi Luc\u00eda. No faltar\u00e1 el buen cine y la buena m\u00fasica.\r\n\r\nJulia Mengolini, Fito Mendonca Paz, Pitu Salvatierra y gran equipo est\u00e1n de Lunes a Viernes de 13 a 16 hs.<\/p>\n\t\t\t\t\t\t\t\t\t\t\t<a href=\"https:\/\/fmnuestrasvoces.com.ar\/fmnv\/shows\/segurolayhabana\/\">Ver M\u00e1s<\/a>\n\t\t\t\t\t\t\t\t\t\t<\/div>\n\t\t\t\t\t\t\t\t\t<\/div>\n\t\t\t\t\t\t\t\t<\/div>\n\t\t\t\t\t\t\t<\/div>\n\t\t\t\t\t\t\t<!-- SCHEDULE SHOW END ========================= -->\n\t\t\t\t\t\t\t\t\t\t\t\t\t<!-- SCHEDULE SHOW ========================= -->\n\t\t\t\t\t\t\t<div class=\"col s12 m4 l4\">\n\t\t\t\t\t\t\t\t<div class=\"qt-part-archive-item qt-part-show-schedule-day-item \">\n\t\t\t\t\t\t\t\t\t<div class=\"qt-item-header\">\n\t\t\t\t\t\t\t\t\t\t<div class=\"qt-header-mid qt-vc\">\n\t\t\t\t\t\t\t\t\t\t\t<div class=\"qt-vi\">\n\t\t\t\t\t\t\t\t\t\t\t\t<h4 class=\"qt-item-title qt-title qt-capfont\">\n\t\t\t\t\t\t\t\t\t\t\t\t\t<a href=\"https:\/\/fmnuestrasvoces.com.ar\/fmnv\/shows\/informativofarco2\/\" class=\"qt-ellipsis  qt-t\">Informativo FARCO<\/a>\n\t\t\t\t\t\t\t\t\t\t\t\t<\/h4>\n\t\t\t\t\t\t\t\t\t\t\t\t<p class=\"qt-item-det\">\n\t\t\t\t\t\t\t\t\t\t\t\t\t<span class=\"qt-time\">13:00<\/span><span class=\"qt-day qt-capfont\">Martes<\/span>\n\t\t\t\t\t\t\t\t\t\t\t\t<\/p>\n\t\t\t\t\t\t\t\t\t\t\t<\/div>\n\t\t\t\t\t\t\t\t\t\t<\/div>\n\t\t\t\t\t\t\t\t\t\t<span class=\"qt-info bottom right\"><i class=\"dripicons-information\"><\/i><\/span>\n\n\t\t\t\t\t\t\t\t\t\t\t\t\t\t\t\t\t\t\t\t\t<div class=\"qt-header-bg\" data-bgimage=\"https:\/\/i0.wp.com\/fmnuestrasvoces.com.ar\/fmnv\/wp-content\/uploads\/2024\/04\/farcoCOLOR.jpg?fit=1024%2C539&#038;ssl=1\">\n\t\t\t\t\t\t\t\t\t\t\t\t<img loading=\"lazy\" decoding=\"async\" width=\"690\" height=\"302\" src=\"https:\/\/i0.wp.com\/fmnuestrasvoces.com.ar\/fmnv\/wp-content\/uploads\/2024\/04\/farcoCOLOR.jpg?resize=690%2C302&amp;ssl=1\" class=\"attachment-qantumthemes-medium size-qantumthemes-medium wp-post-image\" alt=\"\" srcset=\"https:\/\/i0.wp.com\/fmnuestrasvoces.com.ar\/fmnv\/wp-content\/uploads\/2024\/04\/farcoCOLOR.jpg?resize=1600%2C700&amp;ssl=1 1600w, https:\/\/i0.wp.com\/fmnuestrasvoces.com.ar\/fmnv\/wp-content\/uploads\/2024\/04\/farcoCOLOR.jpg?resize=1170%2C512&amp;ssl=1 1170w, https:\/\/i0.wp.com\/fmnuestrasvoces.com.ar\/fmnv\/wp-content\/uploads\/2024\/04\/farcoCOLOR.jpg?resize=690%2C302&amp;ssl=1 690w, https:\/\/i0.wp.com\/fmnuestrasvoces.com.ar\/fmnv\/wp-content\/uploads\/2024\/04\/farcoCOLOR.jpg?resize=100%2C44&amp;ssl=1 100w, https:\/\/i0.wp.com\/fmnuestrasvoces.com.ar\/fmnv\/wp-content\/uploads\/2024\/04\/farcoCOLOR.jpg?zoom=2&amp;resize=690%2C302&amp;ssl=1 1380w\" sizes=\"(max-width: 690px) 100vw, 690px\" \/>\t\t\t\t\t\t\t\t\t\t\t<\/div>\n\t\t\t\t\t\t\t\t\t\t \t\t\t\t\t\t\t\t\t<\/div>\n\t\t\t\t\t\t\t\t\t<div class=\"qt-overinfo qt-paper\">\n\t\t\t\t\t\t\t\t\t\t<p class=\"qt-item-det qt-accent\">\n\t\t\t\t\t\t\t\t\t\t\t<span class=\"qt-time\">13:00<\/span><span class=\"qt-day qt-capfont\">Martes<\/span>\n\t\t\t\t\t\t\t\t\t\t<\/p>\n\t\t\t\t\t\t\t\t\t\t<div class=\"qt-more\">\n\t\t\t\t\t\t\t\t\t\t\t<p class=\"qt-ellipsis-2\">Las noticias contadas por el equipo de corresponsales de las radios comunitarias, con la voz de sus protagonistas\r\n\r\nDuraci\u00f3n: 15 min\r\nConducci\u00f3n: Pepe Frutos\r\nOperaci\u00f3n T\u00e9cnica: Cristian Torres\r\nProducci\u00f3n: Red de corresponsales de FARCO\r\n\r\nEl Informativo FARCO se emite por primera vez, ininterrumpidamente, desde el 7 de febrero de 2005 a trav\u00e9s de la se\u00f1al digital de FARCO, en m\u00e1s de 170 radios de todo el pa\u00eds. y coordinado desde el Centro de Producci\u00f3n de Rosario.<\/p>\n\t\t\t\t\t\t\t\t\t\t\t<a href=\"https:\/\/fmnuestrasvoces.com.ar\/fmnv\/shows\/informativofarco2\/\">Ver M\u00e1s<\/a>\n\t\t\t\t\t\t\t\t\t\t<\/div>\n\t\t\t\t\t\t\t\t\t<\/div>\n\t\t\t\t\t\t\t\t<\/div>\n\t\t\t\t\t\t\t<\/div>\n\t\t\t\t\t\t\t<!-- SCHEDULE SHOW END ========================= -->\n\t\t\t\t\t\t\t\t\t\t\t\t\t<!-- SCHEDULE SHOW ========================= -->\n\t\t\t\t\t\t\t<div class=\"col s12 m4 l4\">\n\t\t\t\t\t\t\t\t<div class=\"qt-part-archive-item qt-part-show-schedule-day-item \">\n\t\t\t\t\t\t\t\t\t<div class=\"qt-item-header\">\n\t\t\t\t\t\t\t\t\t\t<div class=\"qt-header-mid qt-vc\">\n\t\t\t\t\t\t\t\t\t\t\t<div class=\"qt-vi\">\n\t\t\t\t\t\t\t\t\t\t\t\t<h4 class=\"qt-item-title qt-title qt-capfont\">\n\t\t\t\t\t\t\t\t\t\t\t\t\t<a href=\"https:\/\/fmnuestrasvoces.com.ar\/fmnv\/shows\/lahoraanimada\/\" class=\"qt-ellipsis  qt-t\">La hora animada<\/a>\n\t\t\t\t\t\t\t\t\t\t\t\t<\/h4>\n\t\t\t\t\t\t\t\t\t\t\t\t<p class=\"qt-item-det\">\n\t\t\t\t\t\t\t\t\t\t\t\t\t<span class=\"qt-time\">13:30<\/span><span class=\"qt-day qt-capfont\">Martes<\/span>\n\t\t\t\t\t\t\t\t\t\t\t\t<\/p>\n\t\t\t\t\t\t\t\t\t\t\t<\/div>\n\t\t\t\t\t\t\t\t\t\t<\/div>\n\t\t\t\t\t\t\t\t\t\t<span class=\"qt-info bottom right\"><i class=\"dripicons-information\"><\/i><\/span>\n\n\t\t\t\t\t\t\t\t\t\t\t\t\t\t\t\t\t\t\t\t\t<div class=\"qt-header-bg\" data-bgimage=\"https:\/\/i0.wp.com\/fmnuestrasvoces.com.ar\/fmnv\/wp-content\/uploads\/2015\/03\/LahoraanimadaCOLOR.jpg?fit=1024%2C539&#038;ssl=1\">\n\t\t\t\t\t\t\t\t\t\t\t\t<img loading=\"lazy\" decoding=\"async\" width=\"690\" height=\"302\" src=\"https:\/\/i0.wp.com\/fmnuestrasvoces.com.ar\/fmnv\/wp-content\/uploads\/2015\/03\/LahoraanimadaCOLOR.jpg?resize=690%2C302&amp;ssl=1\" class=\"attachment-qantumthemes-medium size-qantumthemes-medium wp-post-image\" alt=\"\" srcset=\"https:\/\/i0.wp.com\/fmnuestrasvoces.com.ar\/fmnv\/wp-content\/uploads\/2015\/03\/LahoraanimadaCOLOR.jpg?resize=1600%2C700&amp;ssl=1 1600w, https:\/\/i0.wp.com\/fmnuestrasvoces.com.ar\/fmnv\/wp-content\/uploads\/2015\/03\/LahoraanimadaCOLOR.jpg?resize=1170%2C512&amp;ssl=1 1170w, https:\/\/i0.wp.com\/fmnuestrasvoces.com.ar\/fmnv\/wp-content\/uploads\/2015\/03\/LahoraanimadaCOLOR.jpg?resize=690%2C302&amp;ssl=1 690w, https:\/\/i0.wp.com\/fmnuestrasvoces.com.ar\/fmnv\/wp-content\/uploads\/2015\/03\/LahoraanimadaCOLOR.jpg?resize=100%2C44&amp;ssl=1 100w, https:\/\/i0.wp.com\/fmnuestrasvoces.com.ar\/fmnv\/wp-content\/uploads\/2015\/03\/LahoraanimadaCOLOR.jpg?zoom=2&amp;resize=690%2C302&amp;ssl=1 1380w\" sizes=\"(max-width: 690px) 100vw, 690px\" \/>\t\t\t\t\t\t\t\t\t\t\t<\/div>\n\t\t\t\t\t\t\t\t\t\t \t\t\t\t\t\t\t\t\t<\/div>\n\t\t\t\t\t\t\t\t\t<div class=\"qt-overinfo qt-paper\">\n\t\t\t\t\t\t\t\t\t\t<p class=\"qt-item-det qt-accent\">\n\t\t\t\t\t\t\t\t\t\t\t<span class=\"qt-time\">13:30<\/span><span class=\"qt-day qt-capfont\">Martes<\/span>\n\t\t\t\t\t\t\t\t\t\t<\/p>\n\t\t\t\t\t\t\t\t\t\t<div class=\"qt-more\">\n\t\t\t\t\t\t\t\t\t\t\t<p class=\"qt-ellipsis-2\">Una hora de viaje musical en tu mediod\u00eda, de la mano de Mat\u00edas Messoulam y Barbi Recanati.<\/p>\n\t\t\t\t\t\t\t\t\t\t\t<a href=\"https:\/\/fmnuestrasvoces.com.ar\/fmnv\/shows\/lahoraanimada\/\">Ver M\u00e1s<\/a>\n\t\t\t\t\t\t\t\t\t\t<\/div>\n\t\t\t\t\t\t\t\t\t<\/div>\n\t\t\t\t\t\t\t\t<\/div>\n\t\t\t\t\t\t\t<\/div>\n\t\t\t\t\t\t\t<!-- SCHEDULE SHOW END ========================= -->\n\t\t\t\t\t\t\t\t\t\t\t\t\t<!-- SCHEDULE SHOW ========================= -->\n\t\t\t\t\t\t\t<div class=\"col s12 m4 l4\">\n\t\t\t\t\t\t\t\t<div class=\"qt-part-archive-item qt-part-show-schedule-day-item \">\n\t\t\t\t\t\t\t\t\t<div class=\"qt-item-header\">\n\t\t\t\t\t\t\t\t\t\t<div class=\"qt-header-mid qt-vc\">\n\t\t\t\t\t\t\t\t\t\t\t<div class=\"qt-vi\">\n\t\t\t\t\t\t\t\t\t\t\t\t<h4 class=\"qt-item-title qt-title qt-capfont\">\n\t\t\t\t\t\t\t\t\t\t\t\t\t<a href=\"https:\/\/fmnuestrasvoces.com.ar\/fmnv\/shows\/cronicaanunciada\/\" class=\"qt-ellipsis  qt-t\">Cr\u00f3nica Anunciada<\/a>\n\t\t\t\t\t\t\t\t\t\t\t\t<\/h4>\n\t\t\t\t\t\t\t\t\t\t\t\t<p class=\"qt-item-det\">\n\t\t\t\t\t\t\t\t\t\t\t\t\t<span class=\"qt-time\">14:00<\/span><span class=\"qt-day qt-capfont\">Martes<\/span>\n\t\t\t\t\t\t\t\t\t\t\t\t<\/p>\n\t\t\t\t\t\t\t\t\t\t\t<\/div>\n\t\t\t\t\t\t\t\t\t\t<\/div>\n\t\t\t\t\t\t\t\t\t\t<span class=\"qt-info bottom right\"><i class=\"dripicons-information\"><\/i><\/span>\n\n\t\t\t\t\t\t\t\t\t\t\t\t\t\t\t\t\t\t\t\t\t<div class=\"qt-header-bg\" data-bgimage=\"https:\/\/i0.wp.com\/fmnuestrasvoces.com.ar\/fmnv\/wp-content\/uploads\/2024\/04\/PanoramasurCOLOR.jpg?fit=1024%2C539&#038;ssl=1\">\n\t\t\t\t\t\t\t\t\t\t\t\t<img loading=\"lazy\" decoding=\"async\" width=\"690\" height=\"302\" src=\"https:\/\/i0.wp.com\/fmnuestrasvoces.com.ar\/fmnv\/wp-content\/uploads\/2024\/04\/PanoramasurCOLOR.jpg?resize=690%2C302&amp;ssl=1\" class=\"attachment-qantumthemes-medium size-qantumthemes-medium wp-post-image\" alt=\"\" srcset=\"https:\/\/i0.wp.com\/fmnuestrasvoces.com.ar\/fmnv\/wp-content\/uploads\/2024\/04\/PanoramasurCOLOR.jpg?resize=1600%2C700&amp;ssl=1 1600w, https:\/\/i0.wp.com\/fmnuestrasvoces.com.ar\/fmnv\/wp-content\/uploads\/2024\/04\/PanoramasurCOLOR.jpg?resize=1170%2C512&amp;ssl=1 1170w, https:\/\/i0.wp.com\/fmnuestrasvoces.com.ar\/fmnv\/wp-content\/uploads\/2024\/04\/PanoramasurCOLOR.jpg?resize=690%2C302&amp;ssl=1 690w, https:\/\/i0.wp.com\/fmnuestrasvoces.com.ar\/fmnv\/wp-content\/uploads\/2024\/04\/PanoramasurCOLOR.jpg?resize=100%2C44&amp;ssl=1 100w, https:\/\/i0.wp.com\/fmnuestrasvoces.com.ar\/fmnv\/wp-content\/uploads\/2024\/04\/PanoramasurCOLOR.jpg?zoom=2&amp;resize=690%2C302&amp;ssl=1 1380w\" sizes=\"(max-width: 690px) 100vw, 690px\" \/>\t\t\t\t\t\t\t\t\t\t\t<\/div>\n\t\t\t\t\t\t\t\t\t\t \t\t\t\t\t\t\t\t\t<\/div>\n\t\t\t\t\t\t\t\t\t<div class=\"qt-overinfo qt-paper\">\n\t\t\t\t\t\t\t\t\t\t<p class=\"qt-item-det qt-accent\">\n\t\t\t\t\t\t\t\t\t\t\t<span class=\"qt-time\">14:00<\/span><span class=\"qt-day qt-capfont\">Martes<\/span>\n\t\t\t\t\t\t\t\t\t\t<\/p>\n\t\t\t\t\t\t\t\t\t\t<div class=\"qt-more\">\n\t\t\t\t\t\t\t\t\t\t\t<p class=\"qt-ellipsis-2\">Te contamos la cr\u00f3nica anunciada de todos los d\u00edas con Juan Amor\u00edn, Poli Sabat\u00e9s y Sebasti\u00e1n Caz\u00f3n.<\/p>\n\t\t\t\t\t\t\t\t\t\t\t<a href=\"https:\/\/fmnuestrasvoces.com.ar\/fmnv\/shows\/cronicaanunciada\/\">Ver M\u00e1s<\/a>\n\t\t\t\t\t\t\t\t\t\t<\/div>\n\t\t\t\t\t\t\t\t\t<\/div>\n\t\t\t\t\t\t\t\t<\/div>\n\t\t\t\t\t\t\t<\/div>\n\t\t\t\t\t\t\t<!-- SCHEDULE SHOW END ========================= -->\n\t\t\t\t\t\t\t\t\t\t\t\t\t<!-- SCHEDULE SHOW ========================= -->\n\t\t\t\t\t\t\t<div class=\"col s12 m4 l4\">\n\t\t\t\t\t\t\t\t<div class=\"qt-part-archive-item qt-part-show-schedule-day-item \">\n\t\t\t\t\t\t\t\t\t<div class=\"qt-item-header\">\n\t\t\t\t\t\t\t\t\t\t<div class=\"qt-header-mid qt-vc\">\n\t\t\t\t\t\t\t\t\t\t\t<div class=\"qt-vi\">\n\t\t\t\t\t\t\t\t\t\t\t\t<h4 class=\"qt-item-title qt-title qt-capfont\">\n\t\t\t\t\t\t\t\t\t\t\t\t\t<a href=\"https:\/\/fmnuestrasvoces.com.ar\/fmnv\/shows\/furiabebe\/\" class=\"qt-ellipsis  qt-t\">Furia Beb\u00e9<\/a>\n\t\t\t\t\t\t\t\t\t\t\t\t<\/h4>\n\t\t\t\t\t\t\t\t\t\t\t\t<p class=\"qt-item-det\">\n\t\t\t\t\t\t\t\t\t\t\t\t\t<span class=\"qt-time\">16:00<\/span><span class=\"qt-day qt-capfont\">Martes<\/span>\n\t\t\t\t\t\t\t\t\t\t\t\t<\/p>\n\t\t\t\t\t\t\t\t\t\t\t<\/div>\n\t\t\t\t\t\t\t\t\t\t<\/div>\n\t\t\t\t\t\t\t\t\t\t<span class=\"qt-info bottom right\"><i class=\"dripicons-information\"><\/i><\/span>\n\n\t\t\t\t\t\t\t\t\t\t\t\t\t\t\t\t\t\t\t\t\t<div class=\"qt-header-bg\" data-bgimage=\"https:\/\/i0.wp.com\/fmnuestrasvoces.com.ar\/fmnv\/wp-content\/uploads\/2015\/03\/FuriaBebeCOLOR.jpg?fit=1024%2C539&#038;ssl=1\">\n\t\t\t\t\t\t\t\t\t\t\t\t<img loading=\"lazy\" decoding=\"async\" width=\"690\" height=\"302\" src=\"https:\/\/i0.wp.com\/fmnuestrasvoces.com.ar\/fmnv\/wp-content\/uploads\/2015\/03\/FuriaBebeCOLOR.jpg?resize=690%2C302&amp;ssl=1\" class=\"attachment-qantumthemes-medium size-qantumthemes-medium wp-post-image\" alt=\"\" srcset=\"https:\/\/i0.wp.com\/fmnuestrasvoces.com.ar\/fmnv\/wp-content\/uploads\/2015\/03\/FuriaBebeCOLOR.jpg?resize=1600%2C700&amp;ssl=1 1600w, https:\/\/i0.wp.com\/fmnuestrasvoces.com.ar\/fmnv\/wp-content\/uploads\/2015\/03\/FuriaBebeCOLOR.jpg?resize=1170%2C512&amp;ssl=1 1170w, https:\/\/i0.wp.com\/fmnuestrasvoces.com.ar\/fmnv\/wp-content\/uploads\/2015\/03\/FuriaBebeCOLOR.jpg?resize=690%2C302&amp;ssl=1 690w, https:\/\/i0.wp.com\/fmnuestrasvoces.com.ar\/fmnv\/wp-content\/uploads\/2015\/03\/FuriaBebeCOLOR.jpg?resize=100%2C44&amp;ssl=1 100w, https:\/\/i0.wp.com\/fmnuestrasvoces.com.ar\/fmnv\/wp-content\/uploads\/2015\/03\/FuriaBebeCOLOR.jpg?zoom=2&amp;resize=690%2C302&amp;ssl=1 1380w\" sizes=\"(max-width: 690px) 100vw, 690px\" \/>\t\t\t\t\t\t\t\t\t\t\t<\/div>\n\t\t\t\t\t\t\t\t\t\t \t\t\t\t\t\t\t\t\t<\/div>\n\t\t\t\t\t\t\t\t\t<div class=\"qt-overinfo qt-paper\">\n\t\t\t\t\t\t\t\t\t\t<p class=\"qt-item-det qt-accent\">\n\t\t\t\t\t\t\t\t\t\t\t<span class=\"qt-time\">16:00<\/span><span class=\"qt-day qt-capfont\">Martes<\/span>\n\t\t\t\t\t\t\t\t\t\t<\/p>\n\t\t\t\t\t\t\t\t\t\t<div class=\"qt-more\">\n\t\t\t\t\t\t\t\t\t\t\t<p class=\"qt-ellipsis-2\">Malena Pichot, Danila Saiegh y Vanesa Strauch son Furia Beb\u00e9. Humor, humor y humor. Y otras cosas tambi\u00e9n.<\/p>\n\t\t\t\t\t\t\t\t\t\t\t<a href=\"https:\/\/fmnuestrasvoces.com.ar\/fmnv\/shows\/furiabebe\/\">Ver M\u00e1s<\/a>\n\t\t\t\t\t\t\t\t\t\t<\/div>\n\t\t\t\t\t\t\t\t\t<\/div>\n\t\t\t\t\t\t\t\t<\/div>\n\t\t\t\t\t\t\t<\/div>\n\t\t\t\t\t\t\t<!-- SCHEDULE SHOW END ========================= -->\n\t\t\t\t\t\t\t\t\t\t\t\t\t<!-- SCHEDULE SHOW ========================= -->\n\t\t\t\t\t\t\t<div class=\"col s12 m4 l4\">\n\t\t\t\t\t\t\t\t<div class=\"qt-part-archive-item qt-part-show-schedule-day-item \">\n\t\t\t\t\t\t\t\t\t<div class=\"qt-item-header\">\n\t\t\t\t\t\t\t\t\t\t<div class=\"qt-header-mid qt-vc\">\n\t\t\t\t\t\t\t\t\t\t\t<div class=\"qt-vi\">\n\t\t\t\t\t\t\t\t\t\t\t\t<h4 class=\"qt-item-title qt-title qt-capfont\">\n\t\t\t\t\t\t\t\t\t\t\t\t\t<a href=\"https:\/\/fmnuestrasvoces.com.ar\/fmnv\/shows\/tripulantesrepe\/\" class=\"qt-ellipsis  qt-t\">Tripulantes de la Ma\u00f1ana<\/a>\n\t\t\t\t\t\t\t\t\t\t\t\t<\/h4>\n\t\t\t\t\t\t\t\t\t\t\t\t<p class=\"qt-item-det\">\n\t\t\t\t\t\t\t\t\t\t\t\t\t<span class=\"qt-time\">18:00<\/span><span class=\"qt-day qt-capfont\">Martes<\/span>\n\t\t\t\t\t\t\t\t\t\t\t\t<\/p>\n\t\t\t\t\t\t\t\t\t\t\t<\/div>\n\t\t\t\t\t\t\t\t\t\t<\/div>\n\t\t\t\t\t\t\t\t\t\t<span class=\"qt-info bottom right\"><i class=\"dripicons-information\"><\/i><\/span>\n\n\t\t\t\t\t\t\t\t\t\t\t\t\t\t\t\t\t\t\t\t\t<div class=\"qt-header-bg\" data-bgimage=\"https:\/\/i0.wp.com\/fmnuestrasvoces.com.ar\/fmnv\/wp-content\/uploads\/2015\/03\/TripulantesCOLOR.jpg?fit=1024%2C539&#038;ssl=1\">\n\t\t\t\t\t\t\t\t\t\t\t\t<img decoding=\"async\" width=\"690\" height=\"302\" src=\"https:\/\/i0.wp.com\/fmnuestrasvoces.com.ar\/fmnv\/wp-content\/uploads\/2015\/03\/TripulantesCOLOR.jpg?resize=690%2C302&amp;ssl=1\" class=\"attachment-qantumthemes-medium size-qantumthemes-medium wp-post-image\" alt=\"\" srcset=\"https:\/\/i0.wp.com\/fmnuestrasvoces.com.ar\/fmnv\/wp-content\/uploads\/2015\/03\/TripulantesCOLOR.jpg?resize=1600%2C700&amp;ssl=1 1600w, https:\/\/i0.wp.com\/fmnuestrasvoces.com.ar\/fmnv\/wp-content\/uploads\/2015\/03\/TripulantesCOLOR.jpg?resize=1170%2C512&amp;ssl=1 1170w, https:\/\/i0.wp.com\/fmnuestrasvoces.com.ar\/fmnv\/wp-content\/uploads\/2015\/03\/TripulantesCOLOR.jpg?resize=690%2C302&amp;ssl=1 690w, https:\/\/i0.wp.com\/fmnuestrasvoces.com.ar\/fmnv\/wp-content\/uploads\/2015\/03\/TripulantesCOLOR.jpg?resize=100%2C44&amp;ssl=1 100w, https:\/\/i0.wp.com\/fmnuestrasvoces.com.ar\/fmnv\/wp-content\/uploads\/2015\/03\/TripulantesCOLOR.jpg?zoom=2&amp;resize=690%2C302&amp;ssl=1 1380w\" sizes=\"(max-width: 690px) 100vw, 690px\" \/>\t\t\t\t\t\t\t\t\t\t\t<\/div>\n\t\t\t\t\t\t\t\t\t\t \t\t\t\t\t\t\t\t\t<\/div>\n\t\t\t\t\t\t\t\t\t<div class=\"qt-overinfo qt-paper\">\n\t\t\t\t\t\t\t\t\t\t<p class=\"qt-item-det qt-accent\">\n\t\t\t\t\t\t\t\t\t\t\t<span class=\"qt-time\">18:00<\/span><span class=\"qt-day qt-capfont\">Martes<\/span>\n\t\t\t\t\t\t\t\t\t\t<\/p>\n\t\t\t\t\t\t\t\t\t\t<div class=\"qt-more\">\n\t\t\t\t\t\t\t\t\t\t\t<p class=\"qt-ellipsis-2\">Todo lo que necesitas saber sobre el sector docente, educaci\u00f3n, pol\u00edtica, cultura y el \u00e1mbito social de nuestra provincia.\r\n\r\nMantenete al tanto de la actualidad con Roc\u00edo Solier, Alejandro Nonini y Nelson Coronel.<\/p>\n\t\t\t\t\t\t\t\t\t\t\t<a href=\"https:\/\/fmnuestrasvoces.com.ar\/fmnv\/shows\/tripulantesrepe\/\">Ver M\u00e1s<\/a>\n\t\t\t\t\t\t\t\t\t\t<\/div>\n\t\t\t\t\t\t\t\t\t<\/div>\n\t\t\t\t\t\t\t\t<\/div>\n\t\t\t\t\t\t\t<\/div>\n\t\t\t\t\t\t\t<!-- SCHEDULE SHOW END ========================= -->\n\t\t\t\t\t\t\t\t\t\t\t\t\t<!-- SCHEDULE SHOW ========================= -->\n\t\t\t\t\t\t\t<div class=\"col s12 m4 l4\">\n\t\t\t\t\t\t\t\t<div class=\"qt-part-archive-item qt-part-show-schedule-day-item \">\n\t\t\t\t\t\t\t\t\t<div class=\"qt-item-header\">\n\t\t\t\t\t\t\t\t\t\t<div class=\"qt-header-mid qt-vc\">\n\t\t\t\t\t\t\t\t\t\t\t<div class=\"qt-vi\">\n\t\t\t\t\t\t\t\t\t\t\t\t<h4 class=\"qt-item-title qt-title qt-capfont\">\n\t\t\t\t\t\t\t\t\t\t\t\t\t<a href=\"https:\/\/fmnuestrasvoces.com.ar\/fmnv\/shows\/inthemix\/\" class=\"qt-ellipsis  qt-t\">In the Mix<\/a>\n\t\t\t\t\t\t\t\t\t\t\t\t<\/h4>\n\t\t\t\t\t\t\t\t\t\t\t\t<p class=\"qt-item-det\">\n\t\t\t\t\t\t\t\t\t\t\t\t\t<span class=\"qt-time\">00:00<\/span><span class=\"qt-day qt-capfont\">Martes<\/span>\n\t\t\t\t\t\t\t\t\t\t\t\t<\/p>\n\t\t\t\t\t\t\t\t\t\t\t<\/div>\n\t\t\t\t\t\t\t\t\t\t<\/div>\n\t\t\t\t\t\t\t\t\t\t<span class=\"qt-info bottom right\"><i class=\"dripicons-information\"><\/i><\/span>\n\n\t\t\t\t\t\t\t\t\t\t\t\t\t\t\t\t\t\t\t\t\t<div class=\"qt-header-bg\" data-bgimage=\"https:\/\/i0.wp.com\/fmnuestrasvoces.com.ar\/fmnv\/wp-content\/uploads\/2024\/04\/in-the-mix-1.jpg?fit=1024%2C539&#038;ssl=1\">\n\t\t\t\t\t\t\t\t\t\t\t\t<img loading=\"lazy\" decoding=\"async\" width=\"690\" height=\"302\" src=\"https:\/\/i0.wp.com\/fmnuestrasvoces.com.ar\/fmnv\/wp-content\/uploads\/2024\/04\/in-the-mix-1.jpg?resize=690%2C302&amp;ssl=1\" class=\"attachment-qantumthemes-medium size-qantumthemes-medium wp-post-image\" alt=\"\" srcset=\"https:\/\/i0.wp.com\/fmnuestrasvoces.com.ar\/fmnv\/wp-content\/uploads\/2024\/04\/in-the-mix-1.jpg?resize=1600%2C700&amp;ssl=1 1600w, https:\/\/i0.wp.com\/fmnuestrasvoces.com.ar\/fmnv\/wp-content\/uploads\/2024\/04\/in-the-mix-1.jpg?resize=1170%2C512&amp;ssl=1 1170w, https:\/\/i0.wp.com\/fmnuestrasvoces.com.ar\/fmnv\/wp-content\/uploads\/2024\/04\/in-the-mix-1.jpg?resize=690%2C302&amp;ssl=1 690w, https:\/\/i0.wp.com\/fmnuestrasvoces.com.ar\/fmnv\/wp-content\/uploads\/2024\/04\/in-the-mix-1.jpg?resize=100%2C44&amp;ssl=1 100w, https:\/\/i0.wp.com\/fmnuestrasvoces.com.ar\/fmnv\/wp-content\/uploads\/2024\/04\/in-the-mix-1.jpg?zoom=2&amp;resize=690%2C302&amp;ssl=1 1380w\" sizes=\"(max-width: 690px) 100vw, 690px\" \/>\t\t\t\t\t\t\t\t\t\t\t<\/div>\n\t\t\t\t\t\t\t\t\t\t \t\t\t\t\t\t\t\t\t<\/div>\n\t\t\t\t\t\t\t\t\t<div class=\"qt-overinfo qt-paper\">\n\t\t\t\t\t\t\t\t\t\t<p class=\"qt-item-det qt-accent\">\n\t\t\t\t\t\t\t\t\t\t\t<span class=\"qt-time\">00:00<\/span><span class=\"qt-day qt-capfont\">Martes<\/span>\n\t\t\t\t\t\t\t\t\t\t<\/p>\n\t\t\t\t\t\t\t\t\t\t<div class=\"qt-more\">\n\t\t\t\t\t\t\t\t\t\t\t<p class=\"qt-ellipsis-2\">La mejor selecci\u00f3n de m\u00fasica enganchada de todos los tiempos por DJs nacionales e internacionales.<\/p>\n\t\t\t\t\t\t\t\t\t\t\t<a href=\"https:\/\/fmnuestrasvoces.com.ar\/fmnv\/shows\/inthemix\/\">Ver M\u00e1s<\/a>\n\t\t\t\t\t\t\t\t\t\t<\/div>\n\t\t\t\t\t\t\t\t\t<\/div>\n\t\t\t\t\t\t\t\t<\/div>\n\t\t\t\t\t\t\t<\/div>\n\t\t\t\t\t\t\t<!-- SCHEDULE SHOW END ========================= -->\n\t\t\t\t\t\t<\/div>\n<!-- SCHEDULE DAY END ================================================== -->\t\t\t<\/div>\n\t\t\t\t\t<div id=\"miercoles\" class=\"qt-show-schedule-day qt-isactive-active\">\n\t\t\t\t<!-- SCHEDULE DAY ================================================== -->\n<div class=\"qt-show-schedule-day row qt-active-1\">\n\t\t\t\t\t\t\t\t<!-- SCHEDULE SHOW ========================= -->\n\t\t\t\t\t\t\t<div class=\"col s12 m4 l4\">\n\t\t\t\t\t\t\t\t<div class=\"qt-part-archive-item qt-part-show-schedule-day-item \">\n\t\t\t\t\t\t\t\t\t<div class=\"qt-item-header\">\n\t\t\t\t\t\t\t\t\t\t<div class=\"qt-header-mid qt-vc\">\n\t\t\t\t\t\t\t\t\t\t\t<div class=\"qt-vi\">\n\t\t\t\t\t\t\t\t\t\t\t\t<h4 class=\"qt-item-title qt-title qt-capfont\">\n\t\t\t\t\t\t\t\t\t\t\t\t\t<a href=\"https:\/\/fmnuestrasvoces.com.ar\/fmnv\/shows\/ahoradicen\/\" class=\"qt-ellipsis  qt-t\">Ahora Dicen<\/a>\n\t\t\t\t\t\t\t\t\t\t\t\t<\/h4>\n\t\t\t\t\t\t\t\t\t\t\t\t<p class=\"qt-item-det\">\n\t\t\t\t\t\t\t\t\t\t\t\t\t<span class=\"qt-time\">07:00<\/span><span class=\"qt-day qt-capfont\">Mi\u00e9rcoles<\/span>\n\t\t\t\t\t\t\t\t\t\t\t\t<\/p>\n\t\t\t\t\t\t\t\t\t\t\t<\/div>\n\t\t\t\t\t\t\t\t\t\t<\/div>\n\t\t\t\t\t\t\t\t\t\t<span class=\"qt-info bottom right\"><i class=\"dripicons-information\"><\/i><\/span>\n\n\t\t\t\t\t\t\t\t\t\t\t\t\t\t\t\t\t\t\t\t\t<div class=\"qt-header-bg\" data-bgimage=\"https:\/\/i0.wp.com\/fmnuestrasvoces.com.ar\/fmnv\/wp-content\/uploads\/2015\/03\/AhoradicenCOLOR.jpg?fit=1024%2C539&#038;ssl=1\">\n\t\t\t\t\t\t\t\t\t\t\t\t<img fetchpriority=\"high\" decoding=\"async\" width=\"690\" height=\"302\" src=\"https:\/\/i0.wp.com\/fmnuestrasvoces.com.ar\/fmnv\/wp-content\/uploads\/2015\/03\/AhoradicenCOLOR.jpg?resize=690%2C302&amp;ssl=1\" class=\"attachment-qantumthemes-medium size-qantumthemes-medium wp-post-image\" alt=\"\" srcset=\"https:\/\/i0.wp.com\/fmnuestrasvoces.com.ar\/fmnv\/wp-content\/uploads\/2015\/03\/AhoradicenCOLOR.jpg?resize=1600%2C700&amp;ssl=1 1600w, https:\/\/i0.wp.com\/fmnuestrasvoces.com.ar\/fmnv\/wp-content\/uploads\/2015\/03\/AhoradicenCOLOR.jpg?resize=1170%2C512&amp;ssl=1 1170w, https:\/\/i0.wp.com\/fmnuestrasvoces.com.ar\/fmnv\/wp-content\/uploads\/2015\/03\/AhoradicenCOLOR.jpg?resize=690%2C302&amp;ssl=1 690w, https:\/\/i0.wp.com\/fmnuestrasvoces.com.ar\/fmnv\/wp-content\/uploads\/2015\/03\/AhoradicenCOLOR.jpg?resize=100%2C44&amp;ssl=1 100w, https:\/\/i0.wp.com\/fmnuestrasvoces.com.ar\/fmnv\/wp-content\/uploads\/2015\/03\/AhoradicenCOLOR.jpg?zoom=2&amp;resize=690%2C302&amp;ssl=1 1380w\" sizes=\"(max-width: 690px) 100vw, 690px\" \/>\t\t\t\t\t\t\t\t\t\t\t<\/div>\n\t\t\t\t\t\t\t\t\t\t \t\t\t\t\t\t\t\t\t<\/div>\n\t\t\t\t\t\t\t\t\t<div class=\"qt-overinfo qt-paper\">\n\t\t\t\t\t\t\t\t\t\t<p class=\"qt-item-det qt-accent\">\n\t\t\t\t\t\t\t\t\t\t\t<span class=\"qt-time\">07:00<\/span><span class=\"qt-day qt-capfont\">Mi\u00e9rcoles<\/span>\n\t\t\t\t\t\t\t\t\t\t<\/p>\n\t\t\t\t\t\t\t\t\t\t<div class=\"qt-more\">\n\t\t\t\t\t\t\t\t\t\t\t<p class=\"qt-ellipsis-2\">Madruga para que nadie te madrugue #AhoraDicen La primera ma\u00f1ana de Futurock.fm conducen Flor Halfon y Nico Fiorentino.<\/p>\n\t\t\t\t\t\t\t\t\t\t\t<a href=\"https:\/\/fmnuestrasvoces.com.ar\/fmnv\/shows\/ahoradicen\/\">Ver M\u00e1s<\/a>\n\t\t\t\t\t\t\t\t\t\t<\/div>\n\t\t\t\t\t\t\t\t\t<\/div>\n\t\t\t\t\t\t\t\t<\/div>\n\t\t\t\t\t\t\t<\/div>\n\t\t\t\t\t\t\t<!-- SCHEDULE SHOW END ========================= -->\n\t\t\t\t\t\t\t\t\t\t\t\t\t<!-- SCHEDULE SHOW ========================= -->\n\t\t\t\t\t\t\t<div class=\"col s12 m4 l4\">\n\t\t\t\t\t\t\t\t<div class=\"qt-part-archive-item qt-part-show-schedule-day-item \">\n\t\t\t\t\t\t\t\t\t<div class=\"qt-item-header\">\n\t\t\t\t\t\t\t\t\t\t<div class=\"qt-header-mid qt-vc\">\n\t\t\t\t\t\t\t\t\t\t\t<div class=\"qt-vi\">\n\t\t\t\t\t\t\t\t\t\t\t\t<h4 class=\"qt-item-title qt-title qt-capfont\">\n\t\t\t\t\t\t\t\t\t\t\t\t\t<a href=\"https:\/\/fmnuestrasvoces.com.ar\/fmnv\/shows\/tripulantes\/\" class=\"qt-ellipsis  qt-t\">Tripulantes de la Ma\u00f1ana<\/a>\n\t\t\t\t\t\t\t\t\t\t\t\t<\/h4>\n\t\t\t\t\t\t\t\t\t\t\t\t<p class=\"qt-item-det\">\n\t\t\t\t\t\t\t\t\t\t\t\t\t<span class=\"qt-time\">08:00<\/span><span class=\"qt-day qt-capfont\">Mi\u00e9rcoles<\/span>\n\t\t\t\t\t\t\t\t\t\t\t\t<\/p>\n\t\t\t\t\t\t\t\t\t\t\t<\/div>\n\t\t\t\t\t\t\t\t\t\t<\/div>\n\t\t\t\t\t\t\t\t\t\t<span class=\"qt-info bottom right\"><i class=\"dripicons-information\"><\/i><\/span>\n\n\t\t\t\t\t\t\t\t\t\t\t\t\t\t\t\t\t\t\t\t\t<div class=\"qt-header-bg\" data-bgimage=\"https:\/\/i0.wp.com\/fmnuestrasvoces.com.ar\/fmnv\/wp-content\/uploads\/2015\/03\/TripulantesCOLOR.jpg?fit=1024%2C539&#038;ssl=1\">\n\t\t\t\t\t\t\t\t\t\t\t\t<img decoding=\"async\" width=\"690\" height=\"302\" src=\"https:\/\/i0.wp.com\/fmnuestrasvoces.com.ar\/fmnv\/wp-content\/uploads\/2015\/03\/TripulantesCOLOR.jpg?resize=690%2C302&amp;ssl=1\" class=\"attachment-qantumthemes-medium size-qantumthemes-medium wp-post-image\" alt=\"\" srcset=\"https:\/\/i0.wp.com\/fmnuestrasvoces.com.ar\/fmnv\/wp-content\/uploads\/2015\/03\/TripulantesCOLOR.jpg?resize=1600%2C700&amp;ssl=1 1600w, https:\/\/i0.wp.com\/fmnuestrasvoces.com.ar\/fmnv\/wp-content\/uploads\/2015\/03\/TripulantesCOLOR.jpg?resize=1170%2C512&amp;ssl=1 1170w, https:\/\/i0.wp.com\/fmnuestrasvoces.com.ar\/fmnv\/wp-content\/uploads\/2015\/03\/TripulantesCOLOR.jpg?resize=690%2C302&amp;ssl=1 690w, https:\/\/i0.wp.com\/fmnuestrasvoces.com.ar\/fmnv\/wp-content\/uploads\/2015\/03\/TripulantesCOLOR.jpg?resize=100%2C44&amp;ssl=1 100w, https:\/\/i0.wp.com\/fmnuestrasvoces.com.ar\/fmnv\/wp-content\/uploads\/2015\/03\/TripulantesCOLOR.jpg?zoom=2&amp;resize=690%2C302&amp;ssl=1 1380w\" sizes=\"(max-width: 690px) 100vw, 690px\" \/>\t\t\t\t\t\t\t\t\t\t\t<\/div>\n\t\t\t\t\t\t\t\t\t\t \t\t\t\t\t\t\t\t\t<\/div>\n\t\t\t\t\t\t\t\t\t<div class=\"qt-overinfo qt-paper\">\n\t\t\t\t\t\t\t\t\t\t<p class=\"qt-item-det qt-accent\">\n\t\t\t\t\t\t\t\t\t\t\t<span class=\"qt-time\">08:00<\/span><span class=\"qt-day qt-capfont\">Mi\u00e9rcoles<\/span>\n\t\t\t\t\t\t\t\t\t\t<\/p>\n\t\t\t\t\t\t\t\t\t\t<div class=\"qt-more\">\n\t\t\t\t\t\t\t\t\t\t\t<p class=\"qt-ellipsis-2\">Todo lo que necesitas saber sobre el sector docente, educaci\u00f3n, pol\u00edtica, cultura y el \u00e1mbito social de nuestra provincia.\r\n\r\nMantenete al tanto de la actualidad con Roc\u00edo Solier, Alejandro Nonini y Nelson Coronel.<\/p>\n\t\t\t\t\t\t\t\t\t\t\t<a href=\"https:\/\/fmnuestrasvoces.com.ar\/fmnv\/shows\/tripulantes\/\">Ver M\u00e1s<\/a>\n\t\t\t\t\t\t\t\t\t\t<\/div>\n\t\t\t\t\t\t\t\t\t<\/div>\n\t\t\t\t\t\t\t\t<\/div>\n\t\t\t\t\t\t\t<\/div>\n\t\t\t\t\t\t\t<!-- SCHEDULE SHOW END ========================= -->\n\t\t\t\t\t\t\t\t\t\t\t\t\t<!-- SCHEDULE SHOW ========================= -->\n\t\t\t\t\t\t\t<div class=\"col s12 m4 l4\">\n\t\t\t\t\t\t\t\t<div class=\"qt-part-archive-item qt-part-show-schedule-day-item \">\n\t\t\t\t\t\t\t\t\t<div class=\"qt-item-header\">\n\t\t\t\t\t\t\t\t\t\t<div class=\"qt-header-mid qt-vc\">\n\t\t\t\t\t\t\t\t\t\t\t<div class=\"qt-vi\">\n\t\t\t\t\t\t\t\t\t\t\t\t<h4 class=\"qt-item-title qt-title qt-capfont\">\n\t\t\t\t\t\t\t\t\t\t\t\t\t<a href=\"https:\/\/fmnuestrasvoces.com.ar\/fmnv\/shows\/informativofarco1\/\" class=\"qt-ellipsis  qt-t\">Informativo FARCO<\/a>\n\t\t\t\t\t\t\t\t\t\t\t\t<\/h4>\n\t\t\t\t\t\t\t\t\t\t\t\t<p class=\"qt-item-det\">\n\t\t\t\t\t\t\t\t\t\t\t\t\t<span class=\"qt-time\">10:30<\/span><span class=\"qt-day qt-capfont\">Mi\u00e9rcoles<\/span>\n\t\t\t\t\t\t\t\t\t\t\t\t<\/p>\n\t\t\t\t\t\t\t\t\t\t\t<\/div>\n\t\t\t\t\t\t\t\t\t\t<\/div>\n\t\t\t\t\t\t\t\t\t\t<span class=\"qt-info bottom right\"><i class=\"dripicons-information\"><\/i><\/span>\n\n\t\t\t\t\t\t\t\t\t\t\t\t\t\t\t\t\t\t\t\t\t<div class=\"qt-header-bg\" data-bgimage=\"https:\/\/i0.wp.com\/fmnuestrasvoces.com.ar\/fmnv\/wp-content\/uploads\/2024\/04\/farcoCOLOR-1.jpg?fit=1024%2C539&#038;ssl=1\">\n\t\t\t\t\t\t\t\t\t\t\t\t<img decoding=\"async\" width=\"690\" height=\"302\" src=\"https:\/\/i0.wp.com\/fmnuestrasvoces.com.ar\/fmnv\/wp-content\/uploads\/2024\/04\/farcoCOLOR-1.jpg?resize=690%2C302&amp;ssl=1\" class=\"attachment-qantumthemes-medium size-qantumthemes-medium wp-post-image\" alt=\"\" srcset=\"https:\/\/i0.wp.com\/fmnuestrasvoces.com.ar\/fmnv\/wp-content\/uploads\/2024\/04\/farcoCOLOR-1.jpg?resize=1600%2C700&amp;ssl=1 1600w, https:\/\/i0.wp.com\/fmnuestrasvoces.com.ar\/fmnv\/wp-content\/uploads\/2024\/04\/farcoCOLOR-1.jpg?resize=1170%2C512&amp;ssl=1 1170w, https:\/\/i0.wp.com\/fmnuestrasvoces.com.ar\/fmnv\/wp-content\/uploads\/2024\/04\/farcoCOLOR-1.jpg?resize=690%2C302&amp;ssl=1 690w, https:\/\/i0.wp.com\/fmnuestrasvoces.com.ar\/fmnv\/wp-content\/uploads\/2024\/04\/farcoCOLOR-1.jpg?resize=100%2C44&amp;ssl=1 100w, https:\/\/i0.wp.com\/fmnuestrasvoces.com.ar\/fmnv\/wp-content\/uploads\/2024\/04\/farcoCOLOR-1.jpg?zoom=2&amp;resize=690%2C302&amp;ssl=1 1380w\" sizes=\"(max-width: 690px) 100vw, 690px\" \/>\t\t\t\t\t\t\t\t\t\t\t<\/div>\n\t\t\t\t\t\t\t\t\t\t \t\t\t\t\t\t\t\t\t<\/div>\n\t\t\t\t\t\t\t\t\t<div class=\"qt-overinfo qt-paper\">\n\t\t\t\t\t\t\t\t\t\t<p class=\"qt-item-det qt-accent\">\n\t\t\t\t\t\t\t\t\t\t\t<span class=\"qt-time\">10:30<\/span><span class=\"qt-day qt-capfont\">Mi\u00e9rcoles<\/span>\n\t\t\t\t\t\t\t\t\t\t<\/p>\n\t\t\t\t\t\t\t\t\t\t<div class=\"qt-more\">\n\t\t\t\t\t\t\t\t\t\t\t<p class=\"qt-ellipsis-2\">Las noticias contadas por el equipo de corresponsales de las radios comunitarias, con la voz de sus protagonistas\r\n\r\nDuraci\u00f3n: 15 min\r\nConducci\u00f3n: Pepe Frutos\r\nOperaci\u00f3n T\u00e9cnica: Cristian Torres\r\nProducci\u00f3n: Red de corresponsales de FARCO\r\n\r\nEl Informativo FARCO se emite por primera vez, ininterrumpidamente, desde el 7 de febrero de 2005 a trav\u00e9s de la se\u00f1al digital de FARCO, en m\u00e1s de 170 radios de todo el pa\u00eds. y coordinado desde el Centro de Producci\u00f3n de Rosario.<\/p>\n\t\t\t\t\t\t\t\t\t\t\t<a href=\"https:\/\/fmnuestrasvoces.com.ar\/fmnv\/shows\/informativofarco1\/\">Ver M\u00e1s<\/a>\n\t\t\t\t\t\t\t\t\t\t<\/div>\n\t\t\t\t\t\t\t\t\t<\/div>\n\t\t\t\t\t\t\t\t<\/div>\n\t\t\t\t\t\t\t<\/div>\n\t\t\t\t\t\t\t<!-- SCHEDULE SHOW END ========================= -->\n\t\t\t\t\t\t\t\t\t\t\t\t\t<!-- SCHEDULE SHOW ========================= -->\n\t\t\t\t\t\t\t<div class=\"col s12 m4 l4\">\n\t\t\t\t\t\t\t\t<div class=\"qt-part-archive-item qt-part-show-schedule-day-item \">\n\t\t\t\t\t\t\t\t\t<div class=\"qt-item-header\">\n\t\t\t\t\t\t\t\t\t\t<div class=\"qt-header-mid qt-vc\">\n\t\t\t\t\t\t\t\t\t\t\t<div class=\"qt-vi\">\n\t\t\t\t\t\t\t\t\t\t\t\t<h4 class=\"qt-item-title qt-title qt-capfont\">\n\t\t\t\t\t\t\t\t\t\t\t\t\t<a href=\"https:\/\/fmnuestrasvoces.com.ar\/fmnv\/shows\/segurolayhabana\/\" class=\"qt-ellipsis  qt-t\">Segurola y Habana<\/a>\n\t\t\t\t\t\t\t\t\t\t\t\t<\/h4>\n\t\t\t\t\t\t\t\t\t\t\t\t<p class=\"qt-item-det\">\n\t\t\t\t\t\t\t\t\t\t\t\t\t<span class=\"qt-time\">11:00<\/span><span class=\"qt-day qt-capfont\">Mi\u00e9rcoles<\/span>\n\t\t\t\t\t\t\t\t\t\t\t\t<\/p>\n\t\t\t\t\t\t\t\t\t\t\t<\/div>\n\t\t\t\t\t\t\t\t\t\t<\/div>\n\t\t\t\t\t\t\t\t\t\t<span class=\"qt-info bottom right\"><i class=\"dripicons-information\"><\/i><\/span>\n\n\t\t\t\t\t\t\t\t\t\t\t\t\t\t\t\t\t\t\t\t\t<div class=\"qt-header-bg\" data-bgimage=\"https:\/\/i0.wp.com\/fmnuestrasvoces.com.ar\/fmnv\/wp-content\/uploads\/2015\/03\/SegurolayhabanaCOLOR.jpg?fit=1024%2C539&#038;ssl=1\">\n\t\t\t\t\t\t\t\t\t\t\t\t<img loading=\"lazy\" decoding=\"async\" width=\"690\" height=\"302\" src=\"https:\/\/i0.wp.com\/fmnuestrasvoces.com.ar\/fmnv\/wp-content\/uploads\/2015\/03\/SegurolayhabanaCOLOR.jpg?resize=690%2C302&amp;ssl=1\" class=\"attachment-qantumthemes-medium size-qantumthemes-medium wp-post-image\" alt=\"\" srcset=\"https:\/\/i0.wp.com\/fmnuestrasvoces.com.ar\/fmnv\/wp-content\/uploads\/2015\/03\/SegurolayhabanaCOLOR.jpg?resize=1600%2C700&amp;ssl=1 1600w, https:\/\/i0.wp.com\/fmnuestrasvoces.com.ar\/fmnv\/wp-content\/uploads\/2015\/03\/SegurolayhabanaCOLOR.jpg?resize=1170%2C512&amp;ssl=1 1170w, https:\/\/i0.wp.com\/fmnuestrasvoces.com.ar\/fmnv\/wp-content\/uploads\/2015\/03\/SegurolayhabanaCOLOR.jpg?resize=690%2C302&amp;ssl=1 690w, https:\/\/i0.wp.com\/fmnuestrasvoces.com.ar\/fmnv\/wp-content\/uploads\/2015\/03\/SegurolayhabanaCOLOR.jpg?resize=100%2C44&amp;ssl=1 100w, https:\/\/i0.wp.com\/fmnuestrasvoces.com.ar\/fmnv\/wp-content\/uploads\/2015\/03\/SegurolayhabanaCOLOR.jpg?zoom=2&amp;resize=690%2C302&amp;ssl=1 1380w\" sizes=\"(max-width: 690px) 100vw, 690px\" \/>\t\t\t\t\t\t\t\t\t\t\t<\/div>\n\t\t\t\t\t\t\t\t\t\t \t\t\t\t\t\t\t\t\t<\/div>\n\t\t\t\t\t\t\t\t\t<div class=\"qt-overinfo qt-paper\">\n\t\t\t\t\t\t\t\t\t\t<p class=\"qt-item-det qt-accent\">\n\t\t\t\t\t\t\t\t\t\t\t<span class=\"qt-time\">11:00<\/span><span class=\"qt-day qt-capfont\">Mi\u00e9rcoles<\/span>\n\t\t\t\t\t\t\t\t\t\t<\/p>\n\t\t\t\t\t\t\t\t\t\t<div class=\"qt-more\">\n\t\t\t\t\t\t\t\t\t\t\t<p class=\"qt-ellipsis-2\">Nos das una verdad y te devolvemos mil preguntas. En Segurola Y Habana analizamos la realidad con humor y tocando los temas que importan de la mano de los expertos, nuestros columnistas: Iv\u00e1n Schargrodsky, Alfredo Zaiat, Santiago Lev\u00edn, Quique Viale, Lucas Fauno, Tom\u00e1s Quintin Palma, Agostina Mileo, Juan Manuel Karg, Aldana Contrera, Lu Miranda y Santi Luc\u00eda. No faltar\u00e1 el buen cine y la buena m\u00fasica.\r\n\r\nJulia Mengolini, Fito Mendonca Paz, Pitu Salvatierra y gran equipo est\u00e1n de Lunes a Viernes de 13 a 16 hs.<\/p>\n\t\t\t\t\t\t\t\t\t\t\t<a href=\"https:\/\/fmnuestrasvoces.com.ar\/fmnv\/shows\/segurolayhabana\/\">Ver M\u00e1s<\/a>\n\t\t\t\t\t\t\t\t\t\t<\/div>\n\t\t\t\t\t\t\t\t\t<\/div>\n\t\t\t\t\t\t\t\t<\/div>\n\t\t\t\t\t\t\t<\/div>\n\t\t\t\t\t\t\t<!-- SCHEDULE SHOW END ========================= -->\n\t\t\t\t\t\t\t\t\t\t\t\t\t<!-- SCHEDULE SHOW ========================= -->\n\t\t\t\t\t\t\t<div class=\"col s12 m4 l4\">\n\t\t\t\t\t\t\t\t<div class=\"qt-part-archive-item qt-part-show-schedule-day-item \">\n\t\t\t\t\t\t\t\t\t<div class=\"qt-item-header\">\n\t\t\t\t\t\t\t\t\t\t<div class=\"qt-header-mid qt-vc\">\n\t\t\t\t\t\t\t\t\t\t\t<div class=\"qt-vi\">\n\t\t\t\t\t\t\t\t\t\t\t\t<h4 class=\"qt-item-title qt-title qt-capfont\">\n\t\t\t\t\t\t\t\t\t\t\t\t\t<a href=\"https:\/\/fmnuestrasvoces.com.ar\/fmnv\/shows\/informativofarco2\/\" class=\"qt-ellipsis  qt-t\">Informativo FARCO<\/a>\n\t\t\t\t\t\t\t\t\t\t\t\t<\/h4>\n\t\t\t\t\t\t\t\t\t\t\t\t<p class=\"qt-item-det\">\n\t\t\t\t\t\t\t\t\t\t\t\t\t<span class=\"qt-time\">13:00<\/span><span class=\"qt-day qt-capfont\">Mi\u00e9rcoles<\/span>\n\t\t\t\t\t\t\t\t\t\t\t\t<\/p>\n\t\t\t\t\t\t\t\t\t\t\t<\/div>\n\t\t\t\t\t\t\t\t\t\t<\/div>\n\t\t\t\t\t\t\t\t\t\t<span class=\"qt-info bottom right\"><i class=\"dripicons-information\"><\/i><\/span>\n\n\t\t\t\t\t\t\t\t\t\t\t\t\t\t\t\t\t\t\t\t\t<div class=\"qt-header-bg\" data-bgimage=\"https:\/\/i0.wp.com\/fmnuestrasvoces.com.ar\/fmnv\/wp-content\/uploads\/2024\/04\/farcoCOLOR.jpg?fit=1024%2C539&#038;ssl=1\">\n\t\t\t\t\t\t\t\t\t\t\t\t<img loading=\"lazy\" decoding=\"async\" width=\"690\" height=\"302\" src=\"https:\/\/i0.wp.com\/fmnuestrasvoces.com.ar\/fmnv\/wp-content\/uploads\/2024\/04\/farcoCOLOR.jpg?resize=690%2C302&amp;ssl=1\" class=\"attachment-qantumthemes-medium size-qantumthemes-medium wp-post-image\" alt=\"\" srcset=\"https:\/\/i0.wp.com\/fmnuestrasvoces.com.ar\/fmnv\/wp-content\/uploads\/2024\/04\/farcoCOLOR.jpg?resize=1600%2C700&amp;ssl=1 1600w, https:\/\/i0.wp.com\/fmnuestrasvoces.com.ar\/fmnv\/wp-content\/uploads\/2024\/04\/farcoCOLOR.jpg?resize=1170%2C512&amp;ssl=1 1170w, https:\/\/i0.wp.com\/fmnuestrasvoces.com.ar\/fmnv\/wp-content\/uploads\/2024\/04\/farcoCOLOR.jpg?resize=690%2C302&amp;ssl=1 690w, https:\/\/i0.wp.com\/fmnuestrasvoces.com.ar\/fmnv\/wp-content\/uploads\/2024\/04\/farcoCOLOR.jpg?resize=100%2C44&amp;ssl=1 100w, https:\/\/i0.wp.com\/fmnuestrasvoces.com.ar\/fmnv\/wp-content\/uploads\/2024\/04\/farcoCOLOR.jpg?zoom=2&amp;resize=690%2C302&amp;ssl=1 1380w\" sizes=\"(max-width: 690px) 100vw, 690px\" \/>\t\t\t\t\t\t\t\t\t\t\t<\/div>\n\t\t\t\t\t\t\t\t\t\t \t\t\t\t\t\t\t\t\t<\/div>\n\t\t\t\t\t\t\t\t\t<div class=\"qt-overinfo qt-paper\">\n\t\t\t\t\t\t\t\t\t\t<p class=\"qt-item-det qt-accent\">\n\t\t\t\t\t\t\t\t\t\t\t<span class=\"qt-time\">13:00<\/span><span class=\"qt-day qt-capfont\">Mi\u00e9rcoles<\/span>\n\t\t\t\t\t\t\t\t\t\t<\/p>\n\t\t\t\t\t\t\t\t\t\t<div class=\"qt-more\">\n\t\t\t\t\t\t\t\t\t\t\t<p class=\"qt-ellipsis-2\">Las noticias contadas por el equipo de corresponsales de las radios comunitarias, con la voz de sus protagonistas\r\n\r\nDuraci\u00f3n: 15 min\r\nConducci\u00f3n: Pepe Frutos\r\nOperaci\u00f3n T\u00e9cnica: Cristian Torres\r\nProducci\u00f3n: Red de corresponsales de FARCO\r\n\r\nEl Informativo FARCO se emite por primera vez, ininterrumpidamente, desde el 7 de febrero de 2005 a trav\u00e9s de la se\u00f1al digital de FARCO, en m\u00e1s de 170 radios de todo el pa\u00eds. y coordinado desde el Centro de Producci\u00f3n de Rosario.<\/p>\n\t\t\t\t\t\t\t\t\t\t\t<a href=\"https:\/\/fmnuestrasvoces.com.ar\/fmnv\/shows\/informativofarco2\/\">Ver M\u00e1s<\/a>\n\t\t\t\t\t\t\t\t\t\t<\/div>\n\t\t\t\t\t\t\t\t\t<\/div>\n\t\t\t\t\t\t\t\t<\/div>\n\t\t\t\t\t\t\t<\/div>\n\t\t\t\t\t\t\t<!-- SCHEDULE SHOW END ========================= -->\n\t\t\t\t\t\t\t\t\t\t\t\t\t<!-- SCHEDULE SHOW ========================= -->\n\t\t\t\t\t\t\t<div class=\"col s12 m4 l4\">\n\t\t\t\t\t\t\t\t<div class=\"qt-part-archive-item qt-part-show-schedule-day-item \">\n\t\t\t\t\t\t\t\t\t<div class=\"qt-item-header\">\n\t\t\t\t\t\t\t\t\t\t<div class=\"qt-header-mid qt-vc\">\n\t\t\t\t\t\t\t\t\t\t\t<div class=\"qt-vi\">\n\t\t\t\t\t\t\t\t\t\t\t\t<h4 class=\"qt-item-title qt-title qt-capfont\">\n\t\t\t\t\t\t\t\t\t\t\t\t\t<a href=\"https:\/\/fmnuestrasvoces.com.ar\/fmnv\/shows\/lahoraanimada\/\" class=\"qt-ellipsis  qt-t\">La hora animada<\/a>\n\t\t\t\t\t\t\t\t\t\t\t\t<\/h4>\n\t\t\t\t\t\t\t\t\t\t\t\t<p class=\"qt-item-det\">\n\t\t\t\t\t\t\t\t\t\t\t\t\t<span class=\"qt-time\">13:30<\/span><span class=\"qt-day qt-capfont\">Mi\u00e9rcoles<\/span>\n\t\t\t\t\t\t\t\t\t\t\t\t<\/p>\n\t\t\t\t\t\t\t\t\t\t\t<\/div>\n\t\t\t\t\t\t\t\t\t\t<\/div>\n\t\t\t\t\t\t\t\t\t\t<span class=\"qt-info bottom right\"><i class=\"dripicons-information\"><\/i><\/span>\n\n\t\t\t\t\t\t\t\t\t\t\t\t\t\t\t\t\t\t\t\t\t<div class=\"qt-header-bg\" data-bgimage=\"https:\/\/i0.wp.com\/fmnuestrasvoces.com.ar\/fmnv\/wp-content\/uploads\/2015\/03\/LahoraanimadaCOLOR.jpg?fit=1024%2C539&#038;ssl=1\">\n\t\t\t\t\t\t\t\t\t\t\t\t<img loading=\"lazy\" decoding=\"async\" width=\"690\" height=\"302\" src=\"https:\/\/i0.wp.com\/fmnuestrasvoces.com.ar\/fmnv\/wp-content\/uploads\/2015\/03\/LahoraanimadaCOLOR.jpg?resize=690%2C302&amp;ssl=1\" class=\"attachment-qantumthemes-medium size-qantumthemes-medium wp-post-image\" alt=\"\" srcset=\"https:\/\/i0.wp.com\/fmnuestrasvoces.com.ar\/fmnv\/wp-content\/uploads\/2015\/03\/LahoraanimadaCOLOR.jpg?resize=1600%2C700&amp;ssl=1 1600w, https:\/\/i0.wp.com\/fmnuestrasvoces.com.ar\/fmnv\/wp-content\/uploads\/2015\/03\/LahoraanimadaCOLOR.jpg?resize=1170%2C512&amp;ssl=1 1170w, https:\/\/i0.wp.com\/fmnuestrasvoces.com.ar\/fmnv\/wp-content\/uploads\/2015\/03\/LahoraanimadaCOLOR.jpg?resize=690%2C302&amp;ssl=1 690w, https:\/\/i0.wp.com\/fmnuestrasvoces.com.ar\/fmnv\/wp-content\/uploads\/2015\/03\/LahoraanimadaCOLOR.jpg?resize=100%2C44&amp;ssl=1 100w, https:\/\/i0.wp.com\/fmnuestrasvoces.com.ar\/fmnv\/wp-content\/uploads\/2015\/03\/LahoraanimadaCOLOR.jpg?zoom=2&amp;resize=690%2C302&amp;ssl=1 1380w\" sizes=\"(max-width: 690px) 100vw, 690px\" \/>\t\t\t\t\t\t\t\t\t\t\t<\/div>\n\t\t\t\t\t\t\t\t\t\t \t\t\t\t\t\t\t\t\t<\/div>\n\t\t\t\t\t\t\t\t\t<div class=\"qt-overinfo qt-paper\">\n\t\t\t\t\t\t\t\t\t\t<p class=\"qt-item-det qt-accent\">\n\t\t\t\t\t\t\t\t\t\t\t<span class=\"qt-time\">13:30<\/span><span class=\"qt-day qt-capfont\">Mi\u00e9rcoles<\/span>\n\t\t\t\t\t\t\t\t\t\t<\/p>\n\t\t\t\t\t\t\t\t\t\t<div class=\"qt-more\">\n\t\t\t\t\t\t\t\t\t\t\t<p class=\"qt-ellipsis-2\">Una hora de viaje musical en tu mediod\u00eda, de la mano de Mat\u00edas Messoulam y Barbi Recanati.<\/p>\n\t\t\t\t\t\t\t\t\t\t\t<a href=\"https:\/\/fmnuestrasvoces.com.ar\/fmnv\/shows\/lahoraanimada\/\">Ver M\u00e1s<\/a>\n\t\t\t\t\t\t\t\t\t\t<\/div>\n\t\t\t\t\t\t\t\t\t<\/div>\n\t\t\t\t\t\t\t\t<\/div>\n\t\t\t\t\t\t\t<\/div>\n\t\t\t\t\t\t\t<!-- SCHEDULE SHOW END ========================= -->\n\t\t\t\t\t\t\t\t\t\t\t\t\t<!-- SCHEDULE SHOW ========================= -->\n\t\t\t\t\t\t\t<div class=\"col s12 m4 l4\">\n\t\t\t\t\t\t\t\t<div class=\"qt-part-archive-item qt-part-show-schedule-day-item \">\n\t\t\t\t\t\t\t\t\t<div class=\"qt-item-header\">\n\t\t\t\t\t\t\t\t\t\t<div class=\"qt-header-mid qt-vc\">\n\t\t\t\t\t\t\t\t\t\t\t<div class=\"qt-vi\">\n\t\t\t\t\t\t\t\t\t\t\t\t<h4 class=\"qt-item-title qt-title qt-capfont\">\n\t\t\t\t\t\t\t\t\t\t\t\t\t<a href=\"https:\/\/fmnuestrasvoces.com.ar\/fmnv\/shows\/cronicaanunciada\/\" class=\"qt-ellipsis  qt-t\">Cr\u00f3nica Anunciada<\/a>\n\t\t\t\t\t\t\t\t\t\t\t\t<\/h4>\n\t\t\t\t\t\t\t\t\t\t\t\t<p class=\"qt-item-det\">\n\t\t\t\t\t\t\t\t\t\t\t\t\t<span class=\"qt-time\">14:00<\/span><span class=\"qt-day qt-capfont\">Mi\u00e9rcoles<\/span>\n\t\t\t\t\t\t\t\t\t\t\t\t<\/p>\n\t\t\t\t\t\t\t\t\t\t\t<\/div>\n\t\t\t\t\t\t\t\t\t\t<\/div>\n\t\t\t\t\t\t\t\t\t\t<span class=\"qt-info bottom right\"><i class=\"dripicons-information\"><\/i><\/span>\n\n\t\t\t\t\t\t\t\t\t\t\t\t\t\t\t\t\t\t\t\t\t<div class=\"qt-header-bg\" data-bgimage=\"https:\/\/i0.wp.com\/fmnuestrasvoces.com.ar\/fmnv\/wp-content\/uploads\/2024\/04\/PanoramasurCOLOR.jpg?fit=1024%2C539&#038;ssl=1\">\n\t\t\t\t\t\t\t\t\t\t\t\t<img loading=\"lazy\" decoding=\"async\" width=\"690\" height=\"302\" src=\"https:\/\/i0.wp.com\/fmnuestrasvoces.com.ar\/fmnv\/wp-content\/uploads\/2024\/04\/PanoramasurCOLOR.jpg?resize=690%2C302&amp;ssl=1\" class=\"attachment-qantumthemes-medium size-qantumthemes-medium wp-post-image\" alt=\"\" srcset=\"https:\/\/i0.wp.com\/fmnuestrasvoces.com.ar\/fmnv\/wp-content\/uploads\/2024\/04\/PanoramasurCOLOR.jpg?resize=1600%2C700&amp;ssl=1 1600w, https:\/\/i0.wp.com\/fmnuestrasvoces.com.ar\/fmnv\/wp-content\/uploads\/2024\/04\/PanoramasurCOLOR.jpg?resize=1170%2C512&amp;ssl=1 1170w, https:\/\/i0.wp.com\/fmnuestrasvoces.com.ar\/fmnv\/wp-content\/uploads\/2024\/04\/PanoramasurCOLOR.jpg?resize=690%2C302&amp;ssl=1 690w, https:\/\/i0.wp.com\/fmnuestrasvoces.com.ar\/fmnv\/wp-content\/uploads\/2024\/04\/PanoramasurCOLOR.jpg?resize=100%2C44&amp;ssl=1 100w, https:\/\/i0.wp.com\/fmnuestrasvoces.com.ar\/fmnv\/wp-content\/uploads\/2024\/04\/PanoramasurCOLOR.jpg?zoom=2&amp;resize=690%2C302&amp;ssl=1 1380w\" sizes=\"(max-width: 690px) 100vw, 690px\" \/>\t\t\t\t\t\t\t\t\t\t\t<\/div>\n\t\t\t\t\t\t\t\t\t\t \t\t\t\t\t\t\t\t\t<\/div>\n\t\t\t\t\t\t\t\t\t<div class=\"qt-overinfo qt-paper\">\n\t\t\t\t\t\t\t\t\t\t<p class=\"qt-item-det qt-accent\">\n\t\t\t\t\t\t\t\t\t\t\t<span class=\"qt-time\">14:00<\/span><span class=\"qt-day qt-capfont\">Mi\u00e9rcoles<\/span>\n\t\t\t\t\t\t\t\t\t\t<\/p>\n\t\t\t\t\t\t\t\t\t\t<div class=\"qt-more\">\n\t\t\t\t\t\t\t\t\t\t\t<p class=\"qt-ellipsis-2\">Te contamos la cr\u00f3nica anunciada de todos los d\u00edas con Juan Amor\u00edn, Poli Sabat\u00e9s y Sebasti\u00e1n Caz\u00f3n.<\/p>\n\t\t\t\t\t\t\t\t\t\t\t<a href=\"https:\/\/fmnuestrasvoces.com.ar\/fmnv\/shows\/cronicaanunciada\/\">Ver M\u00e1s<\/a>\n\t\t\t\t\t\t\t\t\t\t<\/div>\n\t\t\t\t\t\t\t\t\t<\/div>\n\t\t\t\t\t\t\t\t<\/div>\n\t\t\t\t\t\t\t<\/div>\n\t\t\t\t\t\t\t<!-- SCHEDULE SHOW END ========================= -->\n\t\t\t\t\t\t\t\t\t\t\t\t\t<!-- SCHEDULE SHOW ========================= -->\n\t\t\t\t\t\t\t<div class=\"col s12 m4 l4\">\n\t\t\t\t\t\t\t\t<div class=\"qt-part-archive-item qt-part-show-schedule-day-item \">\n\t\t\t\t\t\t\t\t\t<div class=\"qt-item-header\">\n\t\t\t\t\t\t\t\t\t\t<div class=\"qt-header-mid qt-vc\">\n\t\t\t\t\t\t\t\t\t\t\t<div class=\"qt-vi\">\n\t\t\t\t\t\t\t\t\t\t\t\t<h4 class=\"qt-item-title qt-title qt-capfont\">\n\t\t\t\t\t\t\t\t\t\t\t\t\t<a href=\"https:\/\/fmnuestrasvoces.com.ar\/fmnv\/shows\/furiabebe\/\" class=\"qt-ellipsis  qt-t\">Furia Beb\u00e9<\/a>\n\t\t\t\t\t\t\t\t\t\t\t\t<\/h4>\n\t\t\t\t\t\t\t\t\t\t\t\t<p class=\"qt-item-det\">\n\t\t\t\t\t\t\t\t\t\t\t\t\t<span class=\"qt-time\">16:00<\/span><span class=\"qt-day qt-capfont\">Mi\u00e9rcoles<\/span>\n\t\t\t\t\t\t\t\t\t\t\t\t<\/p>\n\t\t\t\t\t\t\t\t\t\t\t<\/div>\n\t\t\t\t\t\t\t\t\t\t<\/div>\n\t\t\t\t\t\t\t\t\t\t<span class=\"qt-info bottom right\"><i class=\"dripicons-information\"><\/i><\/span>\n\n\t\t\t\t\t\t\t\t\t\t\t\t\t\t\t\t\t\t\t\t\t<div class=\"qt-header-bg\" data-bgimage=\"https:\/\/i0.wp.com\/fmnuestrasvoces.com.ar\/fmnv\/wp-content\/uploads\/2015\/03\/FuriaBebeCOLOR.jpg?fit=1024%2C539&#038;ssl=1\">\n\t\t\t\t\t\t\t\t\t\t\t\t<img loading=\"lazy\" decoding=\"async\" width=\"690\" height=\"302\" src=\"https:\/\/i0.wp.com\/fmnuestrasvoces.com.ar\/fmnv\/wp-content\/uploads\/2015\/03\/FuriaBebeCOLOR.jpg?resize=690%2C302&amp;ssl=1\" class=\"attachment-qantumthemes-medium size-qantumthemes-medium wp-post-image\" alt=\"\" srcset=\"https:\/\/i0.wp.com\/fmnuestrasvoces.com.ar\/fmnv\/wp-content\/uploads\/2015\/03\/FuriaBebeCOLOR.jpg?resize=1600%2C700&amp;ssl=1 1600w, https:\/\/i0.wp.com\/fmnuestrasvoces.com.ar\/fmnv\/wp-content\/uploads\/2015\/03\/FuriaBebeCOLOR.jpg?resize=1170%2C512&amp;ssl=1 1170w, https:\/\/i0.wp.com\/fmnuestrasvoces.com.ar\/fmnv\/wp-content\/uploads\/2015\/03\/FuriaBebeCOLOR.jpg?resize=690%2C302&amp;ssl=1 690w, https:\/\/i0.wp.com\/fmnuestrasvoces.com.ar\/fmnv\/wp-content\/uploads\/2015\/03\/FuriaBebeCOLOR.jpg?resize=100%2C44&amp;ssl=1 100w, https:\/\/i0.wp.com\/fmnuestrasvoces.com.ar\/fmnv\/wp-content\/uploads\/2015\/03\/FuriaBebeCOLOR.jpg?zoom=2&amp;resize=690%2C302&amp;ssl=1 1380w\" sizes=\"(max-width: 690px) 100vw, 690px\" \/>\t\t\t\t\t\t\t\t\t\t\t<\/div>\n\t\t\t\t\t\t\t\t\t\t \t\t\t\t\t\t\t\t\t<\/div>\n\t\t\t\t\t\t\t\t\t<div class=\"qt-overinfo qt-paper\">\n\t\t\t\t\t\t\t\t\t\t<p class=\"qt-item-det qt-accent\">\n\t\t\t\t\t\t\t\t\t\t\t<span class=\"qt-time\">16:00<\/span><span class=\"qt-day qt-capfont\">Mi\u00e9rcoles<\/span>\n\t\t\t\t\t\t\t\t\t\t<\/p>\n\t\t\t\t\t\t\t\t\t\t<div class=\"qt-more\">\n\t\t\t\t\t\t\t\t\t\t\t<p class=\"qt-ellipsis-2\">Malena Pichot, Danila Saiegh y Vanesa Strauch son Furia Beb\u00e9. Humor, humor y humor. Y otras cosas tambi\u00e9n.<\/p>\n\t\t\t\t\t\t\t\t\t\t\t<a href=\"https:\/\/fmnuestrasvoces.com.ar\/fmnv\/shows\/furiabebe\/\">Ver M\u00e1s<\/a>\n\t\t\t\t\t\t\t\t\t\t<\/div>\n\t\t\t\t\t\t\t\t\t<\/div>\n\t\t\t\t\t\t\t\t<\/div>\n\t\t\t\t\t\t\t<\/div>\n\t\t\t\t\t\t\t<!-- SCHEDULE SHOW END ========================= -->\n\t\t\t\t\t\t\t\t\t\t\t\t\t<!-- SCHEDULE SHOW ========================= -->\n\t\t\t\t\t\t\t<div class=\"col s12 m4 l4\">\n\t\t\t\t\t\t\t\t<div class=\"qt-part-archive-item qt-part-show-schedule-day-item \">\n\t\t\t\t\t\t\t\t\t<div class=\"qt-item-header\">\n\t\t\t\t\t\t\t\t\t\t<div class=\"qt-header-mid qt-vc\">\n\t\t\t\t\t\t\t\t\t\t\t<div class=\"qt-vi\">\n\t\t\t\t\t\t\t\t\t\t\t\t<h4 class=\"qt-item-title qt-title qt-capfont\">\n\t\t\t\t\t\t\t\t\t\t\t\t\t<a href=\"https:\/\/fmnuestrasvoces.com.ar\/fmnv\/shows\/ahoraysiempre\/\" class=\"qt-ellipsis  qt-t\">\u00a1Ahora y siempre!<\/a>\n\t\t\t\t\t\t\t\t\t\t\t\t<\/h4>\n\t\t\t\t\t\t\t\t\t\t\t\t<p class=\"qt-item-det\">\n\t\t\t\t\t\t\t\t\t\t\t\t\t<span class=\"qt-time\">17:00<\/span><span class=\"qt-day qt-capfont\">Mi\u00e9rcoles<\/span>\n\t\t\t\t\t\t\t\t\t\t\t\t<\/p>\n\t\t\t\t\t\t\t\t\t\t\t<\/div>\n\t\t\t\t\t\t\t\t\t\t<\/div>\n\t\t\t\t\t\t\t\t\t\t<span class=\"qt-info bottom right\"><i class=\"dripicons-information\"><\/i><\/span>\n\n\t\t\t\t\t\t\t\t\t\t\t\t\t\t\t\t\t\t\t\t\t<div class=\"qt-header-bg\" data-bgimage=\"https:\/\/i0.wp.com\/fmnuestrasvoces.com.ar\/fmnv\/wp-content\/uploads\/2024\/07\/Programacion-web-color.jpg?fit=1024%2C539&#038;ssl=1\">\n\t\t\t\t\t\t\t\t\t\t\t\t<img loading=\"lazy\" decoding=\"async\" width=\"690\" height=\"302\" src=\"https:\/\/i0.wp.com\/fmnuestrasvoces.com.ar\/fmnv\/wp-content\/uploads\/2024\/07\/Programacion-web-color.jpg?resize=690%2C302&amp;ssl=1\" class=\"attachment-qantumthemes-medium size-qantumthemes-medium wp-post-image\" alt=\"\" srcset=\"https:\/\/i0.wp.com\/fmnuestrasvoces.com.ar\/fmnv\/wp-content\/uploads\/2024\/07\/Programacion-web-color.jpg?resize=1600%2C700&amp;ssl=1 1600w, https:\/\/i0.wp.com\/fmnuestrasvoces.com.ar\/fmnv\/wp-content\/uploads\/2024\/07\/Programacion-web-color.jpg?resize=1170%2C512&amp;ssl=1 1170w, https:\/\/i0.wp.com\/fmnuestrasvoces.com.ar\/fmnv\/wp-content\/uploads\/2024\/07\/Programacion-web-color.jpg?resize=690%2C302&amp;ssl=1 690w, https:\/\/i0.wp.com\/fmnuestrasvoces.com.ar\/fmnv\/wp-content\/uploads\/2024\/07\/Programacion-web-color.jpg?resize=100%2C44&amp;ssl=1 100w, https:\/\/i0.wp.com\/fmnuestrasvoces.com.ar\/fmnv\/wp-content\/uploads\/2024\/07\/Programacion-web-color.jpg?zoom=2&amp;resize=690%2C302&amp;ssl=1 1380w\" sizes=\"(max-width: 690px) 100vw, 690px\" \/>\t\t\t\t\t\t\t\t\t\t\t<\/div>\n\t\t\t\t\t\t\t\t\t\t \t\t\t\t\t\t\t\t\t<\/div>\n\t\t\t\t\t\t\t\t\t<div class=\"qt-overinfo qt-paper\">\n\t\t\t\t\t\t\t\t\t\t<p class=\"qt-item-det qt-accent\">\n\t\t\t\t\t\t\t\t\t\t\t<span class=\"qt-time\">17:00<\/span><span class=\"qt-day qt-capfont\">Mi\u00e9rcoles<\/span>\n\t\t\t\t\t\t\t\t\t\t<\/p>\n\t\t\t\t\t\t\t\t\t\t<div class=\"qt-more\">\n\t\t\t\t\t\t\t\t\t\t\t<p class=\"qt-ellipsis-2\">\u27a1\ufe0f Todos los mi\u00e9rcoles de 17 a 19 hs. escuch\u00e1 a Vicky y a Armando que, desde una perspectiva de derechos humanos, nos van a compartir noticias locales y nacionales, entrevistas exclusivas, cultura y mucho m\u00e1s.<\/p>\n\t\t\t\t\t\t\t\t\t\t\t<a href=\"https:\/\/fmnuestrasvoces.com.ar\/fmnv\/shows\/ahoraysiempre\/\">Ver M\u00e1s<\/a>\n\t\t\t\t\t\t\t\t\t\t<\/div>\n\t\t\t\t\t\t\t\t\t<\/div>\n\t\t\t\t\t\t\t\t<\/div>\n\t\t\t\t\t\t\t<\/div>\n\t\t\t\t\t\t\t<!-- SCHEDULE SHOW END ========================= -->\n\t\t\t\t\t\t\t\t\t\t\t\t\t<!-- SCHEDULE SHOW ========================= -->\n\t\t\t\t\t\t\t<div class=\"col s12 m4 l4\">\n\t\t\t\t\t\t\t\t<div class=\"qt-part-archive-item qt-part-show-schedule-day-item qt-part-show-schedule-day-item--active\">\n\t\t\t\t\t\t\t\t\t<div class=\"qt-item-header\">\n\t\t\t\t\t\t\t\t\t\t<div class=\"qt-header-mid qt-vc\">\n\t\t\t\t\t\t\t\t\t\t\t<div class=\"qt-vi\">\n\t\t\t\t\t\t\t\t\t\t\t\t<h4 class=\"qt-item-title qt-title qt-capfont\">\n\t\t\t\t\t\t\t\t\t\t\t\t\t<a href=\"https:\/\/fmnuestrasvoces.com.ar\/fmnv\/shows\/tripulantesrepe\/\" class=\"qt-ellipsis  qt-t\">Tripulantes de la Ma\u00f1ana<\/a>\n\t\t\t\t\t\t\t\t\t\t\t\t<\/h4>\n\t\t\t\t\t\t\t\t\t\t\t\t<p class=\"qt-item-det\">\n\t\t\t\t\t\t\t\t\t\t\t\t\t<span class=\"qt-time\">19:00<\/span><span class=\"qt-day qt-capfont\">Mi\u00e9rcoles<\/span>\n\t\t\t\t\t\t\t\t\t\t\t\t<\/p>\n\t\t\t\t\t\t\t\t\t\t\t<\/div>\n\t\t\t\t\t\t\t\t\t\t<\/div>\n\t\t\t\t\t\t\t\t\t\t<span class=\"qt-info bottom right\"><i class=\"dripicons-information\"><\/i><\/span>\n\n\t\t\t\t\t\t\t\t\t\t<span class=\"qt-part-archive-item__badge qt-capfont qt-btn-primary\">Programa actual<\/span>\t\t\t\t\t\t\t\t\t\t\t<div class=\"qt-header-bg\" data-bgimage=\"https:\/\/i0.wp.com\/fmnuestrasvoces.com.ar\/fmnv\/wp-content\/uploads\/2015\/03\/TripulantesCOLOR.jpg?fit=1024%2C539&#038;ssl=1\">\n\t\t\t\t\t\t\t\t\t\t\t\t<img decoding=\"async\" width=\"690\" height=\"302\" src=\"https:\/\/i0.wp.com\/fmnuestrasvoces.com.ar\/fmnv\/wp-content\/uploads\/2015\/03\/TripulantesCOLOR.jpg?resize=690%2C302&amp;ssl=1\" class=\"attachment-qantumthemes-medium size-qantumthemes-medium wp-post-image\" alt=\"\" srcset=\"https:\/\/i0.wp.com\/fmnuestrasvoces.com.ar\/fmnv\/wp-content\/uploads\/2015\/03\/TripulantesCOLOR.jpg?resize=1600%2C700&amp;ssl=1 1600w, https:\/\/i0.wp.com\/fmnuestrasvoces.com.ar\/fmnv\/wp-content\/uploads\/2015\/03\/TripulantesCOLOR.jpg?resize=1170%2C512&amp;ssl=1 1170w, https:\/\/i0.wp.com\/fmnuestrasvoces.com.ar\/fmnv\/wp-content\/uploads\/2015\/03\/TripulantesCOLOR.jpg?resize=690%2C302&amp;ssl=1 690w, https:\/\/i0.wp.com\/fmnuestrasvoces.com.ar\/fmnv\/wp-content\/uploads\/2015\/03\/TripulantesCOLOR.jpg?resize=100%2C44&amp;ssl=1 100w, https:\/\/i0.wp.com\/fmnuestrasvoces.com.ar\/fmnv\/wp-content\/uploads\/2015\/03\/TripulantesCOLOR.jpg?zoom=2&amp;resize=690%2C302&amp;ssl=1 1380w\" sizes=\"(max-width: 690px) 100vw, 690px\" \/>\t\t\t\t\t\t\t\t\t\t\t<\/div>\n\t\t\t\t\t\t\t\t\t\t \t\t\t\t\t\t\t\t\t<\/div>\n\t\t\t\t\t\t\t\t\t<div class=\"qt-overinfo qt-paper\">\n\t\t\t\t\t\t\t\t\t\t<p class=\"qt-item-det qt-accent\">\n\t\t\t\t\t\t\t\t\t\t\t<span class=\"qt-time\">19:00<\/span><span class=\"qt-day qt-capfont\">Mi\u00e9rcoles<\/span>\n\t\t\t\t\t\t\t\t\t\t<\/p>\n\t\t\t\t\t\t\t\t\t\t<div class=\"qt-more\">\n\t\t\t\t\t\t\t\t\t\t\t<p class=\"qt-ellipsis-2\">Todo lo que necesitas saber sobre el sector docente, educaci\u00f3n, pol\u00edtica, cultura y el \u00e1mbito social de nuestra provincia.\r\n\r\nMantenete al tanto de la actualidad con Roc\u00edo Solier, Alejandro Nonini y Nelson Coronel.<\/p>\n\t\t\t\t\t\t\t\t\t\t\t<a href=\"https:\/\/fmnuestrasvoces.com.ar\/fmnv\/shows\/tripulantesrepe\/\">Ver M\u00e1s<\/a>\n\t\t\t\t\t\t\t\t\t\t<\/div>\n\t\t\t\t\t\t\t\t\t<\/div>\n\t\t\t\t\t\t\t\t<\/div>\n\t\t\t\t\t\t\t<\/div>\n\t\t\t\t\t\t\t<!-- SCHEDULE SHOW END ========================= -->\n\t\t\t\t\t\t\t\t\t\t\t\t\t<!-- SCHEDULE SHOW ========================= -->\n\t\t\t\t\t\t\t<div class=\"col s12 m4 l4\">\n\t\t\t\t\t\t\t\t<div class=\"qt-part-archive-item qt-part-show-schedule-day-item \">\n\t\t\t\t\t\t\t\t\t<div class=\"qt-item-header\">\n\t\t\t\t\t\t\t\t\t\t<div class=\"qt-header-mid qt-vc\">\n\t\t\t\t\t\t\t\t\t\t\t<div class=\"qt-vi\">\n\t\t\t\t\t\t\t\t\t\t\t\t<h4 class=\"qt-item-title qt-title qt-capfont\">\n\t\t\t\t\t\t\t\t\t\t\t\t\t<a href=\"https:\/\/fmnuestrasvoces.com.ar\/fmnv\/shows\/inthemix\/\" class=\"qt-ellipsis  qt-t\">In the Mix<\/a>\n\t\t\t\t\t\t\t\t\t\t\t\t<\/h4>\n\t\t\t\t\t\t\t\t\t\t\t\t<p class=\"qt-item-det\">\n\t\t\t\t\t\t\t\t\t\t\t\t\t<span class=\"qt-time\">00:00<\/span><span class=\"qt-day qt-capfont\">Mi\u00e9rcoles<\/span>\n\t\t\t\t\t\t\t\t\t\t\t\t<\/p>\n\t\t\t\t\t\t\t\t\t\t\t<\/div>\n\t\t\t\t\t\t\t\t\t\t<\/div>\n\t\t\t\t\t\t\t\t\t\t<span class=\"qt-info bottom right\"><i class=\"dripicons-information\"><\/i><\/span>\n\n\t\t\t\t\t\t\t\t\t\t\t\t\t\t\t\t\t\t\t\t\t<div class=\"qt-header-bg\" data-bgimage=\"https:\/\/i0.wp.com\/fmnuestrasvoces.com.ar\/fmnv\/wp-content\/uploads\/2024\/04\/in-the-mix-1.jpg?fit=1024%2C539&#038;ssl=1\">\n\t\t\t\t\t\t\t\t\t\t\t\t<img loading=\"lazy\" decoding=\"async\" width=\"690\" height=\"302\" src=\"https:\/\/i0.wp.com\/fmnuestrasvoces.com.ar\/fmnv\/wp-content\/uploads\/2024\/04\/in-the-mix-1.jpg?resize=690%2C302&amp;ssl=1\" class=\"attachment-qantumthemes-medium size-qantumthemes-medium wp-post-image\" alt=\"\" srcset=\"https:\/\/i0.wp.com\/fmnuestrasvoces.com.ar\/fmnv\/wp-content\/uploads\/2024\/04\/in-the-mix-1.jpg?resize=1600%2C700&amp;ssl=1 1600w, https:\/\/i0.wp.com\/fmnuestrasvoces.com.ar\/fmnv\/wp-content\/uploads\/2024\/04\/in-the-mix-1.jpg?resize=1170%2C512&amp;ssl=1 1170w, https:\/\/i0.wp.com\/fmnuestrasvoces.com.ar\/fmnv\/wp-content\/uploads\/2024\/04\/in-the-mix-1.jpg?resize=690%2C302&amp;ssl=1 690w, https:\/\/i0.wp.com\/fmnuestrasvoces.com.ar\/fmnv\/wp-content\/uploads\/2024\/04\/in-the-mix-1.jpg?resize=100%2C44&amp;ssl=1 100w, https:\/\/i0.wp.com\/fmnuestrasvoces.com.ar\/fmnv\/wp-content\/uploads\/2024\/04\/in-the-mix-1.jpg?zoom=2&amp;resize=690%2C302&amp;ssl=1 1380w\" sizes=\"(max-width: 690px) 100vw, 690px\" \/>\t\t\t\t\t\t\t\t\t\t\t<\/div>\n\t\t\t\t\t\t\t\t\t\t \t\t\t\t\t\t\t\t\t<\/div>\n\t\t\t\t\t\t\t\t\t<div class=\"qt-overinfo qt-paper\">\n\t\t\t\t\t\t\t\t\t\t<p class=\"qt-item-det qt-accent\">\n\t\t\t\t\t\t\t\t\t\t\t<span class=\"qt-time\">00:00<\/span><span class=\"qt-day qt-capfont\">Mi\u00e9rcoles<\/span>\n\t\t\t\t\t\t\t\t\t\t<\/p>\n\t\t\t\t\t\t\t\t\t\t<div class=\"qt-more\">\n\t\t\t\t\t\t\t\t\t\t\t<p class=\"qt-ellipsis-2\">La mejor selecci\u00f3n de m\u00fasica enganchada de todos los tiempos por DJs nacionales e internacionales.<\/p>\n\t\t\t\t\t\t\t\t\t\t\t<a href=\"https:\/\/fmnuestrasvoces.com.ar\/fmnv\/shows\/inthemix\/\">Ver M\u00e1s<\/a>\n\t\t\t\t\t\t\t\t\t\t<\/div>\n\t\t\t\t\t\t\t\t\t<\/div>\n\t\t\t\t\t\t\t\t<\/div>\n\t\t\t\t\t\t\t<\/div>\n\t\t\t\t\t\t\t<!-- SCHEDULE SHOW END ========================= -->\n\t\t\t\t\t\t<\/div>\n<!-- SCHEDULE DAY END ================================================== -->\t\t\t<\/div>\n\t\t\t\t\t<div id=\"jueves\" class=\"qt-show-schedule-day qt-isactive-\">\n\t\t\t\t<!-- SCHEDULE DAY ================================================== -->\n<div class=\"qt-show-schedule-day row qt-active-\">\n\t\t\t\t\t\t\t\t<!-- SCHEDULE SHOW ========================= -->\n\t\t\t\t\t\t\t<div class=\"col s12 m4 l4\">\n\t\t\t\t\t\t\t\t<div class=\"qt-part-archive-item qt-part-show-schedule-day-item \">\n\t\t\t\t\t\t\t\t\t<div class=\"qt-item-header\">\n\t\t\t\t\t\t\t\t\t\t<div class=\"qt-header-mid qt-vc\">\n\t\t\t\t\t\t\t\t\t\t\t<div class=\"qt-vi\">\n\t\t\t\t\t\t\t\t\t\t\t\t<h4 class=\"qt-item-title qt-title qt-capfont\">\n\t\t\t\t\t\t\t\t\t\t\t\t\t<a href=\"https:\/\/fmnuestrasvoces.com.ar\/fmnv\/shows\/ahoradicen\/\" class=\"qt-ellipsis  qt-t\">Ahora Dicen<\/a>\n\t\t\t\t\t\t\t\t\t\t\t\t<\/h4>\n\t\t\t\t\t\t\t\t\t\t\t\t<p class=\"qt-item-det\">\n\t\t\t\t\t\t\t\t\t\t\t\t\t<span class=\"qt-time\">07:00<\/span><span class=\"qt-day qt-capfont\">Jueves<\/span>\n\t\t\t\t\t\t\t\t\t\t\t\t<\/p>\n\t\t\t\t\t\t\t\t\t\t\t<\/div>\n\t\t\t\t\t\t\t\t\t\t<\/div>\n\t\t\t\t\t\t\t\t\t\t<span class=\"qt-info bottom right\"><i class=\"dripicons-information\"><\/i><\/span>\n\n\t\t\t\t\t\t\t\t\t\t\t\t\t\t\t\t\t\t\t\t\t<div class=\"qt-header-bg\" data-bgimage=\"https:\/\/i0.wp.com\/fmnuestrasvoces.com.ar\/fmnv\/wp-content\/uploads\/2015\/03\/AhoradicenCOLOR.jpg?fit=1024%2C539&#038;ssl=1\">\n\t\t\t\t\t\t\t\t\t\t\t\t<img fetchpriority=\"high\" decoding=\"async\" width=\"690\" height=\"302\" src=\"https:\/\/i0.wp.com\/fmnuestrasvoces.com.ar\/fmnv\/wp-content\/uploads\/2015\/03\/AhoradicenCOLOR.jpg?resize=690%2C302&amp;ssl=1\" class=\"attachment-qantumthemes-medium size-qantumthemes-medium wp-post-image\" alt=\"\" srcset=\"https:\/\/i0.wp.com\/fmnuestrasvoces.com.ar\/fmnv\/wp-content\/uploads\/2015\/03\/AhoradicenCOLOR.jpg?resize=1600%2C700&amp;ssl=1 1600w, https:\/\/i0.wp.com\/fmnuestrasvoces.com.ar\/fmnv\/wp-content\/uploads\/2015\/03\/AhoradicenCOLOR.jpg?resize=1170%2C512&amp;ssl=1 1170w, https:\/\/i0.wp.com\/fmnuestrasvoces.com.ar\/fmnv\/wp-content\/uploads\/2015\/03\/AhoradicenCOLOR.jpg?resize=690%2C302&amp;ssl=1 690w, https:\/\/i0.wp.com\/fmnuestrasvoces.com.ar\/fmnv\/wp-content\/uploads\/2015\/03\/AhoradicenCOLOR.jpg?resize=100%2C44&amp;ssl=1 100w, https:\/\/i0.wp.com\/fmnuestrasvoces.com.ar\/fmnv\/wp-content\/uploads\/2015\/03\/AhoradicenCOLOR.jpg?zoom=2&amp;resize=690%2C302&amp;ssl=1 1380w\" sizes=\"(max-width: 690px) 100vw, 690px\" \/>\t\t\t\t\t\t\t\t\t\t\t<\/div>\n\t\t\t\t\t\t\t\t\t\t \t\t\t\t\t\t\t\t\t<\/div>\n\t\t\t\t\t\t\t\t\t<div class=\"qt-overinfo qt-paper\">\n\t\t\t\t\t\t\t\t\t\t<p class=\"qt-item-det qt-accent\">\n\t\t\t\t\t\t\t\t\t\t\t<span class=\"qt-time\">07:00<\/span><span class=\"qt-day qt-capfont\">Jueves<\/span>\n\t\t\t\t\t\t\t\t\t\t<\/p>\n\t\t\t\t\t\t\t\t\t\t<div class=\"qt-more\">\n\t\t\t\t\t\t\t\t\t\t\t<p class=\"qt-ellipsis-2\">Madruga para que nadie te madrugue #AhoraDicen La primera ma\u00f1ana de Futurock.fm conducen Flor Halfon y Nico Fiorentino.<\/p>\n\t\t\t\t\t\t\t\t\t\t\t<a href=\"https:\/\/fmnuestrasvoces.com.ar\/fmnv\/shows\/ahoradicen\/\">Ver M\u00e1s<\/a>\n\t\t\t\t\t\t\t\t\t\t<\/div>\n\t\t\t\t\t\t\t\t\t<\/div>\n\t\t\t\t\t\t\t\t<\/div>\n\t\t\t\t\t\t\t<\/div>\n\t\t\t\t\t\t\t<!-- SCHEDULE SHOW END ========================= -->\n\t\t\t\t\t\t\t\t\t\t\t\t\t<!-- SCHEDULE SHOW ========================= -->\n\t\t\t\t\t\t\t<div class=\"col s12 m4 l4\">\n\t\t\t\t\t\t\t\t<div class=\"qt-part-archive-item qt-part-show-schedule-day-item \">\n\t\t\t\t\t\t\t\t\t<div class=\"qt-item-header\">\n\t\t\t\t\t\t\t\t\t\t<div class=\"qt-header-mid qt-vc\">\n\t\t\t\t\t\t\t\t\t\t\t<div class=\"qt-vi\">\n\t\t\t\t\t\t\t\t\t\t\t\t<h4 class=\"qt-item-title qt-title qt-capfont\">\n\t\t\t\t\t\t\t\t\t\t\t\t\t<a href=\"https:\/\/fmnuestrasvoces.com.ar\/fmnv\/shows\/tripulantes\/\" class=\"qt-ellipsis  qt-t\">Tripulantes de la Ma\u00f1ana<\/a>\n\t\t\t\t\t\t\t\t\t\t\t\t<\/h4>\n\t\t\t\t\t\t\t\t\t\t\t\t<p class=\"qt-item-det\">\n\t\t\t\t\t\t\t\t\t\t\t\t\t<span class=\"qt-time\">08:00<\/span><span class=\"qt-day qt-capfont\">Jueves<\/span>\n\t\t\t\t\t\t\t\t\t\t\t\t<\/p>\n\t\t\t\t\t\t\t\t\t\t\t<\/div>\n\t\t\t\t\t\t\t\t\t\t<\/div>\n\t\t\t\t\t\t\t\t\t\t<span class=\"qt-info bottom right\"><i class=\"dripicons-information\"><\/i><\/span>\n\n\t\t\t\t\t\t\t\t\t\t\t\t\t\t\t\t\t\t\t\t\t<div class=\"qt-header-bg\" data-bgimage=\"https:\/\/i0.wp.com\/fmnuestrasvoces.com.ar\/fmnv\/wp-content\/uploads\/2015\/03\/TripulantesCOLOR.jpg?fit=1024%2C539&#038;ssl=1\">\n\t\t\t\t\t\t\t\t\t\t\t\t<img decoding=\"async\" width=\"690\" height=\"302\" src=\"https:\/\/i0.wp.com\/fmnuestrasvoces.com.ar\/fmnv\/wp-content\/uploads\/2015\/03\/TripulantesCOLOR.jpg?resize=690%2C302&amp;ssl=1\" class=\"attachment-qantumthemes-medium size-qantumthemes-medium wp-post-image\" alt=\"\" srcset=\"https:\/\/i0.wp.com\/fmnuestrasvoces.com.ar\/fmnv\/wp-content\/uploads\/2015\/03\/TripulantesCOLOR.jpg?resize=1600%2C700&amp;ssl=1 1600w, https:\/\/i0.wp.com\/fmnuestrasvoces.com.ar\/fmnv\/wp-content\/uploads\/2015\/03\/TripulantesCOLOR.jpg?resize=1170%2C512&amp;ssl=1 1170w, https:\/\/i0.wp.com\/fmnuestrasvoces.com.ar\/fmnv\/wp-content\/uploads\/2015\/03\/TripulantesCOLOR.jpg?resize=690%2C302&amp;ssl=1 690w, https:\/\/i0.wp.com\/fmnuestrasvoces.com.ar\/fmnv\/wp-content\/uploads\/2015\/03\/TripulantesCOLOR.jpg?resize=100%2C44&amp;ssl=1 100w, https:\/\/i0.wp.com\/fmnuestrasvoces.com.ar\/fmnv\/wp-content\/uploads\/2015\/03\/TripulantesCOLOR.jpg?zoom=2&amp;resize=690%2C302&amp;ssl=1 1380w\" sizes=\"(max-width: 690px) 100vw, 690px\" \/>\t\t\t\t\t\t\t\t\t\t\t<\/div>\n\t\t\t\t\t\t\t\t\t\t \t\t\t\t\t\t\t\t\t<\/div>\n\t\t\t\t\t\t\t\t\t<div class=\"qt-overinfo qt-paper\">\n\t\t\t\t\t\t\t\t\t\t<p class=\"qt-item-det qt-accent\">\n\t\t\t\t\t\t\t\t\t\t\t<span class=\"qt-time\">08:00<\/span><span class=\"qt-day qt-capfont\">Jueves<\/span>\n\t\t\t\t\t\t\t\t\t\t<\/p>\n\t\t\t\t\t\t\t\t\t\t<div class=\"qt-more\">\n\t\t\t\t\t\t\t\t\t\t\t<p class=\"qt-ellipsis-2\">Todo lo que necesitas saber sobre el sector docente, educaci\u00f3n, pol\u00edtica, cultura y el \u00e1mbito social de nuestra provincia.\r\n\r\nMantenete al tanto de la actualidad con Roc\u00edo Solier, Alejandro Nonini y Nelson Coronel.<\/p>\n\t\t\t\t\t\t\t\t\t\t\t<a href=\"https:\/\/fmnuestrasvoces.com.ar\/fmnv\/shows\/tripulantes\/\">Ver M\u00e1s<\/a>\n\t\t\t\t\t\t\t\t\t\t<\/div>\n\t\t\t\t\t\t\t\t\t<\/div>\n\t\t\t\t\t\t\t\t<\/div>\n\t\t\t\t\t\t\t<\/div>\n\t\t\t\t\t\t\t<!-- SCHEDULE SHOW END ========================= -->\n\t\t\t\t\t\t\t\t\t\t\t\t\t<!-- SCHEDULE SHOW ========================= -->\n\t\t\t\t\t\t\t<div class=\"col s12 m4 l4\">\n\t\t\t\t\t\t\t\t<div class=\"qt-part-archive-item qt-part-show-schedule-day-item \">\n\t\t\t\t\t\t\t\t\t<div class=\"qt-item-header\">\n\t\t\t\t\t\t\t\t\t\t<div class=\"qt-header-mid qt-vc\">\n\t\t\t\t\t\t\t\t\t\t\t<div class=\"qt-vi\">\n\t\t\t\t\t\t\t\t\t\t\t\t<h4 class=\"qt-item-title qt-title qt-capfont\">\n\t\t\t\t\t\t\t\t\t\t\t\t\t<a href=\"https:\/\/fmnuestrasvoces.com.ar\/fmnv\/shows\/informativofarco2\/\" class=\"qt-ellipsis  qt-t\">Informativo FARCO<\/a>\n\t\t\t\t\t\t\t\t\t\t\t\t<\/h4>\n\t\t\t\t\t\t\t\t\t\t\t\t<p class=\"qt-item-det\">\n\t\t\t\t\t\t\t\t\t\t\t\t\t<span class=\"qt-time\">10:30<\/span><span class=\"qt-day qt-capfont\">Jueves<\/span>\n\t\t\t\t\t\t\t\t\t\t\t\t<\/p>\n\t\t\t\t\t\t\t\t\t\t\t<\/div>\n\t\t\t\t\t\t\t\t\t\t<\/div>\n\t\t\t\t\t\t\t\t\t\t<span class=\"qt-info bottom right\"><i class=\"dripicons-information\"><\/i><\/span>\n\n\t\t\t\t\t\t\t\t\t\t\t\t\t\t\t\t\t\t\t\t\t<div class=\"qt-header-bg\" data-bgimage=\"https:\/\/i0.wp.com\/fmnuestrasvoces.com.ar\/fmnv\/wp-content\/uploads\/2024\/04\/farcoCOLOR.jpg?fit=1024%2C539&#038;ssl=1\">\n\t\t\t\t\t\t\t\t\t\t\t\t<img loading=\"lazy\" decoding=\"async\" width=\"690\" height=\"302\" src=\"https:\/\/i0.wp.com\/fmnuestrasvoces.com.ar\/fmnv\/wp-content\/uploads\/2024\/04\/farcoCOLOR.jpg?resize=690%2C302&amp;ssl=1\" class=\"attachment-qantumthemes-medium size-qantumthemes-medium wp-post-image\" alt=\"\" srcset=\"https:\/\/i0.wp.com\/fmnuestrasvoces.com.ar\/fmnv\/wp-content\/uploads\/2024\/04\/farcoCOLOR.jpg?resize=1600%2C700&amp;ssl=1 1600w, https:\/\/i0.wp.com\/fmnuestrasvoces.com.ar\/fmnv\/wp-content\/uploads\/2024\/04\/farcoCOLOR.jpg?resize=1170%2C512&amp;ssl=1 1170w, https:\/\/i0.wp.com\/fmnuestrasvoces.com.ar\/fmnv\/wp-content\/uploads\/2024\/04\/farcoCOLOR.jpg?resize=690%2C302&amp;ssl=1 690w, https:\/\/i0.wp.com\/fmnuestrasvoces.com.ar\/fmnv\/wp-content\/uploads\/2024\/04\/farcoCOLOR.jpg?resize=100%2C44&amp;ssl=1 100w, https:\/\/i0.wp.com\/fmnuestrasvoces.com.ar\/fmnv\/wp-content\/uploads\/2024\/04\/farcoCOLOR.jpg?zoom=2&amp;resize=690%2C302&amp;ssl=1 1380w\" sizes=\"(max-width: 690px) 100vw, 690px\" \/>\t\t\t\t\t\t\t\t\t\t\t<\/div>\n\t\t\t\t\t\t\t\t\t\t \t\t\t\t\t\t\t\t\t<\/div>\n\t\t\t\t\t\t\t\t\t<div class=\"qt-overinfo qt-paper\">\n\t\t\t\t\t\t\t\t\t\t<p class=\"qt-item-det qt-accent\">\n\t\t\t\t\t\t\t\t\t\t\t<span class=\"qt-time\">10:30<\/span><span class=\"qt-day qt-capfont\">Jueves<\/span>\n\t\t\t\t\t\t\t\t\t\t<\/p>\n\t\t\t\t\t\t\t\t\t\t<div class=\"qt-more\">\n\t\t\t\t\t\t\t\t\t\t\t<p class=\"qt-ellipsis-2\">Las noticias contadas por el equipo de corresponsales de las radios comunitarias, con la voz de sus protagonistas\r\n\r\nDuraci\u00f3n: 15 min\r\nConducci\u00f3n: Pepe Frutos\r\nOperaci\u00f3n T\u00e9cnica: Cristian Torres\r\nProducci\u00f3n: Red de corresponsales de FARCO\r\n\r\nEl Informativo FARCO se emite por primera vez, ininterrumpidamente, desde el 7 de febrero de 2005 a trav\u00e9s de la se\u00f1al digital de FARCO, en m\u00e1s de 170 radios de todo el pa\u00eds. y coordinado desde el Centro de Producci\u00f3n de Rosario.<\/p>\n\t\t\t\t\t\t\t\t\t\t\t<a href=\"https:\/\/fmnuestrasvoces.com.ar\/fmnv\/shows\/informativofarco2\/\">Ver M\u00e1s<\/a>\n\t\t\t\t\t\t\t\t\t\t<\/div>\n\t\t\t\t\t\t\t\t\t<\/div>\n\t\t\t\t\t\t\t\t<\/div>\n\t\t\t\t\t\t\t<\/div>\n\t\t\t\t\t\t\t<!-- SCHEDULE SHOW END ========================= -->\n\t\t\t\t\t\t\t\t\t\t\t\t\t<!-- SCHEDULE SHOW ========================= -->\n\t\t\t\t\t\t\t<div class=\"col s12 m4 l4\">\n\t\t\t\t\t\t\t\t<div class=\"qt-part-archive-item qt-part-show-schedule-day-item \">\n\t\t\t\t\t\t\t\t\t<div class=\"qt-item-header\">\n\t\t\t\t\t\t\t\t\t\t<div class=\"qt-header-mid qt-vc\">\n\t\t\t\t\t\t\t\t\t\t\t<div class=\"qt-vi\">\n\t\t\t\t\t\t\t\t\t\t\t\t<h4 class=\"qt-item-title qt-title qt-capfont\">\n\t\t\t\t\t\t\t\t\t\t\t\t\t<a href=\"https:\/\/fmnuestrasvoces.com.ar\/fmnv\/shows\/segurolayhabana\/\" class=\"qt-ellipsis  qt-t\">Segurola y Habana<\/a>\n\t\t\t\t\t\t\t\t\t\t\t\t<\/h4>\n\t\t\t\t\t\t\t\t\t\t\t\t<p class=\"qt-item-det\">\n\t\t\t\t\t\t\t\t\t\t\t\t\t<span class=\"qt-time\">11:00<\/span><span class=\"qt-day qt-capfont\">Jueves<\/span>\n\t\t\t\t\t\t\t\t\t\t\t\t<\/p>\n\t\t\t\t\t\t\t\t\t\t\t<\/div>\n\t\t\t\t\t\t\t\t\t\t<\/div>\n\t\t\t\t\t\t\t\t\t\t<span class=\"qt-info bottom right\"><i class=\"dripicons-information\"><\/i><\/span>\n\n\t\t\t\t\t\t\t\t\t\t\t\t\t\t\t\t\t\t\t\t\t<div class=\"qt-header-bg\" data-bgimage=\"https:\/\/i0.wp.com\/fmnuestrasvoces.com.ar\/fmnv\/wp-content\/uploads\/2015\/03\/SegurolayhabanaCOLOR.jpg?fit=1024%2C539&#038;ssl=1\">\n\t\t\t\t\t\t\t\t\t\t\t\t<img loading=\"lazy\" decoding=\"async\" width=\"690\" height=\"302\" src=\"https:\/\/i0.wp.com\/fmnuestrasvoces.com.ar\/fmnv\/wp-content\/uploads\/2015\/03\/SegurolayhabanaCOLOR.jpg?resize=690%2C302&amp;ssl=1\" class=\"attachment-qantumthemes-medium size-qantumthemes-medium wp-post-image\" alt=\"\" srcset=\"https:\/\/i0.wp.com\/fmnuestrasvoces.com.ar\/fmnv\/wp-content\/uploads\/2015\/03\/SegurolayhabanaCOLOR.jpg?resize=1600%2C700&amp;ssl=1 1600w, https:\/\/i0.wp.com\/fmnuestrasvoces.com.ar\/fmnv\/wp-content\/uploads\/2015\/03\/SegurolayhabanaCOLOR.jpg?resize=1170%2C512&amp;ssl=1 1170w, https:\/\/i0.wp.com\/fmnuestrasvoces.com.ar\/fmnv\/wp-content\/uploads\/2015\/03\/SegurolayhabanaCOLOR.jpg?resize=690%2C302&amp;ssl=1 690w, https:\/\/i0.wp.com\/fmnuestrasvoces.com.ar\/fmnv\/wp-content\/uploads\/2015\/03\/SegurolayhabanaCOLOR.jpg?resize=100%2C44&amp;ssl=1 100w, https:\/\/i0.wp.com\/fmnuestrasvoces.com.ar\/fmnv\/wp-content\/uploads\/2015\/03\/SegurolayhabanaCOLOR.jpg?zoom=2&amp;resize=690%2C302&amp;ssl=1 1380w\" sizes=\"(max-width: 690px) 100vw, 690px\" \/>\t\t\t\t\t\t\t\t\t\t\t<\/div>\n\t\t\t\t\t\t\t\t\t\t \t\t\t\t\t\t\t\t\t<\/div>\n\t\t\t\t\t\t\t\t\t<div class=\"qt-overinfo qt-paper\">\n\t\t\t\t\t\t\t\t\t\t<p class=\"qt-item-det qt-accent\">\n\t\t\t\t\t\t\t\t\t\t\t<span class=\"qt-time\">11:00<\/span><span class=\"qt-day qt-capfont\">Jueves<\/span>\n\t\t\t\t\t\t\t\t\t\t<\/p>\n\t\t\t\t\t\t\t\t\t\t<div class=\"qt-more\">\n\t\t\t\t\t\t\t\t\t\t\t<p class=\"qt-ellipsis-2\">Nos das una verdad y te devolvemos mil preguntas. En Segurola Y Habana analizamos la realidad con humor y tocando los temas que importan de la mano de los expertos, nuestros columnistas: Iv\u00e1n Schargrodsky, Alfredo Zaiat, Santiago Lev\u00edn, Quique Viale, Lucas Fauno, Tom\u00e1s Quintin Palma, Agostina Mileo, Juan Manuel Karg, Aldana Contrera, Lu Miranda y Santi Luc\u00eda. No faltar\u00e1 el buen cine y la buena m\u00fasica.\r\n\r\nJulia Mengolini, Fito Mendonca Paz, Pitu Salvatierra y gran equipo est\u00e1n de Lunes a Viernes de 13 a 16 hs.<\/p>\n\t\t\t\t\t\t\t\t\t\t\t<a href=\"https:\/\/fmnuestrasvoces.com.ar\/fmnv\/shows\/segurolayhabana\/\">Ver M\u00e1s<\/a>\n\t\t\t\t\t\t\t\t\t\t<\/div>\n\t\t\t\t\t\t\t\t\t<\/div>\n\t\t\t\t\t\t\t\t<\/div>\n\t\t\t\t\t\t\t<\/div>\n\t\t\t\t\t\t\t<!-- SCHEDULE SHOW END ========================= -->\n\t\t\t\t\t\t\t\t\t\t\t\t\t<!-- SCHEDULE SHOW ========================= -->\n\t\t\t\t\t\t\t<div class=\"col s12 m4 l4\">\n\t\t\t\t\t\t\t\t<div class=\"qt-part-archive-item qt-part-show-schedule-day-item \">\n\t\t\t\t\t\t\t\t\t<div class=\"qt-item-header\">\n\t\t\t\t\t\t\t\t\t\t<div class=\"qt-header-mid qt-vc\">\n\t\t\t\t\t\t\t\t\t\t\t<div class=\"qt-vi\">\n\t\t\t\t\t\t\t\t\t\t\t\t<h4 class=\"qt-item-title qt-title qt-capfont\">\n\t\t\t\t\t\t\t\t\t\t\t\t\t<a href=\"https:\/\/fmnuestrasvoces.com.ar\/fmnv\/shows\/informativofarco2\/\" class=\"qt-ellipsis  qt-t\">Informativo FARCO<\/a>\n\t\t\t\t\t\t\t\t\t\t\t\t<\/h4>\n\t\t\t\t\t\t\t\t\t\t\t\t<p class=\"qt-item-det\">\n\t\t\t\t\t\t\t\t\t\t\t\t\t<span class=\"qt-time\">13:00<\/span><span class=\"qt-day qt-capfont\">Jueves<\/span>\n\t\t\t\t\t\t\t\t\t\t\t\t<\/p>\n\t\t\t\t\t\t\t\t\t\t\t<\/div>\n\t\t\t\t\t\t\t\t\t\t<\/div>\n\t\t\t\t\t\t\t\t\t\t<span class=\"qt-info bottom right\"><i class=\"dripicons-information\"><\/i><\/span>\n\n\t\t\t\t\t\t\t\t\t\t\t\t\t\t\t\t\t\t\t\t\t<div class=\"qt-header-bg\" data-bgimage=\"https:\/\/i0.wp.com\/fmnuestrasvoces.com.ar\/fmnv\/wp-content\/uploads\/2024\/04\/farcoCOLOR.jpg?fit=1024%2C539&#038;ssl=1\">\n\t\t\t\t\t\t\t\t\t\t\t\t<img loading=\"lazy\" decoding=\"async\" width=\"690\" height=\"302\" src=\"https:\/\/i0.wp.com\/fmnuestrasvoces.com.ar\/fmnv\/wp-content\/uploads\/2024\/04\/farcoCOLOR.jpg?resize=690%2C302&amp;ssl=1\" class=\"attachment-qantumthemes-medium size-qantumthemes-medium wp-post-image\" alt=\"\" srcset=\"https:\/\/i0.wp.com\/fmnuestrasvoces.com.ar\/fmnv\/wp-content\/uploads\/2024\/04\/farcoCOLOR.jpg?resize=1600%2C700&amp;ssl=1 1600w, https:\/\/i0.wp.com\/fmnuestrasvoces.com.ar\/fmnv\/wp-content\/uploads\/2024\/04\/farcoCOLOR.jpg?resize=1170%2C512&amp;ssl=1 1170w, https:\/\/i0.wp.com\/fmnuestrasvoces.com.ar\/fmnv\/wp-content\/uploads\/2024\/04\/farcoCOLOR.jpg?resize=690%2C302&amp;ssl=1 690w, https:\/\/i0.wp.com\/fmnuestrasvoces.com.ar\/fmnv\/wp-content\/uploads\/2024\/04\/farcoCOLOR.jpg?resize=100%2C44&amp;ssl=1 100w, https:\/\/i0.wp.com\/fmnuestrasvoces.com.ar\/fmnv\/wp-content\/uploads\/2024\/04\/farcoCOLOR.jpg?zoom=2&amp;resize=690%2C302&amp;ssl=1 1380w\" sizes=\"(max-width: 690px) 100vw, 690px\" \/>\t\t\t\t\t\t\t\t\t\t\t<\/div>\n\t\t\t\t\t\t\t\t\t\t \t\t\t\t\t\t\t\t\t<\/div>\n\t\t\t\t\t\t\t\t\t<div class=\"qt-overinfo qt-paper\">\n\t\t\t\t\t\t\t\t\t\t<p class=\"qt-item-det qt-accent\">\n\t\t\t\t\t\t\t\t\t\t\t<span class=\"qt-time\">13:00<\/span><span class=\"qt-day qt-capfont\">Jueves<\/span>\n\t\t\t\t\t\t\t\t\t\t<\/p>\n\t\t\t\t\t\t\t\t\t\t<div class=\"qt-more\">\n\t\t\t\t\t\t\t\t\t\t\t<p class=\"qt-ellipsis-2\">Las noticias contadas por el equipo de corresponsales de las radios comunitarias, con la voz de sus protagonistas\r\n\r\nDuraci\u00f3n: 15 min\r\nConducci\u00f3n: Pepe Frutos\r\nOperaci\u00f3n T\u00e9cnica: Cristian Torres\r\nProducci\u00f3n: Red de corresponsales de FARCO\r\n\r\nEl Informativo FARCO se emite por primera vez, ininterrumpidamente, desde el 7 de febrero de 2005 a trav\u00e9s de la se\u00f1al digital de FARCO, en m\u00e1s de 170 radios de todo el pa\u00eds. y coordinado desde el Centro de Producci\u00f3n de Rosario.<\/p>\n\t\t\t\t\t\t\t\t\t\t\t<a href=\"https:\/\/fmnuestrasvoces.com.ar\/fmnv\/shows\/informativofarco2\/\">Ver M\u00e1s<\/a>\n\t\t\t\t\t\t\t\t\t\t<\/div>\n\t\t\t\t\t\t\t\t\t<\/div>\n\t\t\t\t\t\t\t\t<\/div>\n\t\t\t\t\t\t\t<\/div>\n\t\t\t\t\t\t\t<!-- SCHEDULE SHOW END ========================= -->\n\t\t\t\t\t\t\t\t\t\t\t\t\t<!-- SCHEDULE SHOW ========================= -->\n\t\t\t\t\t\t\t<div class=\"col s12 m4 l4\">\n\t\t\t\t\t\t\t\t<div class=\"qt-part-archive-item qt-part-show-schedule-day-item \">\n\t\t\t\t\t\t\t\t\t<div class=\"qt-item-header\">\n\t\t\t\t\t\t\t\t\t\t<div class=\"qt-header-mid qt-vc\">\n\t\t\t\t\t\t\t\t\t\t\t<div class=\"qt-vi\">\n\t\t\t\t\t\t\t\t\t\t\t\t<h4 class=\"qt-item-title qt-title qt-capfont\">\n\t\t\t\t\t\t\t\t\t\t\t\t\t<a href=\"https:\/\/fmnuestrasvoces.com.ar\/fmnv\/shows\/lahoraanimada\/\" class=\"qt-ellipsis  qt-t\">La hora animada<\/a>\n\t\t\t\t\t\t\t\t\t\t\t\t<\/h4>\n\t\t\t\t\t\t\t\t\t\t\t\t<p class=\"qt-item-det\">\n\t\t\t\t\t\t\t\t\t\t\t\t\t<span class=\"qt-time\">13:30<\/span><span class=\"qt-day qt-capfont\">Jueves<\/span>\n\t\t\t\t\t\t\t\t\t\t\t\t<\/p>\n\t\t\t\t\t\t\t\t\t\t\t<\/div>\n\t\t\t\t\t\t\t\t\t\t<\/div>\n\t\t\t\t\t\t\t\t\t\t<span class=\"qt-info bottom right\"><i class=\"dripicons-information\"><\/i><\/span>\n\n\t\t\t\t\t\t\t\t\t\t\t\t\t\t\t\t\t\t\t\t\t<div class=\"qt-header-bg\" data-bgimage=\"https:\/\/i0.wp.com\/fmnuestrasvoces.com.ar\/fmnv\/wp-content\/uploads\/2015\/03\/LahoraanimadaCOLOR.jpg?fit=1024%2C539&#038;ssl=1\">\n\t\t\t\t\t\t\t\t\t\t\t\t<img loading=\"lazy\" decoding=\"async\" width=\"690\" height=\"302\" src=\"https:\/\/i0.wp.com\/fmnuestrasvoces.com.ar\/fmnv\/wp-content\/uploads\/2015\/03\/LahoraanimadaCOLOR.jpg?resize=690%2C302&amp;ssl=1\" class=\"attachment-qantumthemes-medium size-qantumthemes-medium wp-post-image\" alt=\"\" srcset=\"https:\/\/i0.wp.com\/fmnuestrasvoces.com.ar\/fmnv\/wp-content\/uploads\/2015\/03\/LahoraanimadaCOLOR.jpg?resize=1600%2C700&amp;ssl=1 1600w, https:\/\/i0.wp.com\/fmnuestrasvoces.com.ar\/fmnv\/wp-content\/uploads\/2015\/03\/LahoraanimadaCOLOR.jpg?resize=1170%2C512&amp;ssl=1 1170w, https:\/\/i0.wp.com\/fmnuestrasvoces.com.ar\/fmnv\/wp-content\/uploads\/2015\/03\/LahoraanimadaCOLOR.jpg?resize=690%2C302&amp;ssl=1 690w, https:\/\/i0.wp.com\/fmnuestrasvoces.com.ar\/fmnv\/wp-content\/uploads\/2015\/03\/LahoraanimadaCOLOR.jpg?resize=100%2C44&amp;ssl=1 100w, https:\/\/i0.wp.com\/fmnuestrasvoces.com.ar\/fmnv\/wp-content\/uploads\/2015\/03\/LahoraanimadaCOLOR.jpg?zoom=2&amp;resize=690%2C302&amp;ssl=1 1380w\" sizes=\"(max-width: 690px) 100vw, 690px\" \/>\t\t\t\t\t\t\t\t\t\t\t<\/div>\n\t\t\t\t\t\t\t\t\t\t \t\t\t\t\t\t\t\t\t<\/div>\n\t\t\t\t\t\t\t\t\t<div class=\"qt-overinfo qt-paper\">\n\t\t\t\t\t\t\t\t\t\t<p class=\"qt-item-det qt-accent\">\n\t\t\t\t\t\t\t\t\t\t\t<span class=\"qt-time\">13:30<\/span><span class=\"qt-day qt-capfont\">Jueves<\/span>\n\t\t\t\t\t\t\t\t\t\t<\/p>\n\t\t\t\t\t\t\t\t\t\t<div class=\"qt-more\">\n\t\t\t\t\t\t\t\t\t\t\t<p class=\"qt-ellipsis-2\">Una hora de viaje musical en tu mediod\u00eda, de la mano de Mat\u00edas Messoulam y Barbi Recanati.<\/p>\n\t\t\t\t\t\t\t\t\t\t\t<a href=\"https:\/\/fmnuestrasvoces.com.ar\/fmnv\/shows\/lahoraanimada\/\">Ver M\u00e1s<\/a>\n\t\t\t\t\t\t\t\t\t\t<\/div>\n\t\t\t\t\t\t\t\t\t<\/div>\n\t\t\t\t\t\t\t\t<\/div>\n\t\t\t\t\t\t\t<\/div>\n\t\t\t\t\t\t\t<!-- SCHEDULE SHOW END ========================= -->\n\t\t\t\t\t\t\t\t\t\t\t\t\t<!-- SCHEDULE SHOW ========================= -->\n\t\t\t\t\t\t\t<div class=\"col s12 m4 l4\">\n\t\t\t\t\t\t\t\t<div class=\"qt-part-archive-item qt-part-show-schedule-day-item \">\n\t\t\t\t\t\t\t\t\t<div class=\"qt-item-header\">\n\t\t\t\t\t\t\t\t\t\t<div class=\"qt-header-mid qt-vc\">\n\t\t\t\t\t\t\t\t\t\t\t<div class=\"qt-vi\">\n\t\t\t\t\t\t\t\t\t\t\t\t<h4 class=\"qt-item-title qt-title qt-capfont\">\n\t\t\t\t\t\t\t\t\t\t\t\t\t<a href=\"https:\/\/fmnuestrasvoces.com.ar\/fmnv\/shows\/cronicaanunciada\/\" class=\"qt-ellipsis  qt-t\">Cr\u00f3nica Anunciada<\/a>\n\t\t\t\t\t\t\t\t\t\t\t\t<\/h4>\n\t\t\t\t\t\t\t\t\t\t\t\t<p class=\"qt-item-det\">\n\t\t\t\t\t\t\t\t\t\t\t\t\t<span class=\"qt-time\">14:00<\/span><span class=\"qt-day qt-capfont\">Jueves<\/span>\n\t\t\t\t\t\t\t\t\t\t\t\t<\/p>\n\t\t\t\t\t\t\t\t\t\t\t<\/div>\n\t\t\t\t\t\t\t\t\t\t<\/div>\n\t\t\t\t\t\t\t\t\t\t<span class=\"qt-info bottom right\"><i class=\"dripicons-information\"><\/i><\/span>\n\n\t\t\t\t\t\t\t\t\t\t\t\t\t\t\t\t\t\t\t\t\t<div class=\"qt-header-bg\" data-bgimage=\"https:\/\/i0.wp.com\/fmnuestrasvoces.com.ar\/fmnv\/wp-content\/uploads\/2024\/04\/PanoramasurCOLOR.jpg?fit=1024%2C539&#038;ssl=1\">\n\t\t\t\t\t\t\t\t\t\t\t\t<img loading=\"lazy\" decoding=\"async\" width=\"690\" height=\"302\" src=\"https:\/\/i0.wp.com\/fmnuestrasvoces.com.ar\/fmnv\/wp-content\/uploads\/2024\/04\/PanoramasurCOLOR.jpg?resize=690%2C302&amp;ssl=1\" class=\"attachment-qantumthemes-medium size-qantumthemes-medium wp-post-image\" alt=\"\" srcset=\"https:\/\/i0.wp.com\/fmnuestrasvoces.com.ar\/fmnv\/wp-content\/uploads\/2024\/04\/PanoramasurCOLOR.jpg?resize=1600%2C700&amp;ssl=1 1600w, https:\/\/i0.wp.com\/fmnuestrasvoces.com.ar\/fmnv\/wp-content\/uploads\/2024\/04\/PanoramasurCOLOR.jpg?resize=1170%2C512&amp;ssl=1 1170w, https:\/\/i0.wp.com\/fmnuestrasvoces.com.ar\/fmnv\/wp-content\/uploads\/2024\/04\/PanoramasurCOLOR.jpg?resize=690%2C302&amp;ssl=1 690w, https:\/\/i0.wp.com\/fmnuestrasvoces.com.ar\/fmnv\/wp-content\/uploads\/2024\/04\/PanoramasurCOLOR.jpg?resize=100%2C44&amp;ssl=1 100w, https:\/\/i0.wp.com\/fmnuestrasvoces.com.ar\/fmnv\/wp-content\/uploads\/2024\/04\/PanoramasurCOLOR.jpg?zoom=2&amp;resize=690%2C302&amp;ssl=1 1380w\" sizes=\"(max-width: 690px) 100vw, 690px\" \/>\t\t\t\t\t\t\t\t\t\t\t<\/div>\n\t\t\t\t\t\t\t\t\t\t \t\t\t\t\t\t\t\t\t<\/div>\n\t\t\t\t\t\t\t\t\t<div class=\"qt-overinfo qt-paper\">\n\t\t\t\t\t\t\t\t\t\t<p class=\"qt-item-det qt-accent\">\n\t\t\t\t\t\t\t\t\t\t\t<span class=\"qt-time\">14:00<\/span><span class=\"qt-day qt-capfont\">Jueves<\/span>\n\t\t\t\t\t\t\t\t\t\t<\/p>\n\t\t\t\t\t\t\t\t\t\t<div class=\"qt-more\">\n\t\t\t\t\t\t\t\t\t\t\t<p class=\"qt-ellipsis-2\">Te contamos la cr\u00f3nica anunciada de todos los d\u00edas con Juan Amor\u00edn, Poli Sabat\u00e9s y Sebasti\u00e1n Caz\u00f3n.<\/p>\n\t\t\t\t\t\t\t\t\t\t\t<a href=\"https:\/\/fmnuestrasvoces.com.ar\/fmnv\/shows\/cronicaanunciada\/\">Ver M\u00e1s<\/a>\n\t\t\t\t\t\t\t\t\t\t<\/div>\n\t\t\t\t\t\t\t\t\t<\/div>\n\t\t\t\t\t\t\t\t<\/div>\n\t\t\t\t\t\t\t<\/div>\n\t\t\t\t\t\t\t<!-- SCHEDULE SHOW END ========================= -->\n\t\t\t\t\t\t\t\t\t\t\t\t\t<!-- SCHEDULE SHOW ========================= -->\n\t\t\t\t\t\t\t<div class=\"col s12 m4 l4\">\n\t\t\t\t\t\t\t\t<div class=\"qt-part-archive-item qt-part-show-schedule-day-item \">\n\t\t\t\t\t\t\t\t\t<div class=\"qt-item-header\">\n\t\t\t\t\t\t\t\t\t\t<div class=\"qt-header-mid qt-vc\">\n\t\t\t\t\t\t\t\t\t\t\t<div class=\"qt-vi\">\n\t\t\t\t\t\t\t\t\t\t\t\t<h4 class=\"qt-item-title qt-title qt-capfont\">\n\t\t\t\t\t\t\t\t\t\t\t\t\t<a href=\"https:\/\/fmnuestrasvoces.com.ar\/fmnv\/shows\/furiabebe\/\" class=\"qt-ellipsis  qt-t\">Furia Beb\u00e9<\/a>\n\t\t\t\t\t\t\t\t\t\t\t\t<\/h4>\n\t\t\t\t\t\t\t\t\t\t\t\t<p class=\"qt-item-det\">\n\t\t\t\t\t\t\t\t\t\t\t\t\t<span class=\"qt-time\">16:00<\/span><span class=\"qt-day qt-capfont\">Jueves<\/span>\n\t\t\t\t\t\t\t\t\t\t\t\t<\/p>\n\t\t\t\t\t\t\t\t\t\t\t<\/div>\n\t\t\t\t\t\t\t\t\t\t<\/div>\n\t\t\t\t\t\t\t\t\t\t<span class=\"qt-info bottom right\"><i class=\"dripicons-information\"><\/i><\/span>\n\n\t\t\t\t\t\t\t\t\t\t\t\t\t\t\t\t\t\t\t\t\t<div class=\"qt-header-bg\" data-bgimage=\"https:\/\/i0.wp.com\/fmnuestrasvoces.com.ar\/fmnv\/wp-content\/uploads\/2015\/03\/FuriaBebeCOLOR.jpg?fit=1024%2C539&#038;ssl=1\">\n\t\t\t\t\t\t\t\t\t\t\t\t<img loading=\"lazy\" decoding=\"async\" width=\"690\" height=\"302\" src=\"https:\/\/i0.wp.com\/fmnuestrasvoces.com.ar\/fmnv\/wp-content\/uploads\/2015\/03\/FuriaBebeCOLOR.jpg?resize=690%2C302&amp;ssl=1\" class=\"attachment-qantumthemes-medium size-qantumthemes-medium wp-post-image\" alt=\"\" srcset=\"https:\/\/i0.wp.com\/fmnuestrasvoces.com.ar\/fmnv\/wp-content\/uploads\/2015\/03\/FuriaBebeCOLOR.jpg?resize=1600%2C700&amp;ssl=1 1600w, https:\/\/i0.wp.com\/fmnuestrasvoces.com.ar\/fmnv\/wp-content\/uploads\/2015\/03\/FuriaBebeCOLOR.jpg?resize=1170%2C512&amp;ssl=1 1170w, https:\/\/i0.wp.com\/fmnuestrasvoces.com.ar\/fmnv\/wp-content\/uploads\/2015\/03\/FuriaBebeCOLOR.jpg?resize=690%2C302&amp;ssl=1 690w, https:\/\/i0.wp.com\/fmnuestrasvoces.com.ar\/fmnv\/wp-content\/uploads\/2015\/03\/FuriaBebeCOLOR.jpg?resize=100%2C44&amp;ssl=1 100w, https:\/\/i0.wp.com\/fmnuestrasvoces.com.ar\/fmnv\/wp-content\/uploads\/2015\/03\/FuriaBebeCOLOR.jpg?zoom=2&amp;resize=690%2C302&amp;ssl=1 1380w\" sizes=\"(max-width: 690px) 100vw, 690px\" \/>\t\t\t\t\t\t\t\t\t\t\t<\/div>\n\t\t\t\t\t\t\t\t\t\t \t\t\t\t\t\t\t\t\t<\/div>\n\t\t\t\t\t\t\t\t\t<div class=\"qt-overinfo qt-paper\">\n\t\t\t\t\t\t\t\t\t\t<p class=\"qt-item-det qt-accent\">\n\t\t\t\t\t\t\t\t\t\t\t<span class=\"qt-time\">16:00<\/span><span class=\"qt-day qt-capfont\">Jueves<\/span>\n\t\t\t\t\t\t\t\t\t\t<\/p>\n\t\t\t\t\t\t\t\t\t\t<div class=\"qt-more\">\n\t\t\t\t\t\t\t\t\t\t\t<p class=\"qt-ellipsis-2\">Malena Pichot, Danila Saiegh y Vanesa Strauch son Furia Beb\u00e9. Humor, humor y humor. Y otras cosas tambi\u00e9n.<\/p>\n\t\t\t\t\t\t\t\t\t\t\t<a href=\"https:\/\/fmnuestrasvoces.com.ar\/fmnv\/shows\/furiabebe\/\">Ver M\u00e1s<\/a>\n\t\t\t\t\t\t\t\t\t\t<\/div>\n\t\t\t\t\t\t\t\t\t<\/div>\n\t\t\t\t\t\t\t\t<\/div>\n\t\t\t\t\t\t\t<\/div>\n\t\t\t\t\t\t\t<!-- SCHEDULE SHOW END ========================= -->\n\t\t\t\t\t\t\t\t\t\t\t\t\t<!-- SCHEDULE SHOW ========================= -->\n\t\t\t\t\t\t\t<div class=\"col s12 m4 l4\">\n\t\t\t\t\t\t\t\t<div class=\"qt-part-archive-item qt-part-show-schedule-day-item \">\n\t\t\t\t\t\t\t\t\t<div class=\"qt-item-header\">\n\t\t\t\t\t\t\t\t\t\t<div class=\"qt-header-mid qt-vc\">\n\t\t\t\t\t\t\t\t\t\t\t<div class=\"qt-vi\">\n\t\t\t\t\t\t\t\t\t\t\t\t<h4 class=\"qt-item-title qt-title qt-capfont\">\n\t\t\t\t\t\t\t\t\t\t\t\t\t<a href=\"https:\/\/fmnuestrasvoces.com.ar\/fmnv\/shows\/tripulantesrepe\/\" class=\"qt-ellipsis  qt-t\">Tripulantes de la Ma\u00f1ana<\/a>\n\t\t\t\t\t\t\t\t\t\t\t\t<\/h4>\n\t\t\t\t\t\t\t\t\t\t\t\t<p class=\"qt-item-det\">\n\t\t\t\t\t\t\t\t\t\t\t\t\t<span class=\"qt-time\">18:00<\/span><span class=\"qt-day qt-capfont\">Jueves<\/span>\n\t\t\t\t\t\t\t\t\t\t\t\t<\/p>\n\t\t\t\t\t\t\t\t\t\t\t<\/div>\n\t\t\t\t\t\t\t\t\t\t<\/div>\n\t\t\t\t\t\t\t\t\t\t<span class=\"qt-info bottom right\"><i class=\"dripicons-information\"><\/i><\/span>\n\n\t\t\t\t\t\t\t\t\t\t\t\t\t\t\t\t\t\t\t\t\t<div class=\"qt-header-bg\" data-bgimage=\"https:\/\/i0.wp.com\/fmnuestrasvoces.com.ar\/fmnv\/wp-content\/uploads\/2015\/03\/TripulantesCOLOR.jpg?fit=1024%2C539&#038;ssl=1\">\n\t\t\t\t\t\t\t\t\t\t\t\t<img decoding=\"async\" width=\"690\" height=\"302\" src=\"https:\/\/i0.wp.com\/fmnuestrasvoces.com.ar\/fmnv\/wp-content\/uploads\/2015\/03\/TripulantesCOLOR.jpg?resize=690%2C302&amp;ssl=1\" class=\"attachment-qantumthemes-medium size-qantumthemes-medium wp-post-image\" alt=\"\" srcset=\"https:\/\/i0.wp.com\/fmnuestrasvoces.com.ar\/fmnv\/wp-content\/uploads\/2015\/03\/TripulantesCOLOR.jpg?resize=1600%2C700&amp;ssl=1 1600w, https:\/\/i0.wp.com\/fmnuestrasvoces.com.ar\/fmnv\/wp-content\/uploads\/2015\/03\/TripulantesCOLOR.jpg?resize=1170%2C512&amp;ssl=1 1170w, https:\/\/i0.wp.com\/fmnuestrasvoces.com.ar\/fmnv\/wp-content\/uploads\/2015\/03\/TripulantesCOLOR.jpg?resize=690%2C302&amp;ssl=1 690w, https:\/\/i0.wp.com\/fmnuestrasvoces.com.ar\/fmnv\/wp-content\/uploads\/2015\/03\/TripulantesCOLOR.jpg?resize=100%2C44&amp;ssl=1 100w, https:\/\/i0.wp.com\/fmnuestrasvoces.com.ar\/fmnv\/wp-content\/uploads\/2015\/03\/TripulantesCOLOR.jpg?zoom=2&amp;resize=690%2C302&amp;ssl=1 1380w\" sizes=\"(max-width: 690px) 100vw, 690px\" \/>\t\t\t\t\t\t\t\t\t\t\t<\/div>\n\t\t\t\t\t\t\t\t\t\t \t\t\t\t\t\t\t\t\t<\/div>\n\t\t\t\t\t\t\t\t\t<div class=\"qt-overinfo qt-paper\">\n\t\t\t\t\t\t\t\t\t\t<p class=\"qt-item-det qt-accent\">\n\t\t\t\t\t\t\t\t\t\t\t<span class=\"qt-time\">18:00<\/span><span class=\"qt-day qt-capfont\">Jueves<\/span>\n\t\t\t\t\t\t\t\t\t\t<\/p>\n\t\t\t\t\t\t\t\t\t\t<div class=\"qt-more\">\n\t\t\t\t\t\t\t\t\t\t\t<p class=\"qt-ellipsis-2\">Todo lo que necesitas saber sobre el sector docente, educaci\u00f3n, pol\u00edtica, cultura y el \u00e1mbito social de nuestra provincia.\r\n\r\nMantenete al tanto de la actualidad con Roc\u00edo Solier, Alejandro Nonini y Nelson Coronel.<\/p>\n\t\t\t\t\t\t\t\t\t\t\t<a href=\"https:\/\/fmnuestrasvoces.com.ar\/fmnv\/shows\/tripulantesrepe\/\">Ver M\u00e1s<\/a>\n\t\t\t\t\t\t\t\t\t\t<\/div>\n\t\t\t\t\t\t\t\t\t<\/div>\n\t\t\t\t\t\t\t\t<\/div>\n\t\t\t\t\t\t\t<\/div>\n\t\t\t\t\t\t\t<!-- SCHEDULE SHOW END ========================= -->\n\t\t\t\t\t\t\t\t\t\t\t\t\t<!-- SCHEDULE SHOW ========================= -->\n\t\t\t\t\t\t\t<div class=\"col s12 m4 l4\">\n\t\t\t\t\t\t\t\t<div class=\"qt-part-archive-item qt-part-show-schedule-day-item \">\n\t\t\t\t\t\t\t\t\t<div class=\"qt-item-header\">\n\t\t\t\t\t\t\t\t\t\t<div class=\"qt-header-mid qt-vc\">\n\t\t\t\t\t\t\t\t\t\t\t<div class=\"qt-vi\">\n\t\t\t\t\t\t\t\t\t\t\t\t<h4 class=\"qt-item-title qt-title qt-capfont\">\n\t\t\t\t\t\t\t\t\t\t\t\t\t<a href=\"https:\/\/fmnuestrasvoces.com.ar\/fmnv\/shows\/inthemix\/\" class=\"qt-ellipsis  qt-t\">In the Mix<\/a>\n\t\t\t\t\t\t\t\t\t\t\t\t<\/h4>\n\t\t\t\t\t\t\t\t\t\t\t\t<p class=\"qt-item-det\">\n\t\t\t\t\t\t\t\t\t\t\t\t\t<span class=\"qt-time\">00:00<\/span><span class=\"qt-day qt-capfont\">Jueves<\/span>\n\t\t\t\t\t\t\t\t\t\t\t\t<\/p>\n\t\t\t\t\t\t\t\t\t\t\t<\/div>\n\t\t\t\t\t\t\t\t\t\t<\/div>\n\t\t\t\t\t\t\t\t\t\t<span class=\"qt-info bottom right\"><i class=\"dripicons-information\"><\/i><\/span>\n\n\t\t\t\t\t\t\t\t\t\t\t\t\t\t\t\t\t\t\t\t\t<div class=\"qt-header-bg\" data-bgimage=\"https:\/\/i0.wp.com\/fmnuestrasvoces.com.ar\/fmnv\/wp-content\/uploads\/2024\/04\/in-the-mix-1.jpg?fit=1024%2C539&#038;ssl=1\">\n\t\t\t\t\t\t\t\t\t\t\t\t<img loading=\"lazy\" decoding=\"async\" width=\"690\" height=\"302\" src=\"https:\/\/i0.wp.com\/fmnuestrasvoces.com.ar\/fmnv\/wp-content\/uploads\/2024\/04\/in-the-mix-1.jpg?resize=690%2C302&amp;ssl=1\" class=\"attachment-qantumthemes-medium size-qantumthemes-medium wp-post-image\" alt=\"\" srcset=\"https:\/\/i0.wp.com\/fmnuestrasvoces.com.ar\/fmnv\/wp-content\/uploads\/2024\/04\/in-the-mix-1.jpg?resize=1600%2C700&amp;ssl=1 1600w, https:\/\/i0.wp.com\/fmnuestrasvoces.com.ar\/fmnv\/wp-content\/uploads\/2024\/04\/in-the-mix-1.jpg?resize=1170%2C512&amp;ssl=1 1170w, https:\/\/i0.wp.com\/fmnuestrasvoces.com.ar\/fmnv\/wp-content\/uploads\/2024\/04\/in-the-mix-1.jpg?resize=690%2C302&amp;ssl=1 690w, https:\/\/i0.wp.com\/fmnuestrasvoces.com.ar\/fmnv\/wp-content\/uploads\/2024\/04\/in-the-mix-1.jpg?resize=100%2C44&amp;ssl=1 100w, https:\/\/i0.wp.com\/fmnuestrasvoces.com.ar\/fmnv\/wp-content\/uploads\/2024\/04\/in-the-mix-1.jpg?zoom=2&amp;resize=690%2C302&amp;ssl=1 1380w\" sizes=\"(max-width: 690px) 100vw, 690px\" \/>\t\t\t\t\t\t\t\t\t\t\t<\/div>\n\t\t\t\t\t\t\t\t\t\t \t\t\t\t\t\t\t\t\t<\/div>\n\t\t\t\t\t\t\t\t\t<div class=\"qt-overinfo qt-paper\">\n\t\t\t\t\t\t\t\t\t\t<p class=\"qt-item-det qt-accent\">\n\t\t\t\t\t\t\t\t\t\t\t<span class=\"qt-time\">00:00<\/span><span class=\"qt-day qt-capfont\">Jueves<\/span>\n\t\t\t\t\t\t\t\t\t\t<\/p>\n\t\t\t\t\t\t\t\t\t\t<div class=\"qt-more\">\n\t\t\t\t\t\t\t\t\t\t\t<p class=\"qt-ellipsis-2\">La mejor selecci\u00f3n de m\u00fasica enganchada de todos los tiempos por DJs nacionales e internacionales.<\/p>\n\t\t\t\t\t\t\t\t\t\t\t<a href=\"https:\/\/fmnuestrasvoces.com.ar\/fmnv\/shows\/inthemix\/\">Ver M\u00e1s<\/a>\n\t\t\t\t\t\t\t\t\t\t<\/div>\n\t\t\t\t\t\t\t\t\t<\/div>\n\t\t\t\t\t\t\t\t<\/div>\n\t\t\t\t\t\t\t<\/div>\n\t\t\t\t\t\t\t<!-- SCHEDULE SHOW END ========================= -->\n\t\t\t\t\t\t<\/div>\n<!-- SCHEDULE DAY END ================================================== -->\t\t\t<\/div>\n\t\t\t\t\t<div id=\"viernes\" class=\"qt-show-schedule-day qt-isactive-\">\n\t\t\t\t<!-- SCHEDULE DAY ================================================== -->\n<div class=\"qt-show-schedule-day row qt-active-\">\n\t\t\t\t\t\t\t\t<!-- SCHEDULE SHOW ========================= -->\n\t\t\t\t\t\t\t<div class=\"col s12 m4 l4\">\n\t\t\t\t\t\t\t\t<div class=\"qt-part-archive-item qt-part-show-schedule-day-item \">\n\t\t\t\t\t\t\t\t\t<div class=\"qt-item-header\">\n\t\t\t\t\t\t\t\t\t\t<div class=\"qt-header-mid qt-vc\">\n\t\t\t\t\t\t\t\t\t\t\t<div class=\"qt-vi\">\n\t\t\t\t\t\t\t\t\t\t\t\t<h4 class=\"qt-item-title qt-title qt-capfont\">\n\t\t\t\t\t\t\t\t\t\t\t\t\t<a href=\"https:\/\/fmnuestrasvoces.com.ar\/fmnv\/shows\/ahoradicen\/\" class=\"qt-ellipsis  qt-t\">Ahora Dicen<\/a>\n\t\t\t\t\t\t\t\t\t\t\t\t<\/h4>\n\t\t\t\t\t\t\t\t\t\t\t\t<p class=\"qt-item-det\">\n\t\t\t\t\t\t\t\t\t\t\t\t\t<span class=\"qt-time\">07:00<\/span><span class=\"qt-day qt-capfont\">Viernes<\/span>\n\t\t\t\t\t\t\t\t\t\t\t\t<\/p>\n\t\t\t\t\t\t\t\t\t\t\t<\/div>\n\t\t\t\t\t\t\t\t\t\t<\/div>\n\t\t\t\t\t\t\t\t\t\t<span class=\"qt-info bottom right\"><i class=\"dripicons-information\"><\/i><\/span>\n\n\t\t\t\t\t\t\t\t\t\t\t\t\t\t\t\t\t\t\t\t\t<div class=\"qt-header-bg\" data-bgimage=\"https:\/\/i0.wp.com\/fmnuestrasvoces.com.ar\/fmnv\/wp-content\/uploads\/2015\/03\/AhoradicenCOLOR.jpg?fit=1024%2C539&#038;ssl=1\">\n\t\t\t\t\t\t\t\t\t\t\t\t<img fetchpriority=\"high\" decoding=\"async\" width=\"690\" height=\"302\" src=\"https:\/\/i0.wp.com\/fmnuestrasvoces.com.ar\/fmnv\/wp-content\/uploads\/2015\/03\/AhoradicenCOLOR.jpg?resize=690%2C302&amp;ssl=1\" class=\"attachment-qantumthemes-medium size-qantumthemes-medium wp-post-image\" alt=\"\" srcset=\"https:\/\/i0.wp.com\/fmnuestrasvoces.com.ar\/fmnv\/wp-content\/uploads\/2015\/03\/AhoradicenCOLOR.jpg?resize=1600%2C700&amp;ssl=1 1600w, https:\/\/i0.wp.com\/fmnuestrasvoces.com.ar\/fmnv\/wp-content\/uploads\/2015\/03\/AhoradicenCOLOR.jpg?resize=1170%2C512&amp;ssl=1 1170w, https:\/\/i0.wp.com\/fmnuestrasvoces.com.ar\/fmnv\/wp-content\/uploads\/2015\/03\/AhoradicenCOLOR.jpg?resize=690%2C302&amp;ssl=1 690w, https:\/\/i0.wp.com\/fmnuestrasvoces.com.ar\/fmnv\/wp-content\/uploads\/2015\/03\/AhoradicenCOLOR.jpg?resize=100%2C44&amp;ssl=1 100w, https:\/\/i0.wp.com\/fmnuestrasvoces.com.ar\/fmnv\/wp-content\/uploads\/2015\/03\/AhoradicenCOLOR.jpg?zoom=2&amp;resize=690%2C302&amp;ssl=1 1380w\" sizes=\"(max-width: 690px) 100vw, 690px\" \/>\t\t\t\t\t\t\t\t\t\t\t<\/div>\n\t\t\t\t\t\t\t\t\t\t \t\t\t\t\t\t\t\t\t<\/div>\n\t\t\t\t\t\t\t\t\t<div class=\"qt-overinfo qt-paper\">\n\t\t\t\t\t\t\t\t\t\t<p class=\"qt-item-det qt-accent\">\n\t\t\t\t\t\t\t\t\t\t\t<span class=\"qt-time\">07:00<\/span><span class=\"qt-day qt-capfont\">Viernes<\/span>\n\t\t\t\t\t\t\t\t\t\t<\/p>\n\t\t\t\t\t\t\t\t\t\t<div class=\"qt-more\">\n\t\t\t\t\t\t\t\t\t\t\t<p class=\"qt-ellipsis-2\">Madruga para que nadie te madrugue #AhoraDicen La primera ma\u00f1ana de Futurock.fm conducen Flor Halfon y Nico Fiorentino.<\/p>\n\t\t\t\t\t\t\t\t\t\t\t<a href=\"https:\/\/fmnuestrasvoces.com.ar\/fmnv\/shows\/ahoradicen\/\">Ver M\u00e1s<\/a>\n\t\t\t\t\t\t\t\t\t\t<\/div>\n\t\t\t\t\t\t\t\t\t<\/div>\n\t\t\t\t\t\t\t\t<\/div>\n\t\t\t\t\t\t\t<\/div>\n\t\t\t\t\t\t\t<!-- SCHEDULE SHOW END ========================= -->\n\t\t\t\t\t\t\t\t\t\t\t\t\t<!-- SCHEDULE SHOW ========================= -->\n\t\t\t\t\t\t\t<div class=\"col s12 m4 l4\">\n\t\t\t\t\t\t\t\t<div class=\"qt-part-archive-item qt-part-show-schedule-day-item \">\n\t\t\t\t\t\t\t\t\t<div class=\"qt-item-header\">\n\t\t\t\t\t\t\t\t\t\t<div class=\"qt-header-mid qt-vc\">\n\t\t\t\t\t\t\t\t\t\t\t<div class=\"qt-vi\">\n\t\t\t\t\t\t\t\t\t\t\t\t<h4 class=\"qt-item-title qt-title qt-capfont\">\n\t\t\t\t\t\t\t\t\t\t\t\t\t<a href=\"https:\/\/fmnuestrasvoces.com.ar\/fmnv\/shows\/tripulantes\/\" class=\"qt-ellipsis  qt-t\">Tripulantes de la Ma\u00f1ana<\/a>\n\t\t\t\t\t\t\t\t\t\t\t\t<\/h4>\n\t\t\t\t\t\t\t\t\t\t\t\t<p class=\"qt-item-det\">\n\t\t\t\t\t\t\t\t\t\t\t\t\t<span class=\"qt-time\">08:00<\/span><span class=\"qt-day qt-capfont\">Viernes<\/span>\n\t\t\t\t\t\t\t\t\t\t\t\t<\/p>\n\t\t\t\t\t\t\t\t\t\t\t<\/div>\n\t\t\t\t\t\t\t\t\t\t<\/div>\n\t\t\t\t\t\t\t\t\t\t<span class=\"qt-info bottom right\"><i class=\"dripicons-information\"><\/i><\/span>\n\n\t\t\t\t\t\t\t\t\t\t\t\t\t\t\t\t\t\t\t\t\t<div class=\"qt-header-bg\" data-bgimage=\"https:\/\/i0.wp.com\/fmnuestrasvoces.com.ar\/fmnv\/wp-content\/uploads\/2015\/03\/TripulantesCOLOR.jpg?fit=1024%2C539&#038;ssl=1\">\n\t\t\t\t\t\t\t\t\t\t\t\t<img decoding=\"async\" width=\"690\" height=\"302\" src=\"https:\/\/i0.wp.com\/fmnuestrasvoces.com.ar\/fmnv\/wp-content\/uploads\/2015\/03\/TripulantesCOLOR.jpg?resize=690%2C302&amp;ssl=1\" class=\"attachment-qantumthemes-medium size-qantumthemes-medium wp-post-image\" alt=\"\" srcset=\"https:\/\/i0.wp.com\/fmnuestrasvoces.com.ar\/fmnv\/wp-content\/uploads\/2015\/03\/TripulantesCOLOR.jpg?resize=1600%2C700&amp;ssl=1 1600w, https:\/\/i0.wp.com\/fmnuestrasvoces.com.ar\/fmnv\/wp-content\/uploads\/2015\/03\/TripulantesCOLOR.jpg?resize=1170%2C512&amp;ssl=1 1170w, https:\/\/i0.wp.com\/fmnuestrasvoces.com.ar\/fmnv\/wp-content\/uploads\/2015\/03\/TripulantesCOLOR.jpg?resize=690%2C302&amp;ssl=1 690w, https:\/\/i0.wp.com\/fmnuestrasvoces.com.ar\/fmnv\/wp-content\/uploads\/2015\/03\/TripulantesCOLOR.jpg?resize=100%2C44&amp;ssl=1 100w, https:\/\/i0.wp.com\/fmnuestrasvoces.com.ar\/fmnv\/wp-content\/uploads\/2015\/03\/TripulantesCOLOR.jpg?zoom=2&amp;resize=690%2C302&amp;ssl=1 1380w\" sizes=\"(max-width: 690px) 100vw, 690px\" \/>\t\t\t\t\t\t\t\t\t\t\t<\/div>\n\t\t\t\t\t\t\t\t\t\t \t\t\t\t\t\t\t\t\t<\/div>\n\t\t\t\t\t\t\t\t\t<div class=\"qt-overinfo qt-paper\">\n\t\t\t\t\t\t\t\t\t\t<p class=\"qt-item-det qt-accent\">\n\t\t\t\t\t\t\t\t\t\t\t<span class=\"qt-time\">08:00<\/span><span class=\"qt-day qt-capfont\">Viernes<\/span>\n\t\t\t\t\t\t\t\t\t\t<\/p>\n\t\t\t\t\t\t\t\t\t\t<div class=\"qt-more\">\n\t\t\t\t\t\t\t\t\t\t\t<p class=\"qt-ellipsis-2\">Todo lo que necesitas saber sobre el sector docente, educaci\u00f3n, pol\u00edtica, cultura y el \u00e1mbito social de nuestra provincia.\r\n\r\nMantenete al tanto de la actualidad con Roc\u00edo Solier, Alejandro Nonini y Nelson Coronel.<\/p>\n\t\t\t\t\t\t\t\t\t\t\t<a href=\"https:\/\/fmnuestrasvoces.com.ar\/fmnv\/shows\/tripulantes\/\">Ver M\u00e1s<\/a>\n\t\t\t\t\t\t\t\t\t\t<\/div>\n\t\t\t\t\t\t\t\t\t<\/div>\n\t\t\t\t\t\t\t\t<\/div>\n\t\t\t\t\t\t\t<\/div>\n\t\t\t\t\t\t\t<!-- SCHEDULE SHOW END ========================= -->\n\t\t\t\t\t\t\t\t\t\t\t\t\t<!-- SCHEDULE SHOW ========================= -->\n\t\t\t\t\t\t\t<div class=\"col s12 m4 l4\">\n\t\t\t\t\t\t\t\t<div class=\"qt-part-archive-item qt-part-show-schedule-day-item \">\n\t\t\t\t\t\t\t\t\t<div class=\"qt-item-header\">\n\t\t\t\t\t\t\t\t\t\t<div class=\"qt-header-mid qt-vc\">\n\t\t\t\t\t\t\t\t\t\t\t<div class=\"qt-vi\">\n\t\t\t\t\t\t\t\t\t\t\t\t<h4 class=\"qt-item-title qt-title qt-capfont\">\n\t\t\t\t\t\t\t\t\t\t\t\t\t<a href=\"https:\/\/fmnuestrasvoces.com.ar\/fmnv\/shows\/informativofarco2\/\" class=\"qt-ellipsis  qt-t\">Informativo FARCO<\/a>\n\t\t\t\t\t\t\t\t\t\t\t\t<\/h4>\n\t\t\t\t\t\t\t\t\t\t\t\t<p class=\"qt-item-det\">\n\t\t\t\t\t\t\t\t\t\t\t\t\t<span class=\"qt-time\">10:30<\/span><span class=\"qt-day qt-capfont\">Viernes<\/span>\n\t\t\t\t\t\t\t\t\t\t\t\t<\/p>\n\t\t\t\t\t\t\t\t\t\t\t<\/div>\n\t\t\t\t\t\t\t\t\t\t<\/div>\n\t\t\t\t\t\t\t\t\t\t<span class=\"qt-info bottom right\"><i class=\"dripicons-information\"><\/i><\/span>\n\n\t\t\t\t\t\t\t\t\t\t\t\t\t\t\t\t\t\t\t\t\t<div class=\"qt-header-bg\" data-bgimage=\"https:\/\/i0.wp.com\/fmnuestrasvoces.com.ar\/fmnv\/wp-content\/uploads\/2024\/04\/farcoCOLOR.jpg?fit=1024%2C539&#038;ssl=1\">\n\t\t\t\t\t\t\t\t\t\t\t\t<img loading=\"lazy\" decoding=\"async\" width=\"690\" height=\"302\" src=\"https:\/\/i0.wp.com\/fmnuestrasvoces.com.ar\/fmnv\/wp-content\/uploads\/2024\/04\/farcoCOLOR.jpg?resize=690%2C302&amp;ssl=1\" class=\"attachment-qantumthemes-medium size-qantumthemes-medium wp-post-image\" alt=\"\" srcset=\"https:\/\/i0.wp.com\/fmnuestrasvoces.com.ar\/fmnv\/wp-content\/uploads\/2024\/04\/farcoCOLOR.jpg?resize=1600%2C700&amp;ssl=1 1600w, https:\/\/i0.wp.com\/fmnuestrasvoces.com.ar\/fmnv\/wp-content\/uploads\/2024\/04\/farcoCOLOR.jpg?resize=1170%2C512&amp;ssl=1 1170w, https:\/\/i0.wp.com\/fmnuestrasvoces.com.ar\/fmnv\/wp-content\/uploads\/2024\/04\/farcoCOLOR.jpg?resize=690%2C302&amp;ssl=1 690w, https:\/\/i0.wp.com\/fmnuestrasvoces.com.ar\/fmnv\/wp-content\/uploads\/2024\/04\/farcoCOLOR.jpg?resize=100%2C44&amp;ssl=1 100w, https:\/\/i0.wp.com\/fmnuestrasvoces.com.ar\/fmnv\/wp-content\/uploads\/2024\/04\/farcoCOLOR.jpg?zoom=2&amp;resize=690%2C302&amp;ssl=1 1380w\" sizes=\"(max-width: 690px) 100vw, 690px\" \/>\t\t\t\t\t\t\t\t\t\t\t<\/div>\n\t\t\t\t\t\t\t\t\t\t \t\t\t\t\t\t\t\t\t<\/div>\n\t\t\t\t\t\t\t\t\t<div class=\"qt-overinfo qt-paper\">\n\t\t\t\t\t\t\t\t\t\t<p class=\"qt-item-det qt-accent\">\n\t\t\t\t\t\t\t\t\t\t\t<span class=\"qt-time\">10:30<\/span><span class=\"qt-day qt-capfont\">Viernes<\/span>\n\t\t\t\t\t\t\t\t\t\t<\/p>\n\t\t\t\t\t\t\t\t\t\t<div class=\"qt-more\">\n\t\t\t\t\t\t\t\t\t\t\t<p class=\"qt-ellipsis-2\">Las noticias contadas por el equipo de corresponsales de las radios comunitarias, con la voz de sus protagonistas\r\n\r\nDuraci\u00f3n: 15 min\r\nConducci\u00f3n: Pepe Frutos\r\nOperaci\u00f3n T\u00e9cnica: Cristian Torres\r\nProducci\u00f3n: Red de corresponsales de FARCO\r\n\r\nEl Informativo FARCO se emite por primera vez, ininterrumpidamente, desde el 7 de febrero de 2005 a trav\u00e9s de la se\u00f1al digital de FARCO, en m\u00e1s de 170 radios de todo el pa\u00eds. y coordinado desde el Centro de Producci\u00f3n de Rosario.<\/p>\n\t\t\t\t\t\t\t\t\t\t\t<a href=\"https:\/\/fmnuestrasvoces.com.ar\/fmnv\/shows\/informativofarco2\/\">Ver M\u00e1s<\/a>\n\t\t\t\t\t\t\t\t\t\t<\/div>\n\t\t\t\t\t\t\t\t\t<\/div>\n\t\t\t\t\t\t\t\t<\/div>\n\t\t\t\t\t\t\t<\/div>\n\t\t\t\t\t\t\t<!-- SCHEDULE SHOW END ========================= -->\n\t\t\t\t\t\t\t\t\t\t\t\t\t<!-- SCHEDULE SHOW ========================= -->\n\t\t\t\t\t\t\t<div class=\"col s12 m4 l4\">\n\t\t\t\t\t\t\t\t<div class=\"qt-part-archive-item qt-part-show-schedule-day-item \">\n\t\t\t\t\t\t\t\t\t<div class=\"qt-item-header\">\n\t\t\t\t\t\t\t\t\t\t<div class=\"qt-header-mid qt-vc\">\n\t\t\t\t\t\t\t\t\t\t\t<div class=\"qt-vi\">\n\t\t\t\t\t\t\t\t\t\t\t\t<h4 class=\"qt-item-title qt-title qt-capfont\">\n\t\t\t\t\t\t\t\t\t\t\t\t\t<a href=\"https:\/\/fmnuestrasvoces.com.ar\/fmnv\/shows\/segurolayhabana\/\" class=\"qt-ellipsis  qt-t\">Segurola y Habana<\/a>\n\t\t\t\t\t\t\t\t\t\t\t\t<\/h4>\n\t\t\t\t\t\t\t\t\t\t\t\t<p class=\"qt-item-det\">\n\t\t\t\t\t\t\t\t\t\t\t\t\t<span class=\"qt-time\">11:00<\/span><span class=\"qt-day qt-capfont\">Viernes<\/span>\n\t\t\t\t\t\t\t\t\t\t\t\t<\/p>\n\t\t\t\t\t\t\t\t\t\t\t<\/div>\n\t\t\t\t\t\t\t\t\t\t<\/div>\n\t\t\t\t\t\t\t\t\t\t<span class=\"qt-info bottom right\"><i class=\"dripicons-information\"><\/i><\/span>\n\n\t\t\t\t\t\t\t\t\t\t\t\t\t\t\t\t\t\t\t\t\t<div class=\"qt-header-bg\" data-bgimage=\"https:\/\/i0.wp.com\/fmnuestrasvoces.com.ar\/fmnv\/wp-content\/uploads\/2015\/03\/SegurolayhabanaCOLOR.jpg?fit=1024%2C539&#038;ssl=1\">\n\t\t\t\t\t\t\t\t\t\t\t\t<img loading=\"lazy\" decoding=\"async\" width=\"690\" height=\"302\" src=\"https:\/\/i0.wp.com\/fmnuestrasvoces.com.ar\/fmnv\/wp-content\/uploads\/2015\/03\/SegurolayhabanaCOLOR.jpg?resize=690%2C302&amp;ssl=1\" class=\"attachment-qantumthemes-medium size-qantumthemes-medium wp-post-image\" alt=\"\" srcset=\"https:\/\/i0.wp.com\/fmnuestrasvoces.com.ar\/fmnv\/wp-content\/uploads\/2015\/03\/SegurolayhabanaCOLOR.jpg?resize=1600%2C700&amp;ssl=1 1600w, https:\/\/i0.wp.com\/fmnuestrasvoces.com.ar\/fmnv\/wp-content\/uploads\/2015\/03\/SegurolayhabanaCOLOR.jpg?resize=1170%2C512&amp;ssl=1 1170w, https:\/\/i0.wp.com\/fmnuestrasvoces.com.ar\/fmnv\/wp-content\/uploads\/2015\/03\/SegurolayhabanaCOLOR.jpg?resize=690%2C302&amp;ssl=1 690w, https:\/\/i0.wp.com\/fmnuestrasvoces.com.ar\/fmnv\/wp-content\/uploads\/2015\/03\/SegurolayhabanaCOLOR.jpg?resize=100%2C44&amp;ssl=1 100w, https:\/\/i0.wp.com\/fmnuestrasvoces.com.ar\/fmnv\/wp-content\/uploads\/2015\/03\/SegurolayhabanaCOLOR.jpg?zoom=2&amp;resize=690%2C302&amp;ssl=1 1380w\" sizes=\"(max-width: 690px) 100vw, 690px\" \/>\t\t\t\t\t\t\t\t\t\t\t<\/div>\n\t\t\t\t\t\t\t\t\t\t \t\t\t\t\t\t\t\t\t<\/div>\n\t\t\t\t\t\t\t\t\t<div class=\"qt-overinfo qt-paper\">\n\t\t\t\t\t\t\t\t\t\t<p class=\"qt-item-det qt-accent\">\n\t\t\t\t\t\t\t\t\t\t\t<span class=\"qt-time\">11:00<\/span><span class=\"qt-day qt-capfont\">Viernes<\/span>\n\t\t\t\t\t\t\t\t\t\t<\/p>\n\t\t\t\t\t\t\t\t\t\t<div class=\"qt-more\">\n\t\t\t\t\t\t\t\t\t\t\t<p class=\"qt-ellipsis-2\">Nos das una verdad y te devolvemos mil preguntas. En Segurola Y Habana analizamos la realidad con humor y tocando los temas que importan de la mano de los expertos, nuestros columnistas: Iv\u00e1n Schargrodsky, Alfredo Zaiat, Santiago Lev\u00edn, Quique Viale, Lucas Fauno, Tom\u00e1s Quintin Palma, Agostina Mileo, Juan Manuel Karg, Aldana Contrera, Lu Miranda y Santi Luc\u00eda. No faltar\u00e1 el buen cine y la buena m\u00fasica.\r\n\r\nJulia Mengolini, Fito Mendonca Paz, Pitu Salvatierra y gran equipo est\u00e1n de Lunes a Viernes de 13 a 16 hs.<\/p>\n\t\t\t\t\t\t\t\t\t\t\t<a href=\"https:\/\/fmnuestrasvoces.com.ar\/fmnv\/shows\/segurolayhabana\/\">Ver M\u00e1s<\/a>\n\t\t\t\t\t\t\t\t\t\t<\/div>\n\t\t\t\t\t\t\t\t\t<\/div>\n\t\t\t\t\t\t\t\t<\/div>\n\t\t\t\t\t\t\t<\/div>\n\t\t\t\t\t\t\t<!-- SCHEDULE SHOW END ========================= -->\n\t\t\t\t\t\t\t\t\t\t\t\t\t<!-- SCHEDULE SHOW ========================= -->\n\t\t\t\t\t\t\t<div class=\"col s12 m4 l4\">\n\t\t\t\t\t\t\t\t<div class=\"qt-part-archive-item qt-part-show-schedule-day-item \">\n\t\t\t\t\t\t\t\t\t<div class=\"qt-item-header\">\n\t\t\t\t\t\t\t\t\t\t<div class=\"qt-header-mid qt-vc\">\n\t\t\t\t\t\t\t\t\t\t\t<div class=\"qt-vi\">\n\t\t\t\t\t\t\t\t\t\t\t\t<h4 class=\"qt-item-title qt-title qt-capfont\">\n\t\t\t\t\t\t\t\t\t\t\t\t\t<a href=\"https:\/\/fmnuestrasvoces.com.ar\/fmnv\/shows\/informativofarco2\/\" class=\"qt-ellipsis  qt-t\">Informativo FARCO<\/a>\n\t\t\t\t\t\t\t\t\t\t\t\t<\/h4>\n\t\t\t\t\t\t\t\t\t\t\t\t<p class=\"qt-item-det\">\n\t\t\t\t\t\t\t\t\t\t\t\t\t<span class=\"qt-time\">13:00<\/span><span class=\"qt-day qt-capfont\">Viernes<\/span>\n\t\t\t\t\t\t\t\t\t\t\t\t<\/p>\n\t\t\t\t\t\t\t\t\t\t\t<\/div>\n\t\t\t\t\t\t\t\t\t\t<\/div>\n\t\t\t\t\t\t\t\t\t\t<span class=\"qt-info bottom right\"><i class=\"dripicons-information\"><\/i><\/span>\n\n\t\t\t\t\t\t\t\t\t\t\t\t\t\t\t\t\t\t\t\t\t<div class=\"qt-header-bg\" data-bgimage=\"https:\/\/i0.wp.com\/fmnuestrasvoces.com.ar\/fmnv\/wp-content\/uploads\/2024\/04\/farcoCOLOR.jpg?fit=1024%2C539&#038;ssl=1\">\n\t\t\t\t\t\t\t\t\t\t\t\t<img loading=\"lazy\" decoding=\"async\" width=\"690\" height=\"302\" src=\"https:\/\/i0.wp.com\/fmnuestrasvoces.com.ar\/fmnv\/wp-content\/uploads\/2024\/04\/farcoCOLOR.jpg?resize=690%2C302&amp;ssl=1\" class=\"attachment-qantumthemes-medium size-qantumthemes-medium wp-post-image\" alt=\"\" srcset=\"https:\/\/i0.wp.com\/fmnuestrasvoces.com.ar\/fmnv\/wp-content\/uploads\/2024\/04\/farcoCOLOR.jpg?resize=1600%2C700&amp;ssl=1 1600w, https:\/\/i0.wp.com\/fmnuestrasvoces.com.ar\/fmnv\/wp-content\/uploads\/2024\/04\/farcoCOLOR.jpg?resize=1170%2C512&amp;ssl=1 1170w, https:\/\/i0.wp.com\/fmnuestrasvoces.com.ar\/fmnv\/wp-content\/uploads\/2024\/04\/farcoCOLOR.jpg?resize=690%2C302&amp;ssl=1 690w, https:\/\/i0.wp.com\/fmnuestrasvoces.com.ar\/fmnv\/wp-content\/uploads\/2024\/04\/farcoCOLOR.jpg?resize=100%2C44&amp;ssl=1 100w, https:\/\/i0.wp.com\/fmnuestrasvoces.com.ar\/fmnv\/wp-content\/uploads\/2024\/04\/farcoCOLOR.jpg?zoom=2&amp;resize=690%2C302&amp;ssl=1 1380w\" sizes=\"(max-width: 690px) 100vw, 690px\" \/>\t\t\t\t\t\t\t\t\t\t\t<\/div>\n\t\t\t\t\t\t\t\t\t\t \t\t\t\t\t\t\t\t\t<\/div>\n\t\t\t\t\t\t\t\t\t<div class=\"qt-overinfo qt-paper\">\n\t\t\t\t\t\t\t\t\t\t<p class=\"qt-item-det qt-accent\">\n\t\t\t\t\t\t\t\t\t\t\t<span class=\"qt-time\">13:00<\/span><span class=\"qt-day qt-capfont\">Viernes<\/span>\n\t\t\t\t\t\t\t\t\t\t<\/p>\n\t\t\t\t\t\t\t\t\t\t<div class=\"qt-more\">\n\t\t\t\t\t\t\t\t\t\t\t<p class=\"qt-ellipsis-2\">Las noticias contadas por el equipo de corresponsales de las radios comunitarias, con la voz de sus protagonistas\r\n\r\nDuraci\u00f3n: 15 min\r\nConducci\u00f3n: Pepe Frutos\r\nOperaci\u00f3n T\u00e9cnica: Cristian Torres\r\nProducci\u00f3n: Red de corresponsales de FARCO\r\n\r\nEl Informativo FARCO se emite por primera vez, ininterrumpidamente, desde el 7 de febrero de 2005 a trav\u00e9s de la se\u00f1al digital de FARCO, en m\u00e1s de 170 radios de todo el pa\u00eds. y coordinado desde el Centro de Producci\u00f3n de Rosario.<\/p>\n\t\t\t\t\t\t\t\t\t\t\t<a href=\"https:\/\/fmnuestrasvoces.com.ar\/fmnv\/shows\/informativofarco2\/\">Ver M\u00e1s<\/a>\n\t\t\t\t\t\t\t\t\t\t<\/div>\n\t\t\t\t\t\t\t\t\t<\/div>\n\t\t\t\t\t\t\t\t<\/div>\n\t\t\t\t\t\t\t<\/div>\n\t\t\t\t\t\t\t<!-- SCHEDULE SHOW END ========================= -->\n\t\t\t\t\t\t\t\t\t\t\t\t\t<!-- SCHEDULE SHOW ========================= -->\n\t\t\t\t\t\t\t<div class=\"col s12 m4 l4\">\n\t\t\t\t\t\t\t\t<div class=\"qt-part-archive-item qt-part-show-schedule-day-item \">\n\t\t\t\t\t\t\t\t\t<div class=\"qt-item-header\">\n\t\t\t\t\t\t\t\t\t\t<div class=\"qt-header-mid qt-vc\">\n\t\t\t\t\t\t\t\t\t\t\t<div class=\"qt-vi\">\n\t\t\t\t\t\t\t\t\t\t\t\t<h4 class=\"qt-item-title qt-title qt-capfont\">\n\t\t\t\t\t\t\t\t\t\t\t\t\t<a href=\"https:\/\/fmnuestrasvoces.com.ar\/fmnv\/shows\/lahoraanimada\/\" class=\"qt-ellipsis  qt-t\">La hora animada<\/a>\n\t\t\t\t\t\t\t\t\t\t\t\t<\/h4>\n\t\t\t\t\t\t\t\t\t\t\t\t<p class=\"qt-item-det\">\n\t\t\t\t\t\t\t\t\t\t\t\t\t<span class=\"qt-time\">13:30<\/span><span class=\"qt-day qt-capfont\">Viernes<\/span>\n\t\t\t\t\t\t\t\t\t\t\t\t<\/p>\n\t\t\t\t\t\t\t\t\t\t\t<\/div>\n\t\t\t\t\t\t\t\t\t\t<\/div>\n\t\t\t\t\t\t\t\t\t\t<span class=\"qt-info bottom right\"><i class=\"dripicons-information\"><\/i><\/span>\n\n\t\t\t\t\t\t\t\t\t\t\t\t\t\t\t\t\t\t\t\t\t<div class=\"qt-header-bg\" data-bgimage=\"https:\/\/i0.wp.com\/fmnuestrasvoces.com.ar\/fmnv\/wp-content\/uploads\/2015\/03\/LahoraanimadaCOLOR.jpg?fit=1024%2C539&#038;ssl=1\">\n\t\t\t\t\t\t\t\t\t\t\t\t<img loading=\"lazy\" decoding=\"async\" width=\"690\" height=\"302\" src=\"https:\/\/i0.wp.com\/fmnuestrasvoces.com.ar\/fmnv\/wp-content\/uploads\/2015\/03\/LahoraanimadaCOLOR.jpg?resize=690%2C302&amp;ssl=1\" class=\"attachment-qantumthemes-medium size-qantumthemes-medium wp-post-image\" alt=\"\" srcset=\"https:\/\/i0.wp.com\/fmnuestrasvoces.com.ar\/fmnv\/wp-content\/uploads\/2015\/03\/LahoraanimadaCOLOR.jpg?resize=1600%2C700&amp;ssl=1 1600w, https:\/\/i0.wp.com\/fmnuestrasvoces.com.ar\/fmnv\/wp-content\/uploads\/2015\/03\/LahoraanimadaCOLOR.jpg?resize=1170%2C512&amp;ssl=1 1170w, https:\/\/i0.wp.com\/fmnuestrasvoces.com.ar\/fmnv\/wp-content\/uploads\/2015\/03\/LahoraanimadaCOLOR.jpg?resize=690%2C302&amp;ssl=1 690w, https:\/\/i0.wp.com\/fmnuestrasvoces.com.ar\/fmnv\/wp-content\/uploads\/2015\/03\/LahoraanimadaCOLOR.jpg?resize=100%2C44&amp;ssl=1 100w, https:\/\/i0.wp.com\/fmnuestrasvoces.com.ar\/fmnv\/wp-content\/uploads\/2015\/03\/LahoraanimadaCOLOR.jpg?zoom=2&amp;resize=690%2C302&amp;ssl=1 1380w\" sizes=\"(max-width: 690px) 100vw, 690px\" \/>\t\t\t\t\t\t\t\t\t\t\t<\/div>\n\t\t\t\t\t\t\t\t\t\t \t\t\t\t\t\t\t\t\t<\/div>\n\t\t\t\t\t\t\t\t\t<div class=\"qt-overinfo qt-paper\">\n\t\t\t\t\t\t\t\t\t\t<p class=\"qt-item-det qt-accent\">\n\t\t\t\t\t\t\t\t\t\t\t<span class=\"qt-time\">13:30<\/span><span class=\"qt-day qt-capfont\">Viernes<\/span>\n\t\t\t\t\t\t\t\t\t\t<\/p>\n\t\t\t\t\t\t\t\t\t\t<div class=\"qt-more\">\n\t\t\t\t\t\t\t\t\t\t\t<p class=\"qt-ellipsis-2\">Una hora de viaje musical en tu mediod\u00eda, de la mano de Mat\u00edas Messoulam y Barbi Recanati.<\/p>\n\t\t\t\t\t\t\t\t\t\t\t<a href=\"https:\/\/fmnuestrasvoces.com.ar\/fmnv\/shows\/lahoraanimada\/\">Ver M\u00e1s<\/a>\n\t\t\t\t\t\t\t\t\t\t<\/div>\n\t\t\t\t\t\t\t\t\t<\/div>\n\t\t\t\t\t\t\t\t<\/div>\n\t\t\t\t\t\t\t<\/div>\n\t\t\t\t\t\t\t<!-- SCHEDULE SHOW END ========================= -->\n\t\t\t\t\t\t\t\t\t\t\t\t\t<!-- SCHEDULE SHOW ========================= -->\n\t\t\t\t\t\t\t<div class=\"col s12 m4 l4\">\n\t\t\t\t\t\t\t\t<div class=\"qt-part-archive-item qt-part-show-schedule-day-item \">\n\t\t\t\t\t\t\t\t\t<div class=\"qt-item-header\">\n\t\t\t\t\t\t\t\t\t\t<div class=\"qt-header-mid qt-vc\">\n\t\t\t\t\t\t\t\t\t\t\t<div class=\"qt-vi\">\n\t\t\t\t\t\t\t\t\t\t\t\t<h4 class=\"qt-item-title qt-title qt-capfont\">\n\t\t\t\t\t\t\t\t\t\t\t\t\t<a href=\"https:\/\/fmnuestrasvoces.com.ar\/fmnv\/shows\/cronicaanunciada\/\" class=\"qt-ellipsis  qt-t\">Cr\u00f3nica Anunciada<\/a>\n\t\t\t\t\t\t\t\t\t\t\t\t<\/h4>\n\t\t\t\t\t\t\t\t\t\t\t\t<p class=\"qt-item-det\">\n\t\t\t\t\t\t\t\t\t\t\t\t\t<span class=\"qt-time\">14:00<\/span><span class=\"qt-day qt-capfont\">Viernes<\/span>\n\t\t\t\t\t\t\t\t\t\t\t\t<\/p>\n\t\t\t\t\t\t\t\t\t\t\t<\/div>\n\t\t\t\t\t\t\t\t\t\t<\/div>\n\t\t\t\t\t\t\t\t\t\t<span class=\"qt-info bottom right\"><i class=\"dripicons-information\"><\/i><\/span>\n\n\t\t\t\t\t\t\t\t\t\t\t\t\t\t\t\t\t\t\t\t\t<div class=\"qt-header-bg\" data-bgimage=\"https:\/\/i0.wp.com\/fmnuestrasvoces.com.ar\/fmnv\/wp-content\/uploads\/2024\/04\/PanoramasurCOLOR.jpg?fit=1024%2C539&#038;ssl=1\">\n\t\t\t\t\t\t\t\t\t\t\t\t<img loading=\"lazy\" decoding=\"async\" width=\"690\" height=\"302\" src=\"https:\/\/i0.wp.com\/fmnuestrasvoces.com.ar\/fmnv\/wp-content\/uploads\/2024\/04\/PanoramasurCOLOR.jpg?resize=690%2C302&amp;ssl=1\" class=\"attachment-qantumthemes-medium size-qantumthemes-medium wp-post-image\" alt=\"\" srcset=\"https:\/\/i0.wp.com\/fmnuestrasvoces.com.ar\/fmnv\/wp-content\/uploads\/2024\/04\/PanoramasurCOLOR.jpg?resize=1600%2C700&amp;ssl=1 1600w, https:\/\/i0.wp.com\/fmnuestrasvoces.com.ar\/fmnv\/wp-content\/uploads\/2024\/04\/PanoramasurCOLOR.jpg?resize=1170%2C512&amp;ssl=1 1170w, https:\/\/i0.wp.com\/fmnuestrasvoces.com.ar\/fmnv\/wp-content\/uploads\/2024\/04\/PanoramasurCOLOR.jpg?resize=690%2C302&amp;ssl=1 690w, https:\/\/i0.wp.com\/fmnuestrasvoces.com.ar\/fmnv\/wp-content\/uploads\/2024\/04\/PanoramasurCOLOR.jpg?resize=100%2C44&amp;ssl=1 100w, https:\/\/i0.wp.com\/fmnuestrasvoces.com.ar\/fmnv\/wp-content\/uploads\/2024\/04\/PanoramasurCOLOR.jpg?zoom=2&amp;resize=690%2C302&amp;ssl=1 1380w\" sizes=\"(max-width: 690px) 100vw, 690px\" \/>\t\t\t\t\t\t\t\t\t\t\t<\/div>\n\t\t\t\t\t\t\t\t\t\t \t\t\t\t\t\t\t\t\t<\/div>\n\t\t\t\t\t\t\t\t\t<div class=\"qt-overinfo qt-paper\">\n\t\t\t\t\t\t\t\t\t\t<p class=\"qt-item-det qt-accent\">\n\t\t\t\t\t\t\t\t\t\t\t<span class=\"qt-time\">14:00<\/span><span class=\"qt-day qt-capfont\">Viernes<\/span>\n\t\t\t\t\t\t\t\t\t\t<\/p>\n\t\t\t\t\t\t\t\t\t\t<div class=\"qt-more\">\n\t\t\t\t\t\t\t\t\t\t\t<p class=\"qt-ellipsis-2\">Te contamos la cr\u00f3nica anunciada de todos los d\u00edas con Juan Amor\u00edn, Poli Sabat\u00e9s y Sebasti\u00e1n Caz\u00f3n.<\/p>\n\t\t\t\t\t\t\t\t\t\t\t<a href=\"https:\/\/fmnuestrasvoces.com.ar\/fmnv\/shows\/cronicaanunciada\/\">Ver M\u00e1s<\/a>\n\t\t\t\t\t\t\t\t\t\t<\/div>\n\t\t\t\t\t\t\t\t\t<\/div>\n\t\t\t\t\t\t\t\t<\/div>\n\t\t\t\t\t\t\t<\/div>\n\t\t\t\t\t\t\t<!-- SCHEDULE SHOW END ========================= -->\n\t\t\t\t\t\t\t\t\t\t\t\t\t<!-- SCHEDULE SHOW ========================= -->\n\t\t\t\t\t\t\t<div class=\"col s12 m4 l4\">\n\t\t\t\t\t\t\t\t<div class=\"qt-part-archive-item qt-part-show-schedule-day-item \">\n\t\t\t\t\t\t\t\t\t<div class=\"qt-item-header\">\n\t\t\t\t\t\t\t\t\t\t<div class=\"qt-header-mid qt-vc\">\n\t\t\t\t\t\t\t\t\t\t\t<div class=\"qt-vi\">\n\t\t\t\t\t\t\t\t\t\t\t\t<h4 class=\"qt-item-title qt-title qt-capfont\">\n\t\t\t\t\t\t\t\t\t\t\t\t\t<a href=\"https:\/\/fmnuestrasvoces.com.ar\/fmnv\/shows\/furiabebe\/\" class=\"qt-ellipsis  qt-t\">Furia Beb\u00e9<\/a>\n\t\t\t\t\t\t\t\t\t\t\t\t<\/h4>\n\t\t\t\t\t\t\t\t\t\t\t\t<p class=\"qt-item-det\">\n\t\t\t\t\t\t\t\t\t\t\t\t\t<span class=\"qt-time\">16:00<\/span><span class=\"qt-day qt-capfont\">Viernes<\/span>\n\t\t\t\t\t\t\t\t\t\t\t\t<\/p>\n\t\t\t\t\t\t\t\t\t\t\t<\/div>\n\t\t\t\t\t\t\t\t\t\t<\/div>\n\t\t\t\t\t\t\t\t\t\t<span class=\"qt-info bottom right\"><i class=\"dripicons-information\"><\/i><\/span>\n\n\t\t\t\t\t\t\t\t\t\t\t\t\t\t\t\t\t\t\t\t\t<div class=\"qt-header-bg\" data-bgimage=\"https:\/\/i0.wp.com\/fmnuestrasvoces.com.ar\/fmnv\/wp-content\/uploads\/2015\/03\/FuriaBebeCOLOR.jpg?fit=1024%2C539&#038;ssl=1\">\n\t\t\t\t\t\t\t\t\t\t\t\t<img loading=\"lazy\" decoding=\"async\" width=\"690\" height=\"302\" src=\"https:\/\/i0.wp.com\/fmnuestrasvoces.com.ar\/fmnv\/wp-content\/uploads\/2015\/03\/FuriaBebeCOLOR.jpg?resize=690%2C302&amp;ssl=1\" class=\"attachment-qantumthemes-medium size-qantumthemes-medium wp-post-image\" alt=\"\" srcset=\"https:\/\/i0.wp.com\/fmnuestrasvoces.com.ar\/fmnv\/wp-content\/uploads\/2015\/03\/FuriaBebeCOLOR.jpg?resize=1600%2C700&amp;ssl=1 1600w, https:\/\/i0.wp.com\/fmnuestrasvoces.com.ar\/fmnv\/wp-content\/uploads\/2015\/03\/FuriaBebeCOLOR.jpg?resize=1170%2C512&amp;ssl=1 1170w, https:\/\/i0.wp.com\/fmnuestrasvoces.com.ar\/fmnv\/wp-content\/uploads\/2015\/03\/FuriaBebeCOLOR.jpg?resize=690%2C302&amp;ssl=1 690w, https:\/\/i0.wp.com\/fmnuestrasvoces.com.ar\/fmnv\/wp-content\/uploads\/2015\/03\/FuriaBebeCOLOR.jpg?resize=100%2C44&amp;ssl=1 100w, https:\/\/i0.wp.com\/fmnuestrasvoces.com.ar\/fmnv\/wp-content\/uploads\/2015\/03\/FuriaBebeCOLOR.jpg?zoom=2&amp;resize=690%2C302&amp;ssl=1 1380w\" sizes=\"(max-width: 690px) 100vw, 690px\" \/>\t\t\t\t\t\t\t\t\t\t\t<\/div>\n\t\t\t\t\t\t\t\t\t\t \t\t\t\t\t\t\t\t\t<\/div>\n\t\t\t\t\t\t\t\t\t<div class=\"qt-overinfo qt-paper\">\n\t\t\t\t\t\t\t\t\t\t<p class=\"qt-item-det qt-accent\">\n\t\t\t\t\t\t\t\t\t\t\t<span class=\"qt-time\">16:00<\/span><span class=\"qt-day qt-capfont\">Viernes<\/span>\n\t\t\t\t\t\t\t\t\t\t<\/p>\n\t\t\t\t\t\t\t\t\t\t<div class=\"qt-more\">\n\t\t\t\t\t\t\t\t\t\t\t<p class=\"qt-ellipsis-2\">Malena Pichot, Danila Saiegh y Vanesa Strauch son Furia Beb\u00e9. Humor, humor y humor. Y otras cosas tambi\u00e9n.<\/p>\n\t\t\t\t\t\t\t\t\t\t\t<a href=\"https:\/\/fmnuestrasvoces.com.ar\/fmnv\/shows\/furiabebe\/\">Ver M\u00e1s<\/a>\n\t\t\t\t\t\t\t\t\t\t<\/div>\n\t\t\t\t\t\t\t\t\t<\/div>\n\t\t\t\t\t\t\t\t<\/div>\n\t\t\t\t\t\t\t<\/div>\n\t\t\t\t\t\t\t<!-- SCHEDULE SHOW END ========================= -->\n\t\t\t\t\t\t\t\t\t\t\t\t\t<!-- SCHEDULE SHOW ========================= -->\n\t\t\t\t\t\t\t<div class=\"col s12 m4 l4\">\n\t\t\t\t\t\t\t\t<div class=\"qt-part-archive-item qt-part-show-schedule-day-item \">\n\t\t\t\t\t\t\t\t\t<div class=\"qt-item-header\">\n\t\t\t\t\t\t\t\t\t\t<div class=\"qt-header-mid qt-vc\">\n\t\t\t\t\t\t\t\t\t\t\t<div class=\"qt-vi\">\n\t\t\t\t\t\t\t\t\t\t\t\t<h4 class=\"qt-item-title qt-title qt-capfont\">\n\t\t\t\t\t\t\t\t\t\t\t\t\t<a href=\"https:\/\/fmnuestrasvoces.com.ar\/fmnv\/shows\/tripulantesrepe\/\" class=\"qt-ellipsis  qt-t\">Tripulantes de la Ma\u00f1ana<\/a>\n\t\t\t\t\t\t\t\t\t\t\t\t<\/h4>\n\t\t\t\t\t\t\t\t\t\t\t\t<p class=\"qt-item-det\">\n\t\t\t\t\t\t\t\t\t\t\t\t\t<span class=\"qt-time\">18:00<\/span><span class=\"qt-day qt-capfont\">Viernes<\/span>\n\t\t\t\t\t\t\t\t\t\t\t\t<\/p>\n\t\t\t\t\t\t\t\t\t\t\t<\/div>\n\t\t\t\t\t\t\t\t\t\t<\/div>\n\t\t\t\t\t\t\t\t\t\t<span class=\"qt-info bottom right\"><i class=\"dripicons-information\"><\/i><\/span>\n\n\t\t\t\t\t\t\t\t\t\t\t\t\t\t\t\t\t\t\t\t\t<div class=\"qt-header-bg\" data-bgimage=\"https:\/\/i0.wp.com\/fmnuestrasvoces.com.ar\/fmnv\/wp-content\/uploads\/2015\/03\/TripulantesCOLOR.jpg?fit=1024%2C539&#038;ssl=1\">\n\t\t\t\t\t\t\t\t\t\t\t\t<img decoding=\"async\" width=\"690\" height=\"302\" src=\"https:\/\/i0.wp.com\/fmnuestrasvoces.com.ar\/fmnv\/wp-content\/uploads\/2015\/03\/TripulantesCOLOR.jpg?resize=690%2C302&amp;ssl=1\" class=\"attachment-qantumthemes-medium size-qantumthemes-medium wp-post-image\" alt=\"\" srcset=\"https:\/\/i0.wp.com\/fmnuestrasvoces.com.ar\/fmnv\/wp-content\/uploads\/2015\/03\/TripulantesCOLOR.jpg?resize=1600%2C700&amp;ssl=1 1600w, https:\/\/i0.wp.com\/fmnuestrasvoces.com.ar\/fmnv\/wp-content\/uploads\/2015\/03\/TripulantesCOLOR.jpg?resize=1170%2C512&amp;ssl=1 1170w, https:\/\/i0.wp.com\/fmnuestrasvoces.com.ar\/fmnv\/wp-content\/uploads\/2015\/03\/TripulantesCOLOR.jpg?resize=690%2C302&amp;ssl=1 690w, https:\/\/i0.wp.com\/fmnuestrasvoces.com.ar\/fmnv\/wp-content\/uploads\/2015\/03\/TripulantesCOLOR.jpg?resize=100%2C44&amp;ssl=1 100w, https:\/\/i0.wp.com\/fmnuestrasvoces.com.ar\/fmnv\/wp-content\/uploads\/2015\/03\/TripulantesCOLOR.jpg?zoom=2&amp;resize=690%2C302&amp;ssl=1 1380w\" sizes=\"(max-width: 690px) 100vw, 690px\" \/>\t\t\t\t\t\t\t\t\t\t\t<\/div>\n\t\t\t\t\t\t\t\t\t\t \t\t\t\t\t\t\t\t\t<\/div>\n\t\t\t\t\t\t\t\t\t<div class=\"qt-overinfo qt-paper\">\n\t\t\t\t\t\t\t\t\t\t<p class=\"qt-item-det qt-accent\">\n\t\t\t\t\t\t\t\t\t\t\t<span class=\"qt-time\">18:00<\/span><span class=\"qt-day qt-capfont\">Viernes<\/span>\n\t\t\t\t\t\t\t\t\t\t<\/p>\n\t\t\t\t\t\t\t\t\t\t<div class=\"qt-more\">\n\t\t\t\t\t\t\t\t\t\t\t<p class=\"qt-ellipsis-2\">Todo lo que necesitas saber sobre el sector docente, educaci\u00f3n, pol\u00edtica, cultura y el \u00e1mbito social de nuestra provincia.\r\n\r\nMantenete al tanto de la actualidad con Roc\u00edo Solier, Alejandro Nonini y Nelson Coronel.<\/p>\n\t\t\t\t\t\t\t\t\t\t\t<a href=\"https:\/\/fmnuestrasvoces.com.ar\/fmnv\/shows\/tripulantesrepe\/\">Ver M\u00e1s<\/a>\n\t\t\t\t\t\t\t\t\t\t<\/div>\n\t\t\t\t\t\t\t\t\t<\/div>\n\t\t\t\t\t\t\t\t<\/div>\n\t\t\t\t\t\t\t<\/div>\n\t\t\t\t\t\t\t<!-- SCHEDULE SHOW END ========================= -->\n\t\t\t\t\t\t\t\t\t\t\t\t\t<!-- SCHEDULE SHOW ========================= -->\n\t\t\t\t\t\t\t<div class=\"col s12 m4 l4\">\n\t\t\t\t\t\t\t\t<div class=\"qt-part-archive-item qt-part-show-schedule-day-item \">\n\t\t\t\t\t\t\t\t\t<div class=\"qt-item-header\">\n\t\t\t\t\t\t\t\t\t\t<div class=\"qt-header-mid qt-vc\">\n\t\t\t\t\t\t\t\t\t\t\t<div class=\"qt-vi\">\n\t\t\t\t\t\t\t\t\t\t\t\t<h4 class=\"qt-item-title qt-title qt-capfont\">\n\t\t\t\t\t\t\t\t\t\t\t\t\t<a href=\"https:\/\/fmnuestrasvoces.com.ar\/fmnv\/shows\/inthemix\/\" class=\"qt-ellipsis  qt-t\">In the Mix<\/a>\n\t\t\t\t\t\t\t\t\t\t\t\t<\/h4>\n\t\t\t\t\t\t\t\t\t\t\t\t<p class=\"qt-item-det\">\n\t\t\t\t\t\t\t\t\t\t\t\t\t<span class=\"qt-time\">00:00<\/span><span class=\"qt-day qt-capfont\">Viernes<\/span>\n\t\t\t\t\t\t\t\t\t\t\t\t<\/p>\n\t\t\t\t\t\t\t\t\t\t\t<\/div>\n\t\t\t\t\t\t\t\t\t\t<\/div>\n\t\t\t\t\t\t\t\t\t\t<span class=\"qt-info bottom right\"><i class=\"dripicons-information\"><\/i><\/span>\n\n\t\t\t\t\t\t\t\t\t\t\t\t\t\t\t\t\t\t\t\t\t<div class=\"qt-header-bg\" data-bgimage=\"https:\/\/i0.wp.com\/fmnuestrasvoces.com.ar\/fmnv\/wp-content\/uploads\/2024\/04\/in-the-mix-1.jpg?fit=1024%2C539&#038;ssl=1\">\n\t\t\t\t\t\t\t\t\t\t\t\t<img loading=\"lazy\" decoding=\"async\" width=\"690\" height=\"302\" src=\"https:\/\/i0.wp.com\/fmnuestrasvoces.com.ar\/fmnv\/wp-content\/uploads\/2024\/04\/in-the-mix-1.jpg?resize=690%2C302&amp;ssl=1\" class=\"attachment-qantumthemes-medium size-qantumthemes-medium wp-post-image\" alt=\"\" srcset=\"https:\/\/i0.wp.com\/fmnuestrasvoces.com.ar\/fmnv\/wp-content\/uploads\/2024\/04\/in-the-mix-1.jpg?resize=1600%2C700&amp;ssl=1 1600w, https:\/\/i0.wp.com\/fmnuestrasvoces.com.ar\/fmnv\/wp-content\/uploads\/2024\/04\/in-the-mix-1.jpg?resize=1170%2C512&amp;ssl=1 1170w, https:\/\/i0.wp.com\/fmnuestrasvoces.com.ar\/fmnv\/wp-content\/uploads\/2024\/04\/in-the-mix-1.jpg?resize=690%2C302&amp;ssl=1 690w, https:\/\/i0.wp.com\/fmnuestrasvoces.com.ar\/fmnv\/wp-content\/uploads\/2024\/04\/in-the-mix-1.jpg?resize=100%2C44&amp;ssl=1 100w, https:\/\/i0.wp.com\/fmnuestrasvoces.com.ar\/fmnv\/wp-content\/uploads\/2024\/04\/in-the-mix-1.jpg?zoom=2&amp;resize=690%2C302&amp;ssl=1 1380w\" sizes=\"(max-width: 690px) 100vw, 690px\" \/>\t\t\t\t\t\t\t\t\t\t\t<\/div>\n\t\t\t\t\t\t\t\t\t\t \t\t\t\t\t\t\t\t\t<\/div>\n\t\t\t\t\t\t\t\t\t<div class=\"qt-overinfo qt-paper\">\n\t\t\t\t\t\t\t\t\t\t<p class=\"qt-item-det qt-accent\">\n\t\t\t\t\t\t\t\t\t\t\t<span class=\"qt-time\">00:00<\/span><span class=\"qt-day qt-capfont\">Viernes<\/span>\n\t\t\t\t\t\t\t\t\t\t<\/p>\n\t\t\t\t\t\t\t\t\t\t<div class=\"qt-more\">\n\t\t\t\t\t\t\t\t\t\t\t<p class=\"qt-ellipsis-2\">La mejor selecci\u00f3n de m\u00fasica enganchada de todos los tiempos por DJs nacionales e internacionales.<\/p>\n\t\t\t\t\t\t\t\t\t\t\t<a href=\"https:\/\/fmnuestrasvoces.com.ar\/fmnv\/shows\/inthemix\/\">Ver M\u00e1s<\/a>\n\t\t\t\t\t\t\t\t\t\t<\/div>\n\t\t\t\t\t\t\t\t\t<\/div>\n\t\t\t\t\t\t\t\t<\/div>\n\t\t\t\t\t\t\t<\/div>\n\t\t\t\t\t\t\t<!-- SCHEDULE SHOW END ========================= -->\n\t\t\t\t\t\t<\/div>\n<!-- SCHEDULE DAY END ================================================== -->\t\t\t<\/div>\n\t\t\t\t\t<div id=\"saturday-2\" class=\"qt-show-schedule-day qt-isactive-\">\n\t\t\t\t<!-- SCHEDULE DAY ================================================== -->\n<div class=\"qt-show-schedule-day row qt-active-\">\n\t\t\t\t\t\t\t\t<!-- SCHEDULE SHOW ========================= -->\n\t\t\t\t\t\t\t<div class=\"col s12 m4 l4\">\n\t\t\t\t\t\t\t\t<div class=\"qt-part-archive-item qt-part-show-schedule-day-item \">\n\t\t\t\t\t\t\t\t\t<div class=\"qt-item-header\">\n\t\t\t\t\t\t\t\t\t\t<div class=\"qt-header-mid qt-vc\">\n\t\t\t\t\t\t\t\t\t\t\t<div class=\"qt-vi\">\n\t\t\t\t\t\t\t\t\t\t\t\t<h4 class=\"qt-item-title qt-title qt-capfont\">\n\t\t\t\t\t\t\t\t\t\t\t\t\t<a href=\"https:\/\/fmnuestrasvoces.com.ar\/fmnv\/shows\/chequeenblanco\/\" class=\"qt-ellipsis  qt-t\">Cheque en Blanco<\/a>\n\t\t\t\t\t\t\t\t\t\t\t\t<\/h4>\n\t\t\t\t\t\t\t\t\t\t\t\t<p class=\"qt-item-det\">\n\t\t\t\t\t\t\t\t\t\t\t\t\t<span class=\"qt-time\">09:00<\/span><span class=\"qt-day qt-capfont\">S\u00e1bado<\/span>\n\t\t\t\t\t\t\t\t\t\t\t\t<\/p>\n\t\t\t\t\t\t\t\t\t\t\t<\/div>\n\t\t\t\t\t\t\t\t\t\t<\/div>\n\t\t\t\t\t\t\t\t\t\t<span class=\"qt-info bottom right\"><i class=\"dripicons-information\"><\/i><\/span>\n\n\t\t\t\t\t\t\t\t\t\t\t\t\t\t\t\t\t\t\t\t\t<div class=\"qt-header-bg\" data-bgimage=\"https:\/\/i0.wp.com\/fmnuestrasvoces.com.ar\/fmnv\/wp-content\/uploads\/2015\/03\/ChequeenblancoCOLOR.jpg?fit=1024%2C539&#038;ssl=1\">\n\t\t\t\t\t\t\t\t\t\t\t\t<img loading=\"lazy\" decoding=\"async\" width=\"690\" height=\"302\" src=\"https:\/\/i0.wp.com\/fmnuestrasvoces.com.ar\/fmnv\/wp-content\/uploads\/2015\/03\/ChequeenblancoCOLOR.jpg?resize=690%2C302&amp;ssl=1\" class=\"attachment-qantumthemes-medium size-qantumthemes-medium wp-post-image\" alt=\"\" srcset=\"https:\/\/i0.wp.com\/fmnuestrasvoces.com.ar\/fmnv\/wp-content\/uploads\/2015\/03\/ChequeenblancoCOLOR.jpg?resize=1600%2C700&amp;ssl=1 1600w, https:\/\/i0.wp.com\/fmnuestrasvoces.com.ar\/fmnv\/wp-content\/uploads\/2015\/03\/ChequeenblancoCOLOR.jpg?resize=1170%2C512&amp;ssl=1 1170w, https:\/\/i0.wp.com\/fmnuestrasvoces.com.ar\/fmnv\/wp-content\/uploads\/2015\/03\/ChequeenblancoCOLOR.jpg?resize=690%2C302&amp;ssl=1 690w, https:\/\/i0.wp.com\/fmnuestrasvoces.com.ar\/fmnv\/wp-content\/uploads\/2015\/03\/ChequeenblancoCOLOR.jpg?resize=100%2C44&amp;ssl=1 100w, https:\/\/i0.wp.com\/fmnuestrasvoces.com.ar\/fmnv\/wp-content\/uploads\/2015\/03\/ChequeenblancoCOLOR.jpg?zoom=2&amp;resize=690%2C302&amp;ssl=1 1380w\" sizes=\"(max-width: 690px) 100vw, 690px\" \/>\t\t\t\t\t\t\t\t\t\t\t<\/div>\n\t\t\t\t\t\t\t\t\t\t \t\t\t\t\t\t\t\t\t<\/div>\n\t\t\t\t\t\t\t\t\t<div class=\"qt-overinfo qt-paper\">\n\t\t\t\t\t\t\t\t\t\t<p class=\"qt-item-det qt-accent\">\n\t\t\t\t\t\t\t\t\t\t\t<span class=\"qt-time\">09:00<\/span><span class=\"qt-day qt-capfont\">S\u00e1bado<\/span>\n\t\t\t\t\t\t\t\t\t\t<\/p>\n\t\t\t\t\t\t\t\t\t\t<div class=\"qt-more\">\n\t\t\t\t\t\t\t\t\t\t\t<p class=\"qt-ellipsis-2\">Con Alfredo Zaiat el cl\u00e1sico de los s\u00e1bados a la ma\u00f1ana. Con Maxi Martina, Julio Leiva, el Tucu, Tali Goldman y Marcelo Figueroa.<\/p>\n\t\t\t\t\t\t\t\t\t\t\t<a href=\"https:\/\/fmnuestrasvoces.com.ar\/fmnv\/shows\/chequeenblanco\/\">Ver M\u00e1s<\/a>\n\t\t\t\t\t\t\t\t\t\t<\/div>\n\t\t\t\t\t\t\t\t\t<\/div>\n\t\t\t\t\t\t\t\t<\/div>\n\t\t\t\t\t\t\t<\/div>\n\t\t\t\t\t\t\t<!-- SCHEDULE SHOW END ========================= -->\n\t\t\t\t\t\t\t\t\t\t\t\t\t<!-- SCHEDULE SHOW ========================= -->\n\t\t\t\t\t\t\t<div class=\"col s12 m4 l4\">\n\t\t\t\t\t\t\t\t<div class=\"qt-part-archive-item qt-part-show-schedule-day-item \">\n\t\t\t\t\t\t\t\t\t<div class=\"qt-item-header\">\n\t\t\t\t\t\t\t\t\t\t<div class=\"qt-header-mid qt-vc\">\n\t\t\t\t\t\t\t\t\t\t\t<div class=\"qt-vi\">\n\t\t\t\t\t\t\t\t\t\t\t\t<h4 class=\"qt-item-title qt-title qt-capfont\">\n\t\t\t\t\t\t\t\t\t\t\t\t\t<a href=\"https:\/\/fmnuestrasvoces.com.ar\/fmnv\/shows\/panoramasur\/\" class=\"qt-ellipsis  qt-t\">Panorama Sur<\/a>\n\t\t\t\t\t\t\t\t\t\t\t\t<\/h4>\n\t\t\t\t\t\t\t\t\t\t\t\t<p class=\"qt-item-det\">\n\t\t\t\t\t\t\t\t\t\t\t\t\t<span class=\"qt-time\">10:00<\/span><span class=\"qt-day qt-capfont\">S\u00e1bado<\/span>\n\t\t\t\t\t\t\t\t\t\t\t\t<\/p>\n\t\t\t\t\t\t\t\t\t\t\t<\/div>\n\t\t\t\t\t\t\t\t\t\t<\/div>\n\t\t\t\t\t\t\t\t\t\t<span class=\"qt-info bottom right\"><i class=\"dripicons-information\"><\/i><\/span>\n\n\t\t\t\t\t\t\t\t\t\t\t\t\t\t\t\t\t\t\t\t\t<div class=\"qt-header-bg\" data-bgimage=\"https:\/\/i0.wp.com\/fmnuestrasvoces.com.ar\/fmnv\/wp-content\/uploads\/2024\/04\/PanoramasurCOLOR.jpg?fit=1024%2C539&#038;ssl=1\">\n\t\t\t\t\t\t\t\t\t\t\t\t<img loading=\"lazy\" decoding=\"async\" width=\"690\" height=\"302\" src=\"https:\/\/i0.wp.com\/fmnuestrasvoces.com.ar\/fmnv\/wp-content\/uploads\/2024\/04\/PanoramasurCOLOR.jpg?resize=690%2C302&amp;ssl=1\" class=\"attachment-qantumthemes-medium size-qantumthemes-medium wp-post-image\" alt=\"\" srcset=\"https:\/\/i0.wp.com\/fmnuestrasvoces.com.ar\/fmnv\/wp-content\/uploads\/2024\/04\/PanoramasurCOLOR.jpg?resize=1600%2C700&amp;ssl=1 1600w, https:\/\/i0.wp.com\/fmnuestrasvoces.com.ar\/fmnv\/wp-content\/uploads\/2024\/04\/PanoramasurCOLOR.jpg?resize=1170%2C512&amp;ssl=1 1170w, https:\/\/i0.wp.com\/fmnuestrasvoces.com.ar\/fmnv\/wp-content\/uploads\/2024\/04\/PanoramasurCOLOR.jpg?resize=690%2C302&amp;ssl=1 690w, https:\/\/i0.wp.com\/fmnuestrasvoces.com.ar\/fmnv\/wp-content\/uploads\/2024\/04\/PanoramasurCOLOR.jpg?resize=100%2C44&amp;ssl=1 100w, https:\/\/i0.wp.com\/fmnuestrasvoces.com.ar\/fmnv\/wp-content\/uploads\/2024\/04\/PanoramasurCOLOR.jpg?zoom=2&amp;resize=690%2C302&amp;ssl=1 1380w\" sizes=\"(max-width: 690px) 100vw, 690px\" \/>\t\t\t\t\t\t\t\t\t\t\t<\/div>\n\t\t\t\t\t\t\t\t\t\t \t\t\t\t\t\t\t\t\t<\/div>\n\t\t\t\t\t\t\t\t\t<div class=\"qt-overinfo qt-paper\">\n\t\t\t\t\t\t\t\t\t\t<p class=\"qt-item-det qt-accent\">\n\t\t\t\t\t\t\t\t\t\t\t<span class=\"qt-time\">10:00<\/span><span class=\"qt-day qt-capfont\">S\u00e1bado<\/span>\n\t\t\t\t\t\t\t\t\t\t<\/p>\n\t\t\t\t\t\t\t\t\t\t<div class=\"qt-more\">\n\t\t\t\t\t\t\t\t\t\t\t<p class=\"qt-ellipsis-2\">Panorama Sur es un programa producido por el colectivo de Radio Sur FM 88.3 y retransmitido por diversas emisoras en nuestro pa\u00eds, desde Jujuy hasta Tierra del Fuego AeIAS.<\/p>\n\t\t\t\t\t\t\t\t\t\t\t<a href=\"https:\/\/fmnuestrasvoces.com.ar\/fmnv\/shows\/panoramasur\/\">Ver M\u00e1s<\/a>\n\t\t\t\t\t\t\t\t\t\t<\/div>\n\t\t\t\t\t\t\t\t\t<\/div>\n\t\t\t\t\t\t\t\t<\/div>\n\t\t\t\t\t\t\t<\/div>\n\t\t\t\t\t\t\t<!-- SCHEDULE SHOW END ========================= -->\n\t\t\t\t\t\t\t\t\t\t\t\t\t<!-- SCHEDULE SHOW ========================= -->\n\t\t\t\t\t\t\t<div class=\"col s12 m4 l4\">\n\t\t\t\t\t\t\t\t<div class=\"qt-part-archive-item qt-part-show-schedule-day-item \">\n\t\t\t\t\t\t\t\t\t<div class=\"qt-item-header\">\n\t\t\t\t\t\t\t\t\t\t<div class=\"qt-header-mid qt-vc\">\n\t\t\t\t\t\t\t\t\t\t\t<div class=\"qt-vi\">\n\t\t\t\t\t\t\t\t\t\t\t\t<h4 class=\"qt-item-title qt-title qt-capfont\">\n\t\t\t\t\t\t\t\t\t\t\t\t\t<a href=\"https:\/\/fmnuestrasvoces.com.ar\/fmnv\/shows\/cosanona\/\" class=\"qt-ellipsis  qt-t\">Cosa \u00d1o\u00f1a<\/a>\n\t\t\t\t\t\t\t\t\t\t\t\t<\/h4>\n\t\t\t\t\t\t\t\t\t\t\t\t<p class=\"qt-item-det\">\n\t\t\t\t\t\t\t\t\t\t\t\t\t<span class=\"qt-time\">12:00<\/span><span class=\"qt-day qt-capfont\">S\u00e1bado<\/span>\n\t\t\t\t\t\t\t\t\t\t\t\t<\/p>\n\t\t\t\t\t\t\t\t\t\t\t<\/div>\n\t\t\t\t\t\t\t\t\t\t<\/div>\n\t\t\t\t\t\t\t\t\t\t<span class=\"qt-info bottom right\"><i class=\"dripicons-information\"><\/i><\/span>\n\n\t\t\t\t\t\t\t\t\t\t\t\t\t\t\t\t\t\t\t\t\t<div class=\"qt-header-bg\" data-bgimage=\"https:\/\/i0.wp.com\/fmnuestrasvoces.com.ar\/fmnv\/wp-content\/uploads\/2015\/03\/CosanonaCOLOR.jpg?fit=1024%2C539&#038;ssl=1\">\n\t\t\t\t\t\t\t\t\t\t\t\t<img loading=\"lazy\" decoding=\"async\" width=\"690\" height=\"302\" src=\"https:\/\/i0.wp.com\/fmnuestrasvoces.com.ar\/fmnv\/wp-content\/uploads\/2015\/03\/CosanonaCOLOR.jpg?resize=690%2C302&amp;ssl=1\" class=\"attachment-qantumthemes-medium size-qantumthemes-medium wp-post-image\" alt=\"\" srcset=\"https:\/\/i0.wp.com\/fmnuestrasvoces.com.ar\/fmnv\/wp-content\/uploads\/2015\/03\/CosanonaCOLOR.jpg?resize=1600%2C700&amp;ssl=1 1600w, https:\/\/i0.wp.com\/fmnuestrasvoces.com.ar\/fmnv\/wp-content\/uploads\/2015\/03\/CosanonaCOLOR.jpg?resize=1170%2C512&amp;ssl=1 1170w, https:\/\/i0.wp.com\/fmnuestrasvoces.com.ar\/fmnv\/wp-content\/uploads\/2015\/03\/CosanonaCOLOR.jpg?resize=690%2C302&amp;ssl=1 690w, https:\/\/i0.wp.com\/fmnuestrasvoces.com.ar\/fmnv\/wp-content\/uploads\/2015\/03\/CosanonaCOLOR.jpg?resize=100%2C44&amp;ssl=1 100w, https:\/\/i0.wp.com\/fmnuestrasvoces.com.ar\/fmnv\/wp-content\/uploads\/2015\/03\/CosanonaCOLOR.jpg?zoom=2&amp;resize=690%2C302&amp;ssl=1 1380w\" sizes=\"(max-width: 690px) 100vw, 690px\" \/>\t\t\t\t\t\t\t\t\t\t\t<\/div>\n\t\t\t\t\t\t\t\t\t\t \t\t\t\t\t\t\t\t\t<\/div>\n\t\t\t\t\t\t\t\t\t<div class=\"qt-overinfo qt-paper\">\n\t\t\t\t\t\t\t\t\t\t<p class=\"qt-item-det qt-accent\">\n\t\t\t\t\t\t\t\t\t\t\t<span class=\"qt-time\">12:00<\/span><span class=\"qt-day qt-capfont\">S\u00e1bado<\/span>\n\t\t\t\t\t\t\t\t\t\t<\/p>\n\t\t\t\t\t\t\t\t\t\t<div class=\"qt-more\">\n\t\t\t\t\t\t\t\t\t\t\t<p class=\"qt-ellipsis-2\">C\u00f3mics, videojuegos, ciencia ficci\u00f3n, fantas\u00eda, rol, cine, series. Conducen Werner Pertot, Martina Santoro y Alejo Zagalsky.<\/p>\n\t\t\t\t\t\t\t\t\t\t\t<a href=\"https:\/\/fmnuestrasvoces.com.ar\/fmnv\/shows\/cosanona\/\">Ver M\u00e1s<\/a>\n\t\t\t\t\t\t\t\t\t\t<\/div>\n\t\t\t\t\t\t\t\t\t<\/div>\n\t\t\t\t\t\t\t\t<\/div>\n\t\t\t\t\t\t\t<\/div>\n\t\t\t\t\t\t\t<!-- SCHEDULE SHOW END ========================= -->\n\t\t\t\t\t\t\t\t\t\t\t\t\t<!-- SCHEDULE SHOW ========================= -->\n\t\t\t\t\t\t\t<div class=\"col s12 m4 l4\">\n\t\t\t\t\t\t\t\t<div class=\"qt-part-archive-item qt-part-show-schedule-day-item \">\n\t\t\t\t\t\t\t\t\t<div class=\"qt-item-header\">\n\t\t\t\t\t\t\t\t\t\t<div class=\"qt-header-mid qt-vc\">\n\t\t\t\t\t\t\t\t\t\t\t<div class=\"qt-vi\">\n\t\t\t\t\t\t\t\t\t\t\t\t<h4 class=\"qt-item-title qt-title qt-capfont\">\n\t\t\t\t\t\t\t\t\t\t\t\t\t<a href=\"https:\/\/fmnuestrasvoces.com.ar\/fmnv\/shows\/inthemix\/\" class=\"qt-ellipsis  qt-t\">In the Mix<\/a>\n\t\t\t\t\t\t\t\t\t\t\t\t<\/h4>\n\t\t\t\t\t\t\t\t\t\t\t\t<p class=\"qt-item-det\">\n\t\t\t\t\t\t\t\t\t\t\t\t\t<span class=\"qt-time\">00:00<\/span><span class=\"qt-day qt-capfont\">S\u00e1bado<\/span>\n\t\t\t\t\t\t\t\t\t\t\t\t<\/p>\n\t\t\t\t\t\t\t\t\t\t\t<\/div>\n\t\t\t\t\t\t\t\t\t\t<\/div>\n\t\t\t\t\t\t\t\t\t\t<span class=\"qt-info bottom right\"><i class=\"dripicons-information\"><\/i><\/span>\n\n\t\t\t\t\t\t\t\t\t\t\t\t\t\t\t\t\t\t\t\t\t<div class=\"qt-header-bg\" data-bgimage=\"https:\/\/i0.wp.com\/fmnuestrasvoces.com.ar\/fmnv\/wp-content\/uploads\/2024\/04\/in-the-mix-1.jpg?fit=1024%2C539&#038;ssl=1\">\n\t\t\t\t\t\t\t\t\t\t\t\t<img loading=\"lazy\" decoding=\"async\" width=\"690\" height=\"302\" src=\"https:\/\/i0.wp.com\/fmnuestrasvoces.com.ar\/fmnv\/wp-content\/uploads\/2024\/04\/in-the-mix-1.jpg?resize=690%2C302&amp;ssl=1\" class=\"attachment-qantumthemes-medium size-qantumthemes-medium wp-post-image\" alt=\"\" srcset=\"https:\/\/i0.wp.com\/fmnuestrasvoces.com.ar\/fmnv\/wp-content\/uploads\/2024\/04\/in-the-mix-1.jpg?resize=1600%2C700&amp;ssl=1 1600w, https:\/\/i0.wp.com\/fmnuestrasvoces.com.ar\/fmnv\/wp-content\/uploads\/2024\/04\/in-the-mix-1.jpg?resize=1170%2C512&amp;ssl=1 1170w, https:\/\/i0.wp.com\/fmnuestrasvoces.com.ar\/fmnv\/wp-content\/uploads\/2024\/04\/in-the-mix-1.jpg?resize=690%2C302&amp;ssl=1 690w, https:\/\/i0.wp.com\/fmnuestrasvoces.com.ar\/fmnv\/wp-content\/uploads\/2024\/04\/in-the-mix-1.jpg?resize=100%2C44&amp;ssl=1 100w, https:\/\/i0.wp.com\/fmnuestrasvoces.com.ar\/fmnv\/wp-content\/uploads\/2024\/04\/in-the-mix-1.jpg?zoom=2&amp;resize=690%2C302&amp;ssl=1 1380w\" sizes=\"(max-width: 690px) 100vw, 690px\" \/>\t\t\t\t\t\t\t\t\t\t\t<\/div>\n\t\t\t\t\t\t\t\t\t\t \t\t\t\t\t\t\t\t\t<\/div>\n\t\t\t\t\t\t\t\t\t<div class=\"qt-overinfo qt-paper\">\n\t\t\t\t\t\t\t\t\t\t<p class=\"qt-item-det qt-accent\">\n\t\t\t\t\t\t\t\t\t\t\t<span class=\"qt-time\">00:00<\/span><span class=\"qt-day qt-capfont\">S\u00e1bado<\/span>\n\t\t\t\t\t\t\t\t\t\t<\/p>\n\t\t\t\t\t\t\t\t\t\t<div class=\"qt-more\">\n\t\t\t\t\t\t\t\t\t\t\t<p class=\"qt-ellipsis-2\">La mejor selecci\u00f3n de m\u00fasica enganchada de todos los tiempos por DJs nacionales e internacionales.<\/p>\n\t\t\t\t\t\t\t\t\t\t\t<a href=\"https:\/\/fmnuestrasvoces.com.ar\/fmnv\/shows\/inthemix\/\">Ver M\u00e1s<\/a>\n\t\t\t\t\t\t\t\t\t\t<\/div>\n\t\t\t\t\t\t\t\t\t<\/div>\n\t\t\t\t\t\t\t\t<\/div>\n\t\t\t\t\t\t\t<\/div>\n\t\t\t\t\t\t\t<!-- SCHEDULE SHOW END ========================= -->\n\t\t\t\t\t\t<\/div>\n<!-- SCHEDULE DAY END ================================================== -->\t\t\t<\/div>\n\t\t\t\t\t<div id=\"domingo\" class=\"qt-show-schedule-day qt-isactive-\">\n\t\t\t\t<!-- SCHEDULE DAY ================================================== -->\n<div class=\"qt-show-schedule-day row qt-active-\">\n\t\t\t\t\t\t\t\t<!-- SCHEDULE SHOW ========================= -->\n\t\t\t\t\t\t\t<div class=\"col s12 m4 l4\">\n\t\t\t\t\t\t\t\t<div class=\"qt-part-archive-item qt-part-show-schedule-day-item \">\n\t\t\t\t\t\t\t\t\t<div class=\"qt-item-header\">\n\t\t\t\t\t\t\t\t\t\t<div class=\"qt-header-mid qt-vc\">\n\t\t\t\t\t\t\t\t\t\t\t<div class=\"qt-vi\">\n\t\t\t\t\t\t\t\t\t\t\t\t<h4 class=\"qt-item-title qt-title qt-capfont\">\n\t\t\t\t\t\t\t\t\t\t\t\t\t<a href=\"https:\/\/fmnuestrasvoces.com.ar\/fmnv\/shows\/comolaves\/\" class=\"qt-ellipsis  qt-t\">\u00bfC\u00f3mo la ves?<\/a>\n\t\t\t\t\t\t\t\t\t\t\t\t<\/h4>\n\t\t\t\t\t\t\t\t\t\t\t\t<p class=\"qt-item-det\">\n\t\t\t\t\t\t\t\t\t\t\t\t\t<span class=\"qt-time\">09:00<\/span><span class=\"qt-day qt-capfont\">Domingo<\/span>\n\t\t\t\t\t\t\t\t\t\t\t\t<\/p>\n\t\t\t\t\t\t\t\t\t\t\t<\/div>\n\t\t\t\t\t\t\t\t\t\t<\/div>\n\t\t\t\t\t\t\t\t\t\t<span class=\"qt-info bottom right\"><i class=\"dripicons-information\"><\/i><\/span>\n\n\t\t\t\t\t\t\t\t\t\t\t\t\t\t\t\t\t\t\t\t\t<div class=\"qt-header-bg\" data-bgimage=\"https:\/\/i0.wp.com\/fmnuestrasvoces.com.ar\/fmnv\/wp-content\/uploads\/2015\/03\/SegurolayhabanaCOLOR.jpg?fit=1024%2C539&#038;ssl=1\">\n\t\t\t\t\t\t\t\t\t\t\t\t<img loading=\"lazy\" decoding=\"async\" width=\"690\" height=\"302\" src=\"https:\/\/i0.wp.com\/fmnuestrasvoces.com.ar\/fmnv\/wp-content\/uploads\/2015\/03\/SegurolayhabanaCOLOR.jpg?resize=690%2C302&amp;ssl=1\" class=\"attachment-qantumthemes-medium size-qantumthemes-medium wp-post-image\" alt=\"\" srcset=\"https:\/\/i0.wp.com\/fmnuestrasvoces.com.ar\/fmnv\/wp-content\/uploads\/2015\/03\/SegurolayhabanaCOLOR.jpg?resize=1600%2C700&amp;ssl=1 1600w, https:\/\/i0.wp.com\/fmnuestrasvoces.com.ar\/fmnv\/wp-content\/uploads\/2015\/03\/SegurolayhabanaCOLOR.jpg?resize=1170%2C512&amp;ssl=1 1170w, https:\/\/i0.wp.com\/fmnuestrasvoces.com.ar\/fmnv\/wp-content\/uploads\/2015\/03\/SegurolayhabanaCOLOR.jpg?resize=690%2C302&amp;ssl=1 690w, https:\/\/i0.wp.com\/fmnuestrasvoces.com.ar\/fmnv\/wp-content\/uploads\/2015\/03\/SegurolayhabanaCOLOR.jpg?resize=100%2C44&amp;ssl=1 100w, https:\/\/i0.wp.com\/fmnuestrasvoces.com.ar\/fmnv\/wp-content\/uploads\/2015\/03\/SegurolayhabanaCOLOR.jpg?zoom=2&amp;resize=690%2C302&amp;ssl=1 1380w\" sizes=\"(max-width: 690px) 100vw, 690px\" \/>\t\t\t\t\t\t\t\t\t\t\t<\/div>\n\t\t\t\t\t\t\t\t\t\t \t\t\t\t\t\t\t\t\t<\/div>\n\t\t\t\t\t\t\t\t\t<div class=\"qt-overinfo qt-paper\">\n\t\t\t\t\t\t\t\t\t\t<p class=\"qt-item-det qt-accent\">\n\t\t\t\t\t\t\t\t\t\t\t<span class=\"qt-time\">09:00<\/span><span class=\"qt-day qt-capfont\">Domingo<\/span>\n\t\t\t\t\t\t\t\t\t\t<\/p>\n\t\t\t\t\t\t\t\t\t\t<div class=\"qt-more\">\n\t\t\t\t\t\t\t\t\t\t\t<p class=\"qt-ellipsis-2\">\u00bfC\u00f3mo la ves? te informa y acompa\u00f1a en tus ma\u00f1anas de domingo: conducido por Gabriel Sued y acompa\u00f1ado de Leandro Renou y Florencia Barrag\u00e1n.<\/p>\n\t\t\t\t\t\t\t\t\t\t\t<a href=\"https:\/\/fmnuestrasvoces.com.ar\/fmnv\/shows\/comolaves\/\">Ver M\u00e1s<\/a>\n\t\t\t\t\t\t\t\t\t\t<\/div>\n\t\t\t\t\t\t\t\t\t<\/div>\n\t\t\t\t\t\t\t\t<\/div>\n\t\t\t\t\t\t\t<\/div>\n\t\t\t\t\t\t\t<!-- SCHEDULE SHOW END ========================= -->\n\t\t\t\t\t\t\t\t\t\t\t\t\t<!-- SCHEDULE SHOW ========================= -->\n\t\t\t\t\t\t\t<div class=\"col s12 m4 l4\">\n\t\t\t\t\t\t\t\t<div class=\"qt-part-archive-item qt-part-show-schedule-day-item \">\n\t\t\t\t\t\t\t\t\t<div class=\"qt-item-header\">\n\t\t\t\t\t\t\t\t\t\t<div class=\"qt-header-mid qt-vc\">\n\t\t\t\t\t\t\t\t\t\t\t<div class=\"qt-vi\">\n\t\t\t\t\t\t\t\t\t\t\t\t<h4 class=\"qt-item-title qt-title qt-capfont\">\n\t\t\t\t\t\t\t\t\t\t\t\t\t<a href=\"https:\/\/fmnuestrasvoces.com.ar\/fmnv\/shows\/unmundodesensaciones\/\" class=\"qt-ellipsis  qt-t\">Un mundo de sensaciones<\/a>\n\t\t\t\t\t\t\t\t\t\t\t\t<\/h4>\n\t\t\t\t\t\t\t\t\t\t\t\t<p class=\"qt-item-det\">\n\t\t\t\t\t\t\t\t\t\t\t\t\t<span class=\"qt-time\">12:00<\/span><span class=\"qt-day qt-capfont\">Domingo<\/span>\n\t\t\t\t\t\t\t\t\t\t\t\t<\/p>\n\t\t\t\t\t\t\t\t\t\t\t<\/div>\n\t\t\t\t\t\t\t\t\t\t<\/div>\n\t\t\t\t\t\t\t\t\t\t<span class=\"qt-info bottom right\"><i class=\"dripicons-information\"><\/i><\/span>\n\n\t\t\t\t\t\t\t\t\t\t\t\t\t\t\t\t\t\t\t\t\t<div class=\"qt-header-bg\" data-bgimage=\"https:\/\/i0.wp.com\/fmnuestrasvoces.com.ar\/fmnv\/wp-content\/uploads\/2015\/03\/AhoradicenCOLOR.jpg?fit=1024%2C539&#038;ssl=1\">\n\t\t\t\t\t\t\t\t\t\t\t\t<img fetchpriority=\"high\" decoding=\"async\" width=\"690\" height=\"302\" src=\"https:\/\/i0.wp.com\/fmnuestrasvoces.com.ar\/fmnv\/wp-content\/uploads\/2015\/03\/AhoradicenCOLOR.jpg?resize=690%2C302&amp;ssl=1\" class=\"attachment-qantumthemes-medium size-qantumthemes-medium wp-post-image\" alt=\"\" srcset=\"https:\/\/i0.wp.com\/fmnuestrasvoces.com.ar\/fmnv\/wp-content\/uploads\/2015\/03\/AhoradicenCOLOR.jpg?resize=1600%2C700&amp;ssl=1 1600w, https:\/\/i0.wp.com\/fmnuestrasvoces.com.ar\/fmnv\/wp-content\/uploads\/2015\/03\/AhoradicenCOLOR.jpg?resize=1170%2C512&amp;ssl=1 1170w, https:\/\/i0.wp.com\/fmnuestrasvoces.com.ar\/fmnv\/wp-content\/uploads\/2015\/03\/AhoradicenCOLOR.jpg?resize=690%2C302&amp;ssl=1 690w, https:\/\/i0.wp.com\/fmnuestrasvoces.com.ar\/fmnv\/wp-content\/uploads\/2015\/03\/AhoradicenCOLOR.jpg?resize=100%2C44&amp;ssl=1 100w, https:\/\/i0.wp.com\/fmnuestrasvoces.com.ar\/fmnv\/wp-content\/uploads\/2015\/03\/AhoradicenCOLOR.jpg?zoom=2&amp;resize=690%2C302&amp;ssl=1 1380w\" sizes=\"(max-width: 690px) 100vw, 690px\" \/>\t\t\t\t\t\t\t\t\t\t\t<\/div>\n\t\t\t\t\t\t\t\t\t\t \t\t\t\t\t\t\t\t\t<\/div>\n\t\t\t\t\t\t\t\t\t<div class=\"qt-overinfo qt-paper\">\n\t\t\t\t\t\t\t\t\t\t<p class=\"qt-item-det qt-accent\">\n\t\t\t\t\t\t\t\t\t\t\t<span class=\"qt-time\">12:00<\/span><span class=\"qt-day qt-capfont\">Domingo<\/span>\n\t\t\t\t\t\t\t\t\t\t<\/p>\n\t\t\t\t\t\t\t\t\t\t<div class=\"qt-more\">\n\t\t\t\t\t\t\t\t\t\t\t<p class=\"qt-ellipsis-2\">Un Mundo de Sensaciones, programa de pol\u00edtica internacional con Federico V\u00e1zquez, Juan Manuel Karg, Leticia Mart\u00ednez y Juan Elman.<\/p>\n\t\t\t\t\t\t\t\t\t\t\t<a href=\"https:\/\/fmnuestrasvoces.com.ar\/fmnv\/shows\/unmundodesensaciones\/\">Ver M\u00e1s<\/a>\n\t\t\t\t\t\t\t\t\t\t<\/div>\n\t\t\t\t\t\t\t\t\t<\/div>\n\t\t\t\t\t\t\t\t<\/div>\n\t\t\t\t\t\t\t<\/div>\n\t\t\t\t\t\t\t<!-- SCHEDULE SHOW END ========================= -->\n\t\t\t\t\t\t\t\t\t\t\t\t\t<!-- SCHEDULE SHOW ========================= -->\n\t\t\t\t\t\t\t<div class=\"col s12 m4 l4\">\n\t\t\t\t\t\t\t\t<div class=\"qt-part-archive-item qt-part-show-schedule-day-item \">\n\t\t\t\t\t\t\t\t\t<div class=\"qt-item-header\">\n\t\t\t\t\t\t\t\t\t\t<div class=\"qt-header-mid qt-vc\">\n\t\t\t\t\t\t\t\t\t\t\t<div class=\"qt-vi\">\n\t\t\t\t\t\t\t\t\t\t\t\t<h4 class=\"qt-item-title qt-title qt-capfont\">\n\t\t\t\t\t\t\t\t\t\t\t\t\t<a href=\"https:\/\/fmnuestrasvoces.com.ar\/fmnv\/shows\/houseradioband\/\" class=\"qt-ellipsis  qt-t\">House Radio Band<\/a>\n\t\t\t\t\t\t\t\t\t\t\t\t<\/h4>\n\t\t\t\t\t\t\t\t\t\t\t\t<p class=\"qt-item-det\">\n\t\t\t\t\t\t\t\t\t\t\t\t\t<span class=\"qt-time\">19:00<\/span><span class=\"qt-day qt-capfont\">Domingo<\/span>\n\t\t\t\t\t\t\t\t\t\t\t\t<\/p>\n\t\t\t\t\t\t\t\t\t\t\t<\/div>\n\t\t\t\t\t\t\t\t\t\t<\/div>\n\t\t\t\t\t\t\t\t\t\t<span class=\"qt-info bottom right\"><i class=\"dripicons-information\"><\/i><\/span>\n\n\t\t\t\t\t\t\t\t\t\t\t\t\t\t\t\t\t\t\t\t\t<div class=\"qt-header-bg\" data-bgimage=\"https:\/\/i0.wp.com\/fmnuestrasvoces.com.ar\/fmnv\/wp-content\/uploads\/2024\/04\/HouseRadioBand.jpg?fit=1024%2C539&#038;ssl=1\">\n\t\t\t\t\t\t\t\t\t\t\t\t<img loading=\"lazy\" decoding=\"async\" width=\"690\" height=\"302\" src=\"https:\/\/i0.wp.com\/fmnuestrasvoces.com.ar\/fmnv\/wp-content\/uploads\/2024\/04\/HouseRadioBand.jpg?resize=690%2C302&amp;ssl=1\" class=\"attachment-qantumthemes-medium size-qantumthemes-medium wp-post-image\" alt=\"\" srcset=\"https:\/\/i0.wp.com\/fmnuestrasvoces.com.ar\/fmnv\/wp-content\/uploads\/2024\/04\/HouseRadioBand.jpg?resize=1600%2C700&amp;ssl=1 1600w, https:\/\/i0.wp.com\/fmnuestrasvoces.com.ar\/fmnv\/wp-content\/uploads\/2024\/04\/HouseRadioBand.jpg?resize=1170%2C512&amp;ssl=1 1170w, https:\/\/i0.wp.com\/fmnuestrasvoces.com.ar\/fmnv\/wp-content\/uploads\/2024\/04\/HouseRadioBand.jpg?resize=690%2C302&amp;ssl=1 690w, https:\/\/i0.wp.com\/fmnuestrasvoces.com.ar\/fmnv\/wp-content\/uploads\/2024\/04\/HouseRadioBand.jpg?resize=100%2C44&amp;ssl=1 100w, https:\/\/i0.wp.com\/fmnuestrasvoces.com.ar\/fmnv\/wp-content\/uploads\/2024\/04\/HouseRadioBand.jpg?zoom=2&amp;resize=690%2C302&amp;ssl=1 1380w\" sizes=\"(max-width: 690px) 100vw, 690px\" \/>\t\t\t\t\t\t\t\t\t\t\t<\/div>\n\t\t\t\t\t\t\t\t\t\t \t\t\t\t\t\t\t\t\t<\/div>\n\t\t\t\t\t\t\t\t\t<div class=\"qt-overinfo qt-paper\">\n\t\t\t\t\t\t\t\t\t\t<p class=\"qt-item-det qt-accent\">\n\t\t\t\t\t\t\t\t\t\t\t<span class=\"qt-time\">19:00<\/span><span class=\"qt-day qt-capfont\">Domingo<\/span>\n\t\t\t\t\t\t\t\t\t\t<\/p>\n\t\t\t\t\t\t\t\t\t\t<div class=\"qt-more\">\n\t\t\t\t\t\t\t\t\t\t\t<p class=\"qt-ellipsis-2\">24 a\u00f1os difundiendo la cultura electronica<\/p>\n\t\t\t\t\t\t\t\t\t\t\t<a href=\"https:\/\/fmnuestrasvoces.com.ar\/fmnv\/shows\/houseradioband\/\">Ver M\u00e1s<\/a>\n\t\t\t\t\t\t\t\t\t\t<\/div>\n\t\t\t\t\t\t\t\t\t<\/div>\n\t\t\t\t\t\t\t\t<\/div>\n\t\t\t\t\t\t\t<\/div>\n\t\t\t\t\t\t\t<!-- SCHEDULE SHOW END ========================= -->\n\t\t\t\t\t\t\t\t\t\t\t\t\t<!-- SCHEDULE SHOW ========================= -->\n\t\t\t\t\t\t\t<div class=\"col s12 m4 l4\">\n\t\t\t\t\t\t\t\t<div class=\"qt-part-archive-item qt-part-show-schedule-day-item \">\n\t\t\t\t\t\t\t\t\t<div class=\"qt-item-header\">\n\t\t\t\t\t\t\t\t\t\t<div class=\"qt-header-mid qt-vc\">\n\t\t\t\t\t\t\t\t\t\t\t<div class=\"qt-vi\">\n\t\t\t\t\t\t\t\t\t\t\t\t<h4 class=\"qt-item-title qt-title qt-capfont\">\n\t\t\t\t\t\t\t\t\t\t\t\t\t<a href=\"https:\/\/fmnuestrasvoces.com.ar\/fmnv\/shows\/inthemix\/\" class=\"qt-ellipsis  qt-t\">In the Mix<\/a>\n\t\t\t\t\t\t\t\t\t\t\t\t<\/h4>\n\t\t\t\t\t\t\t\t\t\t\t\t<p class=\"qt-item-det\">\n\t\t\t\t\t\t\t\t\t\t\t\t\t<span class=\"qt-time\">00:00<\/span><span class=\"qt-day qt-capfont\">Domingo<\/span>\n\t\t\t\t\t\t\t\t\t\t\t\t<\/p>\n\t\t\t\t\t\t\t\t\t\t\t<\/div>\n\t\t\t\t\t\t\t\t\t\t<\/div>\n\t\t\t\t\t\t\t\t\t\t<span class=\"qt-info bottom right\"><i class=\"dripicons-information\"><\/i><\/span>\n\n\t\t\t\t\t\t\t\t\t\t\t\t\t\t\t\t\t\t\t\t\t<div class=\"qt-header-bg\" data-bgimage=\"https:\/\/i0.wp.com\/fmnuestrasvoces.com.ar\/fmnv\/wp-content\/uploads\/2024\/04\/in-the-mix-1.jpg?fit=1024%2C539&#038;ssl=1\">\n\t\t\t\t\t\t\t\t\t\t\t\t<img loading=\"lazy\" decoding=\"async\" width=\"690\" height=\"302\" src=\"https:\/\/i0.wp.com\/fmnuestrasvoces.com.ar\/fmnv\/wp-content\/uploads\/2024\/04\/in-the-mix-1.jpg?resize=690%2C302&amp;ssl=1\" class=\"attachment-qantumthemes-medium size-qantumthemes-medium wp-post-image\" alt=\"\" srcset=\"https:\/\/i0.wp.com\/fmnuestrasvoces.com.ar\/fmnv\/wp-content\/uploads\/2024\/04\/in-the-mix-1.jpg?resize=1600%2C700&amp;ssl=1 1600w, https:\/\/i0.wp.com\/fmnuestrasvoces.com.ar\/fmnv\/wp-content\/uploads\/2024\/04\/in-the-mix-1.jpg?resize=1170%2C512&amp;ssl=1 1170w, https:\/\/i0.wp.com\/fmnuestrasvoces.com.ar\/fmnv\/wp-content\/uploads\/2024\/04\/in-the-mix-1.jpg?resize=690%2C302&amp;ssl=1 690w, https:\/\/i0.wp.com\/fmnuestrasvoces.com.ar\/fmnv\/wp-content\/uploads\/2024\/04\/in-the-mix-1.jpg?resize=100%2C44&amp;ssl=1 100w, https:\/\/i0.wp.com\/fmnuestrasvoces.com.ar\/fmnv\/wp-content\/uploads\/2024\/04\/in-the-mix-1.jpg?zoom=2&amp;resize=690%2C302&amp;ssl=1 1380w\" sizes=\"(max-width: 690px) 100vw, 690px\" \/>\t\t\t\t\t\t\t\t\t\t\t<\/div>\n\t\t\t\t\t\t\t\t\t\t \t\t\t\t\t\t\t\t\t<\/div>\n\t\t\t\t\t\t\t\t\t<div class=\"qt-overinfo qt-paper\">\n\t\t\t\t\t\t\t\t\t\t<p class=\"qt-item-det qt-accent\">\n\t\t\t\t\t\t\t\t\t\t\t<span class=\"qt-time\">00:00<\/span><span class=\"qt-day qt-capfont\">Domingo<\/span>\n\t\t\t\t\t\t\t\t\t\t<\/p>\n\t\t\t\t\t\t\t\t\t\t<div class=\"qt-more\">\n\t\t\t\t\t\t\t\t\t\t\t<p class=\"qt-ellipsis-2\">La mejor selecci\u00f3n de m\u00fasica enganchada de todos los tiempos por DJs nacionales e internacionales.<\/p>\n\t\t\t\t\t\t\t\t\t\t\t<a href=\"https:\/\/fmnuestrasvoces.com.ar\/fmnv\/shows\/inthemix\/\">Ver M\u00e1s<\/a>\n\t\t\t\t\t\t\t\t\t\t<\/div>\n\t\t\t\t\t\t\t\t\t<\/div>\n\t\t\t\t\t\t\t\t<\/div>\n\t\t\t\t\t\t\t<\/div>\n\t\t\t\t\t\t\t<!-- SCHEDULE SHOW END ========================= -->\n\t\t\t\t\t\t<\/div>\n<!-- SCHEDULE DAY END ================================================== -->\t\t\t<\/div>\n\t\t<\/div>\n<!-- SCHEDULE END ================================================== -->\n\t\t\t\t<\/div>\n\t\t\t\t<\/div>\n\t\t\t\t\t<\/div>\n\t\t<\/div>\n\t\t\t\t\t<\/div>\n\t\t<\/section>\n\t\t\t\t<\/div>\n\t\t","protected":false},"excerpt":{"rendered":"<p>PROGRAMACI\u00d3N Lunes Martes Mi\u00e9rcoles Jueves Viernes S\u00e1bado Domingo Escoge un d\u00eda LunesMartesMi\u00e9rcolesJuevesViernesS\u00e1badoDomingo Ahora Dicen 7:00amLunes 7:00amLunes Madruga para que nadie te madrugue #AhoraDicen La primera ma\u00f1ana de Futurock.fm conducen Flor Halfon y Nico Fiorentino. Ver M\u00e1s Tripulantes de la Ma\u00f1ana 8:00amLunes 8:00amLunes For every Show page the timetable is auomatically generated from the schedule, and [&hellip;]<\/p>\n","protected":false},"author":2,"featured_media":0,"parent":0,"menu_order":0,"comment_status":"closed","ping_status":"closed","template":"page-elementor.php","meta":{"footnotes":""},"class_list":["post-2433","page","type-page","status-publish","hentry"],"yoast_head":"<!-- This site is optimized with the Yoast SEO plugin v25.6 - https:\/\/yoast.com\/wordpress\/plugins\/seo\/ -->\n<title>Programaci\u00f3n - FM Nuestras Voces<\/title>\n<meta name=\"robots\" content=\"index, follow, max-snippet:-1, max-image-preview:large, max-video-preview:-1\" \/>\n<link rel=\"canonical\" href=\"https:\/\/fmnuestrasvoces.com.ar\/fmnv\/programacion\/\" \/>\n<meta property=\"og:locale\" content=\"es_ES\" \/>\n<meta property=\"og:type\" content=\"article\" \/>\n<meta property=\"og:title\" content=\"Programaci\u00f3n - FM Nuestras Voces\" \/>\n<meta property=\"og:description\" content=\"PROGRAMACI\u00d3N Lunes Martes Mi\u00e9rcoles Jueves Viernes S\u00e1bado Domingo Escoge un d\u00eda LunesMartesMi\u00e9rcolesJuevesViernesS\u00e1badoDomingo Ahora Dicen 7:00amLunes 7:00amLunes Madruga para que nadie te madrugue #AhoraDicen La primera ma\u00f1ana de Futurock.fm conducen Flor Halfon y Nico Fiorentino. Ver M\u00e1s Tripulantes de la Ma\u00f1ana 8:00amLunes 8:00amLunes For every Show page the timetable is auomatically generated from the schedule, and [&hellip;]\" \/>\n<meta property=\"og:url\" content=\"https:\/\/fmnuestrasvoces.com.ar\/fmnv\/programacion\/\" \/>\n<meta property=\"og:site_name\" content=\"FM Nuestras Voces\" \/>\n<meta property=\"article:modified_time\" content=\"2024-04-08T11:46:25+00:00\" \/>\n<meta property=\"og:image\" content=\"https:\/\/fmnuestrasvoces.com.ar\/fmnv\/wp-content\/uploads\/2015\/03\/Ahora-dicen-690x302.jpg\" \/>\n<meta name=\"twitter:card\" content=\"summary_large_image\" \/>\n<meta name=\"twitter:label1\" content=\"Tiempo de lectura\" \/>\n\t<meta name=\"twitter:data1\" content=\"11 minutos\" \/>\n<script type=\"application\/ld+json\" class=\"yoast-schema-graph\">{\"@context\":\"https:\/\/schema.org\",\"@graph\":[{\"@type\":\"WebPage\",\"@id\":\"https:\/\/fmnuestrasvoces.com.ar\/fmnv\/programacion\/\",\"url\":\"https:\/\/fmnuestrasvoces.com.ar\/fmnv\/programacion\/\",\"name\":\"Programaci\u00f3n - FM Nuestras Voces\",\"isPartOf\":{\"@id\":\"https:\/\/fmnuestrasvoces.com.ar\/fmnv\/#website\"},\"primaryImageOfPage\":{\"@id\":\"https:\/\/fmnuestrasvoces.com.ar\/fmnv\/programacion\/#primaryimage\"},\"image\":{\"@id\":\"https:\/\/fmnuestrasvoces.com.ar\/fmnv\/programacion\/#primaryimage\"},\"thumbnailUrl\":\"https:\/\/fmnuestrasvoces.com.ar\/fmnv\/wp-content\/uploads\/2015\/03\/Ahora-dicen-690x302.jpg\",\"datePublished\":\"2015-05-02T15:27:50+00:00\",\"dateModified\":\"2024-04-08T11:46:25+00:00\",\"breadcrumb\":{\"@id\":\"https:\/\/fmnuestrasvoces.com.ar\/fmnv\/programacion\/#breadcrumb\"},\"inLanguage\":\"es\",\"potentialAction\":[{\"@type\":\"ReadAction\",\"target\":[\"https:\/\/fmnuestrasvoces.com.ar\/fmnv\/programacion\/\"]}]},{\"@type\":\"ImageObject\",\"inLanguage\":\"es\",\"@id\":\"https:\/\/fmnuestrasvoces.com.ar\/fmnv\/programacion\/#primaryimage\",\"url\":\"https:\/\/i0.wp.com\/fmnuestrasvoces.com.ar\/fmnv\/wp-content\/uploads\/2015\/03\/Ahora-dicen.jpg?fit=1800%2C947&ssl=1\",\"contentUrl\":\"https:\/\/i0.wp.com\/fmnuestrasvoces.com.ar\/fmnv\/wp-content\/uploads\/2015\/03\/Ahora-dicen.jpg?fit=1800%2C947&ssl=1\",\"width\":1800,\"height\":947},{\"@type\":\"BreadcrumbList\",\"@id\":\"https:\/\/fmnuestrasvoces.com.ar\/fmnv\/programacion\/#breadcrumb\",\"itemListElement\":[{\"@type\":\"ListItem\",\"position\":1,\"name\":\"Portada\",\"item\":\"https:\/\/fmnuestrasvoces.com.ar\/fmnv\/\"},{\"@type\":\"ListItem\",\"position\":2,\"name\":\"Programaci\u00f3n\"}]},{\"@type\":\"WebSite\",\"@id\":\"https:\/\/fmnuestrasvoces.com.ar\/fmnv\/#website\",\"url\":\"https:\/\/fmnuestrasvoces.com.ar\/fmnv\/\",\"name\":\"FM Nuestras Voces\",\"description\":\"La radio comunitaria de Tierra del Fuego, Ant\u00e1rtida e Islas del Atl\u00e1ntico Sur\",\"publisher\":{\"@id\":\"https:\/\/fmnuestrasvoces.com.ar\/fmnv\/#organization\"},\"potentialAction\":[{\"@type\":\"SearchAction\",\"target\":{\"@type\":\"EntryPoint\",\"urlTemplate\":\"https:\/\/fmnuestrasvoces.com.ar\/fmnv\/?s={search_term_string}\"},\"query-input\":{\"@type\":\"PropertyValueSpecification\",\"valueRequired\":true,\"valueName\":\"search_term_string\"}}],\"inLanguage\":\"es\"},{\"@type\":\"Organization\",\"@id\":\"https:\/\/fmnuestrasvoces.com.ar\/fmnv\/#organization\",\"name\":\"FM Nuestras Voces\",\"url\":\"https:\/\/fmnuestrasvoces.com.ar\/fmnv\/\",\"logo\":{\"@type\":\"ImageObject\",\"inLanguage\":\"es\",\"@id\":\"https:\/\/fmnuestrasvoces.com.ar\/fmnv\/#\/schema\/logo\/image\/\",\"url\":\"https:\/\/fmnuestrasvoces.com.ar\/fmnv\/wp-content\/uploads\/2024\/02\/Logo-1.svg\",\"contentUrl\":\"https:\/\/fmnuestrasvoces.com.ar\/fmnv\/wp-content\/uploads\/2024\/02\/Logo-1.svg\",\"width\":864,\"height\":268,\"caption\":\"FM Nuestras Voces\"},\"image\":{\"@id\":\"https:\/\/fmnuestrasvoces.com.ar\/fmnv\/#\/schema\/logo\/image\/\"}}]}<\/script>\n<!-- \/ Yoast SEO plugin. -->","yoast_head_json":{"title":"Programaci\u00f3n - FM Nuestras Voces","robots":{"index":"index","follow":"follow","max-snippet":"max-snippet:-1","max-image-preview":"max-image-preview:large","max-video-preview":"max-video-preview:-1"},"canonical":"https:\/\/fmnuestrasvoces.com.ar\/fmnv\/programacion\/","og_locale":"es_ES","og_type":"article","og_title":"Programaci\u00f3n - FM Nuestras Voces","og_description":"PROGRAMACI\u00d3N Lunes Martes Mi\u00e9rcoles Jueves Viernes S\u00e1bado Domingo Escoge un d\u00eda LunesMartesMi\u00e9rcolesJuevesViernesS\u00e1badoDomingo Ahora Dicen 7:00amLunes 7:00amLunes Madruga para que nadie te madrugue #AhoraDicen La primera ma\u00f1ana de Futurock.fm conducen Flor Halfon y Nico Fiorentino. Ver M\u00e1s Tripulantes de la Ma\u00f1ana 8:00amLunes 8:00amLunes For every Show page the timetable is auomatically generated from the schedule, and [&hellip;]","og_url":"https:\/\/fmnuestrasvoces.com.ar\/fmnv\/programacion\/","og_site_name":"FM Nuestras Voces","article_modified_time":"2024-04-08T11:46:25+00:00","og_image":[{"url":"https:\/\/fmnuestrasvoces.com.ar\/fmnv\/wp-content\/uploads\/2015\/03\/Ahora-dicen-690x302.jpg","type":"","width":"","height":""}],"twitter_card":"summary_large_image","twitter_misc":{"Tiempo de lectura":"11 minutos"},"schema":{"@context":"https:\/\/schema.org","@graph":[{"@type":"WebPage","@id":"https:\/\/fmnuestrasvoces.com.ar\/fmnv\/programacion\/","url":"https:\/\/fmnuestrasvoces.com.ar\/fmnv\/programacion\/","name":"Programaci\u00f3n - FM Nuestras Voces","isPartOf":{"@id":"https:\/\/fmnuestrasvoces.com.ar\/fmnv\/#website"},"primaryImageOfPage":{"@id":"https:\/\/fmnuestrasvoces.com.ar\/fmnv\/programacion\/#primaryimage"},"image":{"@id":"https:\/\/fmnuestrasvoces.com.ar\/fmnv\/programacion\/#primaryimage"},"thumbnailUrl":"https:\/\/fmnuestrasvoces.com.ar\/fmnv\/wp-content\/uploads\/2015\/03\/Ahora-dicen-690x302.jpg","datePublished":"2015-05-02T15:27:50+00:00","dateModified":"2024-04-08T11:46:25+00:00","breadcrumb":{"@id":"https:\/\/fmnuestrasvoces.com.ar\/fmnv\/programacion\/#breadcrumb"},"inLanguage":"es","potentialAction":[{"@type":"ReadAction","target":["https:\/\/fmnuestrasvoces.com.ar\/fmnv\/programacion\/"]}]},{"@type":"ImageObject","inLanguage":"es","@id":"https:\/\/fmnuestrasvoces.com.ar\/fmnv\/programacion\/#primaryimage","url":"https:\/\/i0.wp.com\/fmnuestrasvoces.com.ar\/fmnv\/wp-content\/uploads\/2015\/03\/Ahora-dicen.jpg?fit=1800%2C947&ssl=1","contentUrl":"https:\/\/i0.wp.com\/fmnuestrasvoces.com.ar\/fmnv\/wp-content\/uploads\/2015\/03\/Ahora-dicen.jpg?fit=1800%2C947&ssl=1","width":1800,"height":947},{"@type":"BreadcrumbList","@id":"https:\/\/fmnuestrasvoces.com.ar\/fmnv\/programacion\/#breadcrumb","itemListElement":[{"@type":"ListItem","position":1,"name":"Portada","item":"https:\/\/fmnuestrasvoces.com.ar\/fmnv\/"},{"@type":"ListItem","position":2,"name":"Programaci\u00f3n"}]},{"@type":"WebSite","@id":"https:\/\/fmnuestrasvoces.com.ar\/fmnv\/#website","url":"https:\/\/fmnuestrasvoces.com.ar\/fmnv\/","name":"FM Nuestras Voces","description":"La radio comunitaria de Tierra del Fuego, Ant\u00e1rtida e Islas del Atl\u00e1ntico Sur","publisher":{"@id":"https:\/\/fmnuestrasvoces.com.ar\/fmnv\/#organization"},"potentialAction":[{"@type":"SearchAction","target":{"@type":"EntryPoint","urlTemplate":"https:\/\/fmnuestrasvoces.com.ar\/fmnv\/?s={search_term_string}"},"query-input":{"@type":"PropertyValueSpecification","valueRequired":true,"valueName":"search_term_string"}}],"inLanguage":"es"},{"@type":"Organization","@id":"https:\/\/fmnuestrasvoces.com.ar\/fmnv\/#organization","name":"FM Nuestras Voces","url":"https:\/\/fmnuestrasvoces.com.ar\/fmnv\/","logo":{"@type":"ImageObject","inLanguage":"es","@id":"https:\/\/fmnuestrasvoces.com.ar\/fmnv\/#\/schema\/logo\/image\/","url":"https:\/\/fmnuestrasvoces.com.ar\/fmnv\/wp-content\/uploads\/2024\/02\/Logo-1.svg","contentUrl":"https:\/\/fmnuestrasvoces.com.ar\/fmnv\/wp-content\/uploads\/2024\/02\/Logo-1.svg","width":864,"height":268,"caption":"FM Nuestras Voces"},"image":{"@id":"https:\/\/fmnuestrasvoces.com.ar\/fmnv\/#\/schema\/logo\/image\/"}}]}},"jetpack_shortlink":"https:\/\/wp.me\/Pfy0zr-Df","jetpack_sharing_enabled":true,"_links":{"self":[{"href":"https:\/\/fmnuestrasvoces.com.ar\/fmnv\/wp-json\/wp\/v2\/pages\/2433","targetHints":{"allow":["GET"]}}],"collection":[{"href":"https:\/\/fmnuestrasvoces.com.ar\/fmnv\/wp-json\/wp\/v2\/pages"}],"about":[{"href":"https:\/\/fmnuestrasvoces.com.ar\/fmnv\/wp-json\/wp\/v2\/types\/page"}],"author":[{"embeddable":true,"href":"https:\/\/fmnuestrasvoces.com.ar\/fmnv\/wp-json\/wp\/v2\/users\/2"}],"replies":[{"embeddable":true,"href":"https:\/\/fmnuestrasvoces.com.ar\/fmnv\/wp-json\/wp\/v2\/comments?post=2433"}],"version-history":[{"count":14,"href":"https:\/\/fmnuestrasvoces.com.ar\/fmnv\/wp-json\/wp\/v2\/pages\/2433\/revisions"}],"predecessor-version":[{"id":4907,"href":"https:\/\/fmnuestrasvoces.com.ar\/fmnv\/wp-json\/wp\/v2\/pages\/2433\/revisions\/4907"}],"wp:attachment":[{"href":"https:\/\/fmnuestrasvoces.com.ar\/fmnv\/wp-json\/wp\/v2\/media?parent=2433"}],"curies":[{"name":"wp","href":"https:\/\/api.w.org\/{rel}","templated":true}]}}